{"id":987521850,"date":"2024-01-16T14:45:07","date_gmt":"2024-01-16T13:45:07","guid":{"rendered":"https:\/\/www.auctavia.fr\/aucta21\/?page_id=987521850"},"modified":"2024-05-06T11:33:22","modified_gmt":"2024-05-06T09:33:22","slug":"projet-culturel-de-territoire","status":"publish","type":"page","link":"https:\/\/www.auctavia.fr\/aucta21\/envie-de\/culture\/projet-culturel-de-territoire\/","title":{"rendered":"Projet culturel de territoire"},"content":{"rendered":"<p>[et_pb_section fb_built=\u00a0\u00bb1&Prime; module_class=\u00a0\u00bbpa-custom-background-mask-1 margin\u00a0\u00bb _builder_version=\u00a0\u00bb4.24.0&Prime; _module_preset=\u00a0\u00bbdefault\u00a0\u00bb use_background_color_gradient=\u00a0\u00bbon\u00a0\u00bb background_color_gradient_direction=\u00a0\u00bb90deg\u00a0\u00bb background_color_gradient_stops=\u00a0\u00bbrgba(0,0,0,0.75) 0%|rgba(255,255,255,0) 75%\u00a0\u00bb background_color_gradient_overlays_image=\u00a0\u00bbon\u00a0\u00bb background_image=\u00a0\u00bbhttps:\/\/www.auctavia.fr\/aucta21\/wp-content\/uploads\/2024\/03\/DSC4607-Grand.jpg\u00a0\u00bb background_enable_mask_style=\u00a0\u00bbon\u00a0\u00bb background_mask_size=\u00a0\u00bbcustom\u00a0\u00bb background_mask_position=\u00a0\u00bbcenter_right\u00a0\u00bb min_height=\u00a0\u00bb768px\u00a0\u00bb custom_margin=\u00a0\u00bb0px||0px||true|false\u00a0\u00bb custom_padding=\u00a0\u00bb0px||0px||true|false\u00a0\u00bb custom_css_main_element=\u00a0\u00bbmargin-top:0px !important;\u00a0\u00bb global_colors_info=\u00a0\u00bb{}\u00a0\u00bb][et_pb_row _builder_version=\u00a0\u00bb4.24.0&Prime; _module_preset=\u00a0\u00bbdefault\u00a0\u00bb module_alignment=\u00a0\u00bbcenter\u00a0\u00bb custom_margin=\u00a0\u00bb||||false|false\u00a0\u00bb custom_padding=\u00a0\u00bb0px|0px|0px|0px|true|true\u00a0\u00bb global_colors_info=\u00a0\u00bb{}\u00a0\u00bb][et_pb_column type=\u00a0\u00bb4_4&Prime; _builder_version=\u00a0\u00bb4.24.0&Prime; _module_preset=\u00a0\u00bbdefault\u00a0\u00bb global_colors_info=\u00a0\u00bb{}\u00a0\u00bb][et_pb_text admin_label=\u00a0\u00bbTitre de la page H1&Prime; _builder_version=\u00a0\u00bb4.24.0&Prime; _module_preset=\u00a0\u00bbdefault\u00a0\u00bb width=\u00a0\u00bb550px\u00a0\u00bb width_tablet=\u00a0\u00bbauto\u00a0\u00bb width_phone=\u00a0\u00bbauto\u00a0\u00bb width_last_edited=\u00a0\u00bbon|phone\u00a0\u00bb max_width=\u00a0\u00bb100%\u00a0\u00bb max_width_tablet=\u00a0\u00bb100%\u00a0\u00bb max_width_phone=\u00a0\u00bb100%\u00a0\u00bb max_width_last_edited=\u00a0\u00bbon|tablet\u00a0\u00bb custom_margin=\u00a0\u00bb300px||0px|0px|false|false\u00a0\u00bb custom_margin_tablet=\u00a0\u00bb|||40px|false|false\u00a0\u00bb custom_margin_phone=\u00a0\u00bb|||40px|false|false\u00a0\u00bb custom_margin_last_edited=\u00a0\u00bbon|phone\u00a0\u00bb custom_padding=\u00a0\u00bb0px||0px||true|false\u00a0\u00bb global_colors_info=\u00a0\u00bb{}\u00a0\u00bb]<\/p>\n<h1><strong>Projet culturel de territoire<\/strong><\/h1>\n<p>[\/et_pb_text][et_pb_text admin_label=\u00a0\u00bbChapo introductif\u00a0\u00bb module_class=\u00a0\u00bbdescription\u00a0\u00bb _builder_version=\u00a0\u00bb4.24.0&Prime; _module_preset=\u00a0\u00bbdefault\u00a0\u00bb text_font=\u00a0\u00bb||||||||\u00a0\u00bb text_text_color=\u00a0\u00bb#FFFFFF\u00a0\u00bb width=\u00a0\u00bb588px\u00a0\u00bb width_tablet=\u00a0\u00bbauto\u00a0\u00bb width_phone=\u00a0\u00bbauto\u00a0\u00bb width_last_edited=\u00a0\u00bbon|phone\u00a0\u00bb max_width=\u00a0\u00bb100%\u00a0\u00bb max_width_tablet=\u00a0\u00bb100%\u00a0\u00bb max_width_phone=\u00a0\u00bb100%\u00a0\u00bb max_width_last_edited=\u00a0\u00bbon|tablet\u00a0\u00bb custom_margin=\u00a0\u00bb0px||0px|0px|true|false\u00a0\u00bb custom_margin_tablet=\u00a0\u00bb|||40px|true|false\u00a0\u00bb custom_margin_phone=\u00a0\u00bb|||40px|true|false\u00a0\u00bb custom_margin_last_edited=\u00a0\u00bbon|phone\u00a0\u00bb custom_padding=\u00a0\u00bb0px||0px||true|false\u00a0\u00bb global_colors_info=\u00a0\u00bb{}\u00a0\u00bb][\/et_pb_text][\/et_pb_column][\/et_pb_row][\/et_pb_section][et_pb_section fb_built=\u00a0\u00bb1&Prime; _builder_version=\u00a0\u00bb4.25.0&Prime; background_color=\u00a0\u00bbrgba(239,245,203,0.47)\u00a0\u00bb background_enable_color=\u00a0\u00bboff\u00a0\u00bb custom_margin=\u00a0\u00bb0px||0px||false|false\u00a0\u00bb custom_padding=\u00a0\u00bb0px||0px||false|false\u00a0\u00bb saved_tabs=\u00a0\u00bball\u00a0\u00bb global_colors_info=\u00a0\u00bb{}\u00a0\u00bb global_module=\u00a0\u00bb987527892&Prime; theme_builder_area=\u00a0\u00bbpost_content\u00a0\u00bb][et_pb_row _builder_version=\u00a0\u00bb4.24.0&Prime; width=\u00a0\u00bb75%\u00a0\u00bb width_tablet=\u00a0\u00bb75%\u00a0\u00bb width_phone=\u00a0\u00bb100%\u00a0\u00bb width_last_edited=\u00a0\u00bbon|phone\u00a0\u00bb custom_margin=\u00a0\u00bb-50px||0px||false|false\u00a0\u00bb custom_margin_tablet=\u00a0\u00bb-30px||||false|false\u00a0\u00bb custom_margin_phone=\u00a0\u00bb-32px||||false|false\u00a0\u00bb custom_margin_last_edited=\u00a0\u00bbon|tablet\u00a0\u00bb custom_padding=\u00a0\u00bb0px||0px||false|false\u00a0\u00bb global_colors_info=\u00a0\u00bb{}\u00a0\u00bb theme_builder_area=\u00a0\u00bbpost_content\u00a0\u00bb][et_pb_column type=\u00a0\u00bb4_4&Prime; _builder_version=\u00a0\u00bb4.24.0&Prime; _module_preset=\u00a0\u00bbdefault\u00a0\u00bb global_colors_info=\u00a0\u00bb{}\u00a0\u00bb theme_builder_area=\u00a0\u00bbpost_content\u00a0\u00bb][et_pb_text module_class=\u00a0\u00bbauctariane\u00a0\u00bb _builder_version=\u00a0\u00bb4.24.0&Prime; _module_preset=\u00a0\u00bbdefault\u00a0\u00bb global_colors_info=\u00a0\u00bb{}\u00a0\u00bb theme_builder_area=\u00a0\u00bbpost_content\u00a0\u00bb]<\/p>\n<p style=\"font-size: 20px; font-weight: 300!important;\">[wpseo_breadcrumb]<\/p>\n<p>[\/et_pb_text][\/et_pb_column][\/et_pb_row][\/et_pb_section][et_pb_section fb_built=\u00a0\u00bb1&Prime; _builder_version=\u00a0\u00bb4.24.0&Prime; _module_preset=\u00a0\u00bbdefault\u00a0\u00bb background_enable_color=\u00a0\u00bboff\u00a0\u00bb global_colors_info=\u00a0\u00bb{%22gcid-a4870473-0ec3-40e3-b68b-386afbb8d1b5%22:%91%22background_color%22%93}\u00a0\u00bb][et_pb_row _builder_version=\u00a0\u00bb4.24.0&Prime; _module_preset=\u00a0\u00bbdefault\u00a0\u00bb width=\u00a0\u00bb75%\u00a0\u00bb width_tablet=\u00a0\u00bb75%\u00a0\u00bb width_phone=\u00a0\u00bb100%\u00a0\u00bb width_last_edited=\u00a0\u00bbon|phone\u00a0\u00bb custom_margin=\u00a0\u00bb40px||||false|false\u00a0\u00bb global_colors_info=\u00a0\u00bb{}\u00a0\u00bb][et_pb_column type=\u00a0\u00bb4_4&Prime; _builder_version=\u00a0\u00bb4.24.0&Prime; _module_preset=\u00a0\u00bbdefault\u00a0\u00bb global_colors_info=\u00a0\u00bb{}\u00a0\u00bb][et_pb_text admin_label=\u00a0\u00bbTitre H2&Prime; _builder_version=\u00a0\u00bb4.24.0&Prime; _module_preset=\u00a0\u00bbdefault\u00a0\u00bb text_font=\u00a0\u00bb||||||||\u00a0\u00bb header_font=\u00a0\u00bb||||||||\u00a0\u00bb header_text_color=\u00a0\u00bbgcid-a9d8e14e-2f78-408a-a83c-506939196b52&Prime; custom_margin=\u00a0\u00bb0px||0px||false|false\u00a0\u00bb custom_padding=\u00a0\u00bb0px||0px||true|false\u00a0\u00bb global_colors_info=\u00a0\u00bb{%22gcid-a9d8e14e-2f78-408a-a83c-506939196b52%22:%91%22header_text_color%22%93}\u00a0\u00bb]<\/p>\n<h2><strong>Une programmation ambitieuse<br \/><\/strong><\/h2>\n<p>[\/et_pb_text][\/et_pb_column][\/et_pb_row][et_pb_row column_structure=\u00a0\u00bb1_2,1_2&Prime; _builder_version=\u00a0\u00bb4.24.0&Prime; _module_preset=\u00a0\u00bbdefault\u00a0\u00bb width=\u00a0\u00bb75%\u00a0\u00bb width_tablet=\u00a0\u00bb75%\u00a0\u00bb width_phone=\u00a0\u00bb100%\u00a0\u00bb width_last_edited=\u00a0\u00bbon|phone\u00a0\u00bb custom_margin=\u00a0\u00bb40px||||false|false\u00a0\u00bb global_colors_info=\u00a0\u00bb{}\u00a0\u00bb][et_pb_column type=\u00a0\u00bb1_2&Prime; _builder_version=\u00a0\u00bb4.24.0&Prime; _module_preset=\u00a0\u00bbdefault\u00a0\u00bb global_colors_info=\u00a0\u00bb{}\u00a0\u00bb][et_pb_image src=\u00a0\u00bbhttps:\/\/www.auctavia.fr\/aucta21\/wp-content\/uploads\/2024\/03\/DSC4614-Moyen.jpg\u00a0\u00bb alt=\u00a0\u00bbFille assise qui regarde une couronne\u00a0\u00bb module_class=\u00a0\u00bbzoom-in\u00a0\u00bb _builder_version=\u00a0\u00bb4.24.0&Prime; _module_preset=\u00a0\u00bbdefault\u00a0\u00bb custom_margin=\u00a0\u00bb||0px||false|false\u00a0\u00bb global_colors_info=\u00a0\u00bb{}\u00a0\u00bb][\/et_pb_image][et_pb_text _builder_version=\u00a0\u00bb4.24.0&Prime; _module_preset=\u00a0\u00bbdefault\u00a0\u00bb custom_margin=\u00a0\u00bb0px||0px||false|false\u00a0\u00bb global_colors_info=\u00a0\u00bb{}\u00a0\u00bb]<\/p>\n<p><em>\u00a9 Gr\u00e9gory Massat pour Cadence<\/em><\/p>\n<p>[\/et_pb_text][\/et_pb_column][et_pb_column type=\u00a0\u00bb1_2&Prime; _builder_version=\u00a0\u00bb4.24.0&Prime; _module_preset=\u00a0\u00bbdefault\u00a0\u00bb global_colors_info=\u00a0\u00bb{}\u00a0\u00bb][et_pb_text _builder_version=\u00a0\u00bb4.24.0&Prime; _module_preset=\u00a0\u00bbdefault\u00a0\u00bb global_colors_info=\u00a0\u00bb{}\u00a0\u00bb]<\/p>\n<p>La <strong>programmation culturelle<\/strong> dans les territoires ruraux joue un r\u00f4le cl\u00e9 dans le d\u00e9veloppement global de la communaut\u00e9, en apportant des b\u00e9n\u00e9fices culturels, sociaux, \u00e9ducatifs et \u00e9conomiques.\u00a0L\u2019objectif est de <strong>favoriser l&rsquo;acc\u00e8s \u00e0 la culture<\/strong>, <strong>l&rsquo;expression artistique<\/strong> et la <strong>cr\u00e9ativit\u00e9<\/strong> des habitants du territoire.\u00a0<\/p>\n<p>Elle contribue \u00e0 cr\u00e9er un environnement dynamique, stimulant et inclusif qui renforce aussi bien l&rsquo;identit\u00e9 locale que le bien-\u00eatre des habitants. La d\u00e9marche repose sur le socle fix\u00e9 par le projet culturel de territoire et s\u2019inscrit dans un <strong>objectif de d\u00e9veloppement p\u00e9renne<\/strong> de la volont\u00e9 politique de nos \u00e9lus.\u00a0\u00a0<\/p>\n<p>[\/et_pb_text][\/et_pb_column][\/et_pb_row][et_pb_row column_structure=\u00a0\u00bb1_2,1_2&Prime; _builder_version=\u00a0\u00bb4.24.0&Prime; _module_preset=\u00a0\u00bbdefault\u00a0\u00bb custom_margin=\u00a0\u00bb40px||||false|false\u00a0\u00bb global_colors_info=\u00a0\u00bb{}\u00a0\u00bb body_ul_font_size_tablet=\u00a0\u00bb18px\u00a0\u00bb body_ul_font_size_phone=\u00a0\u00bb16px\u00a0\u00bb body_ul_font_size_last_edited=\u00a0\u00bbon|phone\u00a0\u00bb][et_pb_column type=\u00a0\u00bb1_2&Prime; _builder_version=\u00a0\u00bb4.24.0&Prime; _module_preset=\u00a0\u00bbdefault\u00a0\u00bb global_colors_info=\u00a0\u00bb{}\u00a0\u00bb][et_pb_toggle title=\u00a0\u00bbAccessibilit\u00e9 culturelle\u00a0\u00bb toggle_icon=\u00a0\u00bb&#x4c;||divi||400&Prime; open_icon_color=\u00a0\u00bb#FFFFFF\u00a0\u00bb open_toggle_icon=\u00a0\u00bb&#x4b;||divi||400&Prime; admin_label=\u00a0\u00bbTitre onglet \u00a0\u00bb _builder_version=\u00a0\u00bb4.24.0&Prime; _module_preset=\u00a0\u00bbdefault\u00a0\u00bb title_level=\u00a0\u00bbh4&Prime; body_ul_font_size=\u00a0\u00bb18px\u00a0\u00bb body_ul_font_size_tablet=\u00a0\u00bb18px\u00a0\u00bb body_ul_font_size_phone=\u00a0\u00bb16px\u00a0\u00bb body_ul_font_size_last_edited=\u00a0\u00bbon|phone\u00a0\u00bb global_colors_info=\u00a0\u00bb{}\u00a0\u00bb]<\/p>\n<p>Permettre aux enfants et aux jeunes habitant en milieu rural d&rsquo;avoir acc\u00e8s \u00e0 des spectacles vivants et \u00e0 des activit\u00e9s artistiques qu&rsquo;ils ne c\u00f4toient pas ou peu dans leur environnement quotidien.\u00a0<\/p>\n<p>[\/et_pb_toggle][et_pb_toggle title=\u00a0\u00bbRenforcement du lien social\u00a0\u00bb toggle_icon=\u00a0\u00bb&#x4c;||divi||400&Prime; open_icon_color=\u00a0\u00bb#FFFFFF\u00a0\u00bb open_toggle_icon=\u00a0\u00bb&#x4b;||divi||400&Prime; admin_label=\u00a0\u00bbTitre onglet \u00a0\u00bb _builder_version=\u00a0\u00bb4.24.0&Prime; _module_preset=\u00a0\u00bbdefault\u00a0\u00bb title_level=\u00a0\u00bbh4&Prime; body_ul_font_size=\u00a0\u00bb18px\u00a0\u00bb body_ul_font_size_tablet=\u00a0\u00bb18px\u00a0\u00bb body_ul_font_size_phone=\u00a0\u00bb16px\u00a0\u00bb body_ul_font_size_last_edited=\u00a0\u00bbon|phone\u00a0\u00bb global_colors_info=\u00a0\u00bb{}\u00a0\u00bb]<\/p>\n<p>Favoriser la cr\u00e9ation de liens entre les habitants de la communaut\u00e9 en cr\u00e9ant des occasions de rencontres et d&rsquo;\u00e9changes lors des \u00e9v\u00e9nements culturels et des ateliers.\u00a0\u00a0<\/p>\n<p>[\/et_pb_toggle][et_pb_toggle title=\u00a0\u00bbDynamisation du territoire \u00a0\u00bb toggle_icon=\u00a0\u00bb&#x4c;||divi||400&Prime; open_icon_color=\u00a0\u00bb#FFFFFF\u00a0\u00bb open_toggle_icon=\u00a0\u00bb&#x4b;||divi||400&Prime; admin_label=\u00a0\u00bbTitre onglet \u00a0\u00bb _builder_version=\u00a0\u00bb4.24.0&Prime; _module_preset=\u00a0\u00bbdefault\u00a0\u00bb title_level=\u00a0\u00bbh4&Prime; body_ul_font_size=\u00a0\u00bb18px\u00a0\u00bb body_ul_font_size_tablet=\u00a0\u00bb18px\u00a0\u00bb body_ul_font_size_phone=\u00a0\u00bb16px\u00a0\u00bb body_ul_font_size_last_edited=\u00a0\u00bbon|phone\u00a0\u00bb global_colors_info=\u00a0\u00bb{}\u00a0\u00bb]<\/p>\n<p>Contribuer au dynamisme culturel et social du territoire rural en proposant des \u00e9v\u00e9nements et des activit\u00e9s attractives qui peuvent \u00e9galement attirer un public ext\u00e9rieur, stimulant ainsi l&rsquo;\u00e9conomie locale.\u00a0<\/p>\n<p>[\/et_pb_toggle][et_pb_toggle title=\u00a0\u00bbSoutien aux artistes locaux\u00a0\u00bb icon_color=\u00a0\u00bb#FFFFFF\u00a0\u00bb open_icon_color=\u00a0\u00bb#FFFFFF\u00a0\u00bb admin_label=\u00a0\u00bbTitre onglet \u00a0\u00bb _builder_version=\u00a0\u00bb4.24.0&Prime; _module_preset=\u00a0\u00bbdefault\u00a0\u00bb title_level=\u00a0\u00bbh3&Prime; global_colors_info=\u00a0\u00bb{}\u00a0\u00bb]<\/p>\n<p>Donner l&rsquo;opportunit\u00e9 aux artistes locaux de pr\u00e9senter leur travail, favorisant ainsi le d\u00e9veloppement de la sc\u00e8ne artistique locale.<\/p>\n<p>[\/et_pb_toggle][\/et_pb_column][et_pb_column type=\u00a0\u00bb1_2&Prime; _builder_version=\u00a0\u00bb4.24.0&Prime; _module_preset=\u00a0\u00bbdefault\u00a0\u00bb global_colors_info=\u00a0\u00bb{}\u00a0\u00bb][et_pb_toggle title=\u00a0\u00bb\u00c9ducation artistique \u00a0\u00bb toggle_icon=\u00a0\u00bb&#x4c;||divi||400&Prime; open_icon_color=\u00a0\u00bb#FFFFFF\u00a0\u00bb open_toggle_icon=\u00a0\u00bb&#x4b;||divi||400&Prime; admin_label=\u00a0\u00bbTitre onglet \u00a0\u00bb _builder_version=\u00a0\u00bb4.24.0&Prime; _module_preset=\u00a0\u00bbdefault\u00a0\u00bb title_level=\u00a0\u00bbh4&Prime; global_colors_info=\u00a0\u00bb{}\u00a0\u00bb]<\/p>\n<p>Proposer des activit\u00e9s \u00e9ducatives qui encouragent le d\u00e9veloppement de comp\u00e9tences artistiques, la compr\u00e9hension des arts vivants et permettant de stimuler la cr\u00e9ativit\u00e9.\u00a0<\/p>\n<p>[\/et_pb_toggle][et_pb_toggle title=\u00a0\u00bbD\u00e9veloppement personnel \u00a0\u00bb toggle_icon=\u00a0\u00bb&#x4c;||divi||400&Prime; open_icon_color=\u00a0\u00bb#FFFFFF\u00a0\u00bb open_toggle_icon=\u00a0\u00bb&#x4b;||divi||400&Prime; admin_label=\u00a0\u00bbTitre onglet \u00a0\u00bb _builder_version=\u00a0\u00bb4.24.0&Prime; _module_preset=\u00a0\u00bbdefault\u00a0\u00bb title_level=\u00a0\u00bbh4&Prime; body_ul_font_size=\u00a0\u00bb18px\u00a0\u00bb body_ul_font_size_tablet=\u00a0\u00bb18px\u00a0\u00bb body_ul_font_size_phone=\u00a0\u00bb16px\u00a0\u00bb body_ul_font_size_last_edited=\u00a0\u00bbon|phone\u00a0\u00bb global_colors_info=\u00a0\u00bb{}\u00a0\u00bb]<\/p>\n<p>Offrir aux jeunes l&rsquo;opportunit\u00e9 de s&rsquo;exprimer et de d\u00e9velopper leur identit\u00e9 personnelle \u00e0 travers l&rsquo;art et la culture, contribuant ainsi \u00e0 leur \u00e9panouissement personnel.\u00a0\u00a0<\/p>\n<p>[\/et_pb_toggle][et_pb_toggle title=\u00a0\u00bbInt\u00e9gration dans le milieu local \u00a0\u00bb toggle_icon=\u00a0\u00bb&#x4c;||divi||400&Prime; open_icon_color=\u00a0\u00bb#FFFFFF\u00a0\u00bb open_toggle_icon=\u00a0\u00bb&#x4b;||divi||400&Prime; admin_label=\u00a0\u00bbTitre onglet \u00a0\u00bb _builder_version=\u00a0\u00bb4.24.0&Prime; _module_preset=\u00a0\u00bbdefault\u00a0\u00bb title_level=\u00a0\u00bbh4&Prime; body_ul_font_size=\u00a0\u00bb18px\u00a0\u00bb body_ul_font_size_tablet=\u00a0\u00bb18px\u00a0\u00bb body_ul_font_size_phone=\u00a0\u00bb16px\u00a0\u00bb body_ul_font_size_last_edited=\u00a0\u00bbon|phone\u00a0\u00bb global_colors_info=\u00a0\u00bb{}\u00a0\u00bb]<\/p>\n<p>Impliquer la communaut\u00e9 locale dans la conception et la mise en \u0153uvre des \u00e9v\u00e9nements culturels, en encourageant la participation des habitants et en tenant compte des sp\u00e9cificit\u00e9s culturelles du territoire (patrimoine b\u00e2ti et naturel).\u00a0<\/p>\n<p>[\/et_pb_toggle][et_pb_toggle title=\u00a0\u00bbFormation et transmission \u00a0\u00bb toggle_icon=\u00a0\u00bb&#x4c;||divi||400&Prime; open_icon_color=\u00a0\u00bb#FFFFFF\u00a0\u00bb open_toggle_icon=\u00a0\u00bb&#x4b;||divi||400&Prime; admin_label=\u00a0\u00bbTitre onglet \u00a0\u00bb _builder_version=\u00a0\u00bb4.24.0&Prime; _module_preset=\u00a0\u00bbdefault\u00a0\u00bb title_level=\u00a0\u00bbh4&Prime; body_ul_font_size=\u00a0\u00bb18px\u00a0\u00bb body_ul_font_size_tablet=\u00a0\u00bb18px\u00a0\u00bb body_ul_font_size_phone=\u00a0\u00bb16px\u00a0\u00bb body_ul_font_size_last_edited=\u00a0\u00bbon|phone\u00a0\u00bb global_colors_info=\u00a0\u00bb{}\u00a0\u00bb]<\/p>\n<p>Mettre en place des ateliers de m\u00e9diation et d&rsquo;exp\u00e9rimentation qui permettent aux jeunes de d\u00e9couvrir diff\u00e9rentes formes d&rsquo;expression artistique et qui encouragent \u00e9galement la transmission des savoirs entre g\u00e9n\u00e9rations.<\/p>\n<p>[\/et_pb_toggle][\/et_pb_column][\/et_pb_row][et_pb_row _builder_version=\u00a0\u00bb4.24.0&Prime; _module_preset=\u00a0\u00bbdefault\u00a0\u00bb width=\u00a0\u00bb75%\u00a0\u00bb width_tablet=\u00a0\u00bb75%\u00a0\u00bb width_phone=\u00a0\u00bb100%\u00a0\u00bb width_last_edited=\u00a0\u00bbon|phone\u00a0\u00bb custom_margin=\u00a0\u00bb40px||||false|false\u00a0\u00bb global_colors_info=\u00a0\u00bb{}\u00a0\u00bb][et_pb_column type=\u00a0\u00bb4_4&Prime; _builder_version=\u00a0\u00bb4.24.0&Prime; _module_preset=\u00a0\u00bbdefault\u00a0\u00bb global_colors_info=\u00a0\u00bb{}\u00a0\u00bb][et_pb_text _builder_version=\u00a0\u00bb4.24.0&Prime; _module_preset=\u00a0\u00bbdefault\u00a0\u00bb locked=\u00a0\u00bboff\u00a0\u00bb global_colors_info=\u00a0\u00bb{}\u00a0\u00bb]<\/p>\n<p>L\u2019ensemble du projet permet de cr\u00e9er un <strong>environnement culturel stimulant<\/strong>, <strong>inclusif<\/strong> et <strong>\u00e9ducatif<\/strong> au sein du territoire, en utilisant les arts vivants comme moyen de rassembler et de nourrir le d\u00e9veloppement personnel et social des jeunes et de mani\u00e8re plus g\u00e9n\u00e9rale, de l\u2019ensemble des habitants du territoire.\u00a0<\/p>\n<p>[\/et_pb_text][\/et_pb_column][\/et_pb_row][\/et_pb_section]<\/p>\n","protected":false},"excerpt":{"rendered":"<p>Projet culturel de territoire[wpseo_breadcrumb]Une programmation ambitieuse\u00a9 Gr\u00e9gory Massat pour CadenceLa programmation culturelle dans les territoires ruraux joue un r\u00f4le cl\u00e9 dans le d\u00e9veloppement global de la communaut\u00e9, en apportant des b\u00e9n\u00e9fices culturels, sociaux, \u00e9ducatifs et \u00e9conomiques.\u00a0L\u2019objectif est de favoriser l&rsquo;acc\u00e8s \u00e0 la culture, l&rsquo;expression artistique et la cr\u00e9ativit\u00e9 des habitants du territoire.\u00a0 Elle contribue \u00e0 [&hellip;]<\/p>\n","protected":false},"author":1,"featured_media":0,"parent":987521842,"menu_order":0,"comment_status":"closed","ping_status":"closed","template":"","meta":{"_acf_changed":false,"_et_pb_use_builder":"on","_et_pb_old_content":"","_et_gb_content_width":"","footnotes":""},"class_list":["post-987521850","page","type-page","status-publish","hentry"],"acf":[],"_links":{"self":[{"href":"https:\/\/www.auctavia.fr\/aucta21\/wp-json\/wp\/v2\/pages\/987521850","targetHints":{"allow":["GET"]}}],"collection":[{"href":"https:\/\/www.auctavia.fr\/aucta21\/wp-json\/wp\/v2\/pages"}],"about":[{"href":"https:\/\/www.auctavia.fr\/aucta21\/wp-json\/wp\/v2\/types\/page"}],"author":[{"embeddable":true,"href":"https:\/\/www.auctavia.fr\/aucta21\/wp-json\/wp\/v2\/users\/1"}],"replies":[{"embeddable":true,"href":"https:\/\/www.auctavia.fr\/aucta21\/wp-json\/wp\/v2\/comments?post=987521850"}],"version-history":[{"count":14,"href":"https:\/\/www.auctavia.fr\/aucta21\/wp-json\/wp\/v2\/pages\/987521850\/revisions"}],"predecessor-version":[{"id":987528377,"href":"https:\/\/www.auctavia.fr\/aucta21\/wp-json\/wp\/v2\/pages\/987521850\/revisions\/987528377"}],"up":[{"embeddable":true,"href":"https:\/\/www.auctavia.fr\/aucta21\/wp-json\/wp\/v2\/pages\/987521842"}],"wp:attachment":[{"href":"https:\/\/www.auctavia.fr\/aucta21\/wp-json\/wp\/v2\/media?parent=987521850"}],"curies":[{"name":"wp","href":"https:\/\/api.w.org\/{rel}","templated":true}]}}