{"id":987521811,"date":"2024-01-16T11:34:54","date_gmt":"2024-01-16T10:34:54","guid":{"rendered":"https:\/\/www.auctavia.fr\/aucta21\/?page_id=987521811"},"modified":"2024-05-03T18:41:48","modified_gmt":"2024-05-03T16:41:48","slug":"plans-dactions","status":"publish","type":"page","link":"https:\/\/www.auctavia.fr\/aucta21\/cadre-vie\/territoire-engage\/plans-dactions\/","title":{"rendered":"Plans d&rsquo;actions"},"content":{"rendered":"<p>[et_pb_section fb_built=\u00a0\u00bb1&Prime; module_class=\u00a0\u00bbpa-custom-background-mask-1 margin\u00a0\u00bb _builder_version=\u00a0\u00bb4.24.0&Prime; _module_preset=\u00a0\u00bbdefault\u00a0\u00bb use_background_color_gradient=\u00a0\u00bbon\u00a0\u00bb background_color_gradient_direction=\u00a0\u00bb90deg\u00a0\u00bb background_color_gradient_stops=\u00a0\u00bbrgba(0,0,0,0.75) 0%|rgba(255,255,255,0) 75%\u00a0\u00bb background_color_gradient_overlays_image=\u00a0\u00bbon\u00a0\u00bb background_image=\u00a0\u00bbhttps:\/\/www.auctavia.fr\/aucta21\/wp-content\/uploads\/2024\/01\/ferrette-vue-ciel-tristan-vuano-1600&#215;900-1.jpg\u00a0\u00bb background_enable_mask_style=\u00a0\u00bbon\u00a0\u00bb background_mask_size=\u00a0\u00bbcustom\u00a0\u00bb background_mask_position=\u00a0\u00bbcenter_right\u00a0\u00bb min_height=\u00a0\u00bb768px\u00a0\u00bb custom_margin=\u00a0\u00bb0px||0px||true|false\u00a0\u00bb custom_padding=\u00a0\u00bb0px||0px||true|false\u00a0\u00bb custom_css_main_element=\u00a0\u00bbmargin-top:0px !important;\u00a0\u00bb global_colors_info=\u00a0\u00bb{}\u00a0\u00bb][et_pb_row _builder_version=\u00a0\u00bb4.24.0&Prime; _module_preset=\u00a0\u00bbdefault\u00a0\u00bb module_alignment=\u00a0\u00bbcenter\u00a0\u00bb custom_margin=\u00a0\u00bb0px||0px||true|false\u00a0\u00bb custom_padding=\u00a0\u00bb0px|0px|0px|0px|true|true\u00a0\u00bb global_colors_info=\u00a0\u00bb{}\u00a0\u00bb][et_pb_column type=\u00a0\u00bb4_4&Prime; _builder_version=\u00a0\u00bb4.24.0&Prime; _module_preset=\u00a0\u00bbdefault\u00a0\u00bb global_colors_info=\u00a0\u00bb{}\u00a0\u00bb][et_pb_text admin_label=\u00a0\u00bbPlans et programmes d\u2019actions\u00a0\u00bb _builder_version=\u00a0\u00bb4.24.0&Prime; _module_preset=\u00a0\u00bbdefault\u00a0\u00bb width=\u00a0\u00bb550px\u00a0\u00bb width_tablet=\u00a0\u00bbauto\u00a0\u00bb width_phone=\u00a0\u00bbauto\u00a0\u00bb width_last_edited=\u00a0\u00bbon|phone\u00a0\u00bb max_width=\u00a0\u00bb100%\u00a0\u00bb max_width_tablet=\u00a0\u00bb100%\u00a0\u00bb max_width_phone=\u00a0\u00bb100%\u00a0\u00bb max_width_last_edited=\u00a0\u00bbon|tablet\u00a0\u00bb custom_margin=\u00a0\u00bb300px||0px|0px|false|false\u00a0\u00bb custom_margin_tablet=\u00a0\u00bb|||40px|false|false\u00a0\u00bb custom_margin_phone=\u00a0\u00bb|||40px|false|false\u00a0\u00bb custom_margin_last_edited=\u00a0\u00bbon|phone\u00a0\u00bb custom_padding=\u00a0\u00bb0px||0px||true|false\u00a0\u00bb global_colors_info=\u00a0\u00bb{}\u00a0\u00bb]<\/p>\n<h1>Plans et programmes d\u2019actions<\/h1>\n<p>[\/et_pb_text][et_pb_text admin_label=\u00a0\u00bbChapo introductif\u00a0\u00bb module_class=\u00a0\u00bbdescription\u00a0\u00bb _builder_version=\u00a0\u00bb4.24.0&Prime; _module_preset=\u00a0\u00bbdefault\u00a0\u00bb text_font=\u00a0\u00bb||||||||\u00a0\u00bb text_text_color=\u00a0\u00bb#FFFFFF\u00a0\u00bb width=\u00a0\u00bb588px\u00a0\u00bb width_tablet=\u00a0\u00bbauto\u00a0\u00bb width_phone=\u00a0\u00bbauto\u00a0\u00bb width_last_edited=\u00a0\u00bbon|phone\u00a0\u00bb max_width=\u00a0\u00bb100%\u00a0\u00bb max_width_tablet=\u00a0\u00bb100%\u00a0\u00bb max_width_phone=\u00a0\u00bb100%\u00a0\u00bb max_width_last_edited=\u00a0\u00bbon|tablet\u00a0\u00bb custom_margin=\u00a0\u00bb0px||0px|0px|true|false\u00a0\u00bb custom_margin_tablet=\u00a0\u00bb|||40px|true|false\u00a0\u00bb custom_margin_phone=\u00a0\u00bb|||40px|true|false\u00a0\u00bb custom_margin_last_edited=\u00a0\u00bbon|phone\u00a0\u00bb custom_padding=\u00a0\u00bb0px||0px||true|false\u00a0\u00bb global_colors_info=\u00a0\u00bb{}\u00a0\u00bb][\/et_pb_text][\/et_pb_column][\/et_pb_row][\/et_pb_section][et_pb_section fb_built=\u00a0\u00bb1&Prime; _builder_version=\u00a0\u00bb4.25.0&Prime; background_color=\u00a0\u00bbrgba(239,245,203,0.47)\u00a0\u00bb background_enable_color=\u00a0\u00bboff\u00a0\u00bb custom_margin=\u00a0\u00bb0px||0px||false|false\u00a0\u00bb custom_padding=\u00a0\u00bb0px||0px||false|false\u00a0\u00bb global_module=\u00a0\u00bb987527892&Prime; saved_tabs=\u00a0\u00bball\u00a0\u00bb global_colors_info=\u00a0\u00bb{}\u00a0\u00bb][et_pb_row _builder_version=\u00a0\u00bb4.24.0&Prime; width=\u00a0\u00bb75%\u00a0\u00bb width_tablet=\u00a0\u00bb75%\u00a0\u00bb width_phone=\u00a0\u00bb100%\u00a0\u00bb width_last_edited=\u00a0\u00bbon|phone\u00a0\u00bb custom_margin=\u00a0\u00bb-50px||0px||false|false\u00a0\u00bb custom_margin_tablet=\u00a0\u00bb-30px||||false|false\u00a0\u00bb custom_margin_phone=\u00a0\u00bb-32px||||false|false\u00a0\u00bb custom_margin_last_edited=\u00a0\u00bbon|tablet\u00a0\u00bb custom_padding=\u00a0\u00bb0px||0px||false|false\u00a0\u00bb global_colors_info=\u00a0\u00bb{}\u00a0\u00bb][et_pb_column type=\u00a0\u00bb4_4&Prime; _builder_version=\u00a0\u00bb4.24.0&Prime; _module_preset=\u00a0\u00bbdefault\u00a0\u00bb global_colors_info=\u00a0\u00bb{}\u00a0\u00bb][et_pb_text module_class=\u00a0\u00bbauctariane\u00a0\u00bb _builder_version=\u00a0\u00bb4.24.0&Prime; _module_preset=\u00a0\u00bbdefault\u00a0\u00bb global_colors_info=\u00a0\u00bb{}\u00a0\u00bb]<\/p>\n<p style=\"font-size: 20px; font-weight: 300!important;\">[wpseo_breadcrumb]<\/p>\n<p>[\/et_pb_text][\/et_pb_column][\/et_pb_row][\/et_pb_section][et_pb_section fb_built=\u00a0\u00bb1&Prime; _builder_version=\u00a0\u00bb4.24.0&Prime; _module_preset=\u00a0\u00bbdefault\u00a0\u00bb background_enable_color=\u00a0\u00bboff\u00a0\u00bb global_colors_info=\u00a0\u00bb{%22gcid-a4870473-0ec3-40e3-b68b-386afbb8d1b5%22:%91%22background_color%22%93}\u00a0\u00bb][et_pb_row _builder_version=\u00a0\u00bb4.24.0&Prime; _module_preset=\u00a0\u00bbdefault\u00a0\u00bb width=\u00a0\u00bb75%\u00a0\u00bb width_tablet=\u00a0\u00bb75%\u00a0\u00bb width_phone=\u00a0\u00bb100%\u00a0\u00bb width_last_edited=\u00a0\u00bbon|phone\u00a0\u00bb global_colors_info=\u00a0\u00bb{}\u00a0\u00bb][et_pb_column type=\u00a0\u00bb4_4&Prime; _builder_version=\u00a0\u00bb4.24.0&Prime; _module_preset=\u00a0\u00bbdefault\u00a0\u00bb global_colors_info=\u00a0\u00bb{}\u00a0\u00bb][et_pb_text admin_label=\u00a0\u00bbTitre H3&Prime; _builder_version=\u00a0\u00bb4.24.0&Prime; _module_preset=\u00a0\u00bbdefault\u00a0\u00bb text_font=\u00a0\u00bb||||||||\u00a0\u00bb link_font=\u00a0\u00bb|700|||on||||\u00a0\u00bb link_text_color=\u00a0\u00bb#009CA6&Prime; header_font=\u00a0\u00bb||||||||\u00a0\u00bb header_text_color=\u00a0\u00bbgcid-a9d8e14e-2f78-408a-a83c-506939196b52&Prime; custom_margin=\u00a0\u00bb0px||20px||false|false\u00a0\u00bb custom_padding=\u00a0\u00bb0px||0px||false|false\u00a0\u00bb global_colors_info=\u00a0\u00bb{%22gcid-a9d8e14e-2f78-408a-a83c-506939196b52%22:%91%22header_text_color%22%93}\u00a0\u00bb link_text_color__hover=\u00a0\u00bb#A9C23F\u00a0\u00bb link_text_color__hover_enabled=\u00a0\u00bbon|hover\u00a0\u00bb]<\/p>\n<h2>Plans et programmes d&rsquo;actions mis en \u0153uvre sur le territoire Sundgau<\/h2>\n<p>[\/et_pb_text][et_pb_text _builder_version=\u00a0\u00bb4.24.0&Prime; _module_preset=\u00a0\u00bbdefault\u00a0\u00bb custom_margin=\u00a0\u00bb||1px|||\u00a0\u00bb global_colors_info=\u00a0\u00bb{}\u00a0\u00bb]<\/p>\n<p>L\u2019action environnementale de la Communaut\u00e9 de Communes Sundgau s\u2019appuie sur diff\u00e9rents programmes et plans d&rsquo;actions.<\/p>\n<p>[\/et_pb_text][et_pb_text admin_label=\u00a0\u00bbTitre H3&Prime; _builder_version=\u00a0\u00bb4.24.0&Prime; _module_preset=\u00a0\u00bbdefault\u00a0\u00bb text_font=\u00a0\u00bb||||||||\u00a0\u00bb link_font=\u00a0\u00bb|700|||on||||\u00a0\u00bb link_text_color=\u00a0\u00bb#009CA6&Prime; ul_font_size=\u00a0\u00bb18px\u00a0\u00bb header_font=\u00a0\u00bb||||||||\u00a0\u00bb header_text_color=\u00a0\u00bbgcid-a9d8e14e-2f78-408a-a83c-506939196b52&Prime; custom_margin=\u00a0\u00bb0px||20px||false|false\u00a0\u00bb custom_padding=\u00a0\u00bb0px||0px||false|false\u00a0\u00bb global_colors_info=\u00a0\u00bb{%22gcid-a9d8e14e-2f78-408a-a83c-506939196b52%22:%91%22header_text_color%22%93}\u00a0\u00bb link_text_color__hover=\u00a0\u00bb#A9C23F\u00a0\u00bb link_text_color__hover_enabled=\u00a0\u00bbon|hover\u00a0\u00bb][\/et_pb_text][et_pb_text admin_label=\u00a0\u00bbTitre H3&Prime; _builder_version=\u00a0\u00bb4.24.0&Prime; _module_preset=\u00a0\u00bbdefault\u00a0\u00bb text_font=\u00a0\u00bb||||||||\u00a0\u00bb link_font=\u00a0\u00bb|700|||on||||\u00a0\u00bb link_text_color=\u00a0\u00bb#009CA6&Prime; header_font=\u00a0\u00bb||||||||\u00a0\u00bb header_text_color=\u00a0\u00bbgcid-a9d8e14e-2f78-408a-a83c-506939196b52&Prime; custom_margin=\u00a0\u00bb0px||20px||false|false\u00a0\u00bb custom_padding=\u00a0\u00bb0px||0px||false|false\u00a0\u00bb global_colors_info=\u00a0\u00bb{%22gcid-a9d8e14e-2f78-408a-a83c-506939196b52%22:%91%22header_text_color%22%93}\u00a0\u00bb link_text_color__hover=\u00a0\u00bb#A9C23F\u00a0\u00bb link_text_color__hover_enabled=\u00a0\u00bbon|hover\u00a0\u00bb][\/et_pb_text][\/et_pb_column][\/et_pb_row][et_pb_row _builder_version=\u00a0\u00bb4.24.0&Prime; _module_preset=\u00a0\u00bbdefault\u00a0\u00bb width=\u00a0\u00bb75%\u00a0\u00bb width_tablet=\u00a0\u00bb75%\u00a0\u00bb width_phone=\u00a0\u00bb100%\u00a0\u00bb width_last_edited=\u00a0\u00bbon|phone\u00a0\u00bb locked=\u00a0\u00bboff\u00a0\u00bb global_colors_info=\u00a0\u00bb{}\u00a0\u00bb][et_pb_column type=\u00a0\u00bb4_4&Prime; _builder_version=\u00a0\u00bb4.24.0&Prime; _module_preset=\u00a0\u00bbdefault\u00a0\u00bb global_colors_info=\u00a0\u00bb{}\u00a0\u00bb][et_pb_image src=\u00a0\u00bbhttps:\/\/www.auctavia.fr\/aucta21\/wp-content\/uploads\/2024\/02\/Demarche-globale-de-transition.jpg\u00a0\u00bb alt=\u00a0\u00bbD\u00e9marche globale de transition\u00a0\u00bb show_in_lightbox=\u00a0\u00bbon\u00a0\u00bb module_class=\u00a0\u00bbzoom-in\u00a0\u00bb _builder_version=\u00a0\u00bb4.25.0&Prime; _module_preset=\u00a0\u00bbdefault\u00a0\u00bb width=\u00a0\u00bb70%\u00a0\u00bb module_alignment=\u00a0\u00bbcenter\u00a0\u00bb hover_enabled=\u00a0\u00bb0&Prime; border_color_all=\u00a0\u00bb#009CA6&Prime; box_shadow_style=\u00a0\u00bbpreset1&Prime; box_shadow_color=\u00a0\u00bbrgba(0,0,0,0.22)\u00a0\u00bb global_colors_info=\u00a0\u00bb{}\u00a0\u00bb sticky_enabled=\u00a0\u00bb0&Prime;][\/et_pb_image][\/et_pb_column][\/et_pb_row][et_pb_row _builder_version=\u00a0\u00bb4.24.0&Prime; _module_preset=\u00a0\u00bbdefault\u00a0\u00bb width=\u00a0\u00bb75%\u00a0\u00bb width_tablet=\u00a0\u00bb75%\u00a0\u00bb width_phone=\u00a0\u00bb100%\u00a0\u00bb width_last_edited=\u00a0\u00bbon|phone\u00a0\u00bb custom_margin=\u00a0\u00bb65px||||false|false\u00a0\u00bb global_colors_info=\u00a0\u00bb{}\u00a0\u00bb][et_pb_column type=\u00a0\u00bb4_4&Prime; _builder_version=\u00a0\u00bb4.24.0&Prime; _module_preset=\u00a0\u00bbdefault\u00a0\u00bb global_colors_info=\u00a0\u00bb{}\u00a0\u00bb][et_pb_text admin_label=\u00a0\u00bbPCAET &#8211; document cadre de la CCS\u00a0\u00bb _builder_version=\u00a0\u00bb4.24.0&Prime; _module_preset=\u00a0\u00bbdefault\u00a0\u00bb text_font=\u00a0\u00bb||||||||\u00a0\u00bb link_font=\u00a0\u00bb|700|||on||||\u00a0\u00bb link_text_color=\u00a0\u00bb#009CA6&Prime; header_font=\u00a0\u00bb||||||||\u00a0\u00bb header_text_color=\u00a0\u00bbgcid-a9d8e14e-2f78-408a-a83c-506939196b52&Prime; custom_margin=\u00a0\u00bb0px||20px||false|false\u00a0\u00bb custom_padding=\u00a0\u00bb0px||0px||false|false\u00a0\u00bb global_colors_info=\u00a0\u00bb{%22gcid-a9d8e14e-2f78-408a-a83c-506939196b52%22:%91%22header_text_color%22%93}\u00a0\u00bb link_text_color__hover=\u00a0\u00bb#A9C23F\u00a0\u00bb link_text_color__hover_enabled=\u00a0\u00bbon|hover\u00a0\u00bb]<\/p>\n<h2>Plan Climat Air \u00c9nergie Territorial &#8211; document cadre de la CCS<\/h2>\n<p>[\/et_pb_text][et_pb_button button_text=\u00a0\u00bbAcceder au PCAET &#8211; document cadre de la CCS \u00a0\u00bb button_alignment=\u00a0\u00bbleft\u00a0\u00bb _builder_version=\u00a0\u00bb4.24.0&Prime; _module_preset=\u00a0\u00bbdefault\u00a0\u00bb custom_button=\u00a0\u00bbon\u00a0\u00bb button_text_color=\u00a0\u00bb#FFFFFF\u00a0\u00bb button_bg_color=\u00a0\u00bbgcid-a9d8e14e-2f78-408a-a83c-506939196b52&Prime; button_border_width=\u00a0\u00bb0px\u00a0\u00bb button_border_radius=\u00a0\u00bb50px\u00a0\u00bb button_font=\u00a0\u00bbAnek Odia|||on|||||\u00a0\u00bb button_icon=\u00a0\u00bb&#x24;||divi||400&Prime; button_icon_color=\u00a0\u00bb#FFFFFF\u00a0\u00bb button_on_hover=\u00a0\u00bboff\u00a0\u00bb position_origin_a=\u00a0\u00bbbottom_center\u00a0\u00bb custom_padding=\u00a0\u00bb15px||10px||false|false\u00a0\u00bb button_text_size_tablet=\u00a0\u00bb\u00a0\u00bb button_text_size_phone=\u00a0\u00bb17px\u00a0\u00bb button_text_size_last_edited=\u00a0\u00bbon|phone\u00a0\u00bb custom_css_main_element=\u00a0\u00bbtext-decoration: none!important;\u00a0\u00bb locked=\u00a0\u00bboff\u00a0\u00bb global_colors_info=\u00a0\u00bb{%22gcid-a9d8e14e-2f78-408a-a83c-506939196b52%22:%91%22button_bg_color%22,%22button_text_color__hover%22,%22button_icon_color__hover%22%93,%22gcid-cb91e05a-a65b-4604-a848-3eebeb47b543%22:%91%22button_bg_color__hover%22%93}\u00a0\u00bb button_bg_color__hover_enabled=\u00a0\u00bbon|hover\u00a0\u00bb button_bg_color__hover=\u00a0\u00bb#c0d82f\u00a0\u00bb button_bg_enable_color__hover=\u00a0\u00bbon\u00a0\u00bb button_text_color__hover_enabled=\u00a0\u00bbon|hover\u00a0\u00bb button_text_color__hover=\u00a0\u00bb#006071&Prime; button_icon_color__hover_enabled=\u00a0\u00bbon|hover\u00a0\u00bb button_icon_color__hover=\u00a0\u00bb#006071&Prime;][\/et_pb_button][\/et_pb_column][\/et_pb_row][et_pb_row _builder_version=\u00a0\u00bb4.24.0&Prime; _module_preset=\u00a0\u00bbdefault\u00a0\u00bb width=\u00a0\u00bb75%\u00a0\u00bb width_tablet=\u00a0\u00bb75%\u00a0\u00bb width_phone=\u00a0\u00bb100%\u00a0\u00bb width_last_edited=\u00a0\u00bbon|phone\u00a0\u00bb custom_margin=\u00a0\u00bb65px||||false|false\u00a0\u00bb global_colors_info=\u00a0\u00bb{}\u00a0\u00bb][et_pb_column type=\u00a0\u00bb4_4&Prime; _builder_version=\u00a0\u00bb4.24.0&Prime; _module_preset=\u00a0\u00bbdefault\u00a0\u00bb global_colors_info=\u00a0\u00bb{}\u00a0\u00bb][et_pb_text admin_label=\u00a0\u00bbContrat Territorial Eau et Climat\u00a0\u00bb _builder_version=\u00a0\u00bb4.24.0&Prime; _module_preset=\u00a0\u00bbdefault\u00a0\u00bb text_font=\u00a0\u00bb||||||||\u00a0\u00bb link_font=\u00a0\u00bb|700|||on||||\u00a0\u00bb link_text_color=\u00a0\u00bb#009CA6&Prime; header_font=\u00a0\u00bb||||||||\u00a0\u00bb header_text_color=\u00a0\u00bbgcid-a9d8e14e-2f78-408a-a83c-506939196b52&Prime; custom_margin=\u00a0\u00bb0px||20px||false|false\u00a0\u00bb custom_padding=\u00a0\u00bb0px||0px||false|false\u00a0\u00bb global_colors_info=\u00a0\u00bb{%22gcid-a9d8e14e-2f78-408a-a83c-506939196b52%22:%91%22header_text_color%22%93}\u00a0\u00bb link_text_color__hover=\u00a0\u00bb#A9C23F\u00a0\u00bb link_text_color__hover_enabled=\u00a0\u00bbon|hover\u00a0\u00bb]<\/p>\n<h2>Contrat Territorial Eau et Climat<\/h2>\n<p>[\/et_pb_text][\/et_pb_column][\/et_pb_row][et_pb_row column_structure=\u00a0\u00bb1_2,1_2&Prime; _builder_version=\u00a0\u00bb4.24.0&Prime; _module_preset=\u00a0\u00bbdefault\u00a0\u00bb width=\u00a0\u00bb75%\u00a0\u00bb width_tablet=\u00a0\u00bb75%\u00a0\u00bb width_phone=\u00a0\u00bb100%\u00a0\u00bb width_last_edited=\u00a0\u00bbon|phone\u00a0\u00bb locked=\u00a0\u00bboff\u00a0\u00bb global_colors_info=\u00a0\u00bb{}\u00a0\u00bb][et_pb_column type=\u00a0\u00bb1_2&Prime; _builder_version=\u00a0\u00bb4.24.0&Prime; _module_preset=\u00a0\u00bbdefault\u00a0\u00bb global_colors_info=\u00a0\u00bb{}\u00a0\u00bb][et_pb_image src=\u00a0\u00bbhttps:\/\/www.auctavia.fr\/aucta21\/wp-content\/uploads\/2024\/02\/Visuel-CTEC.png\u00a0\u00bb alt=\u00a0\u00bbD\u00e9marche globale de transition\u00a0\u00bb show_in_lightbox=\u00a0\u00bbon\u00a0\u00bb module_class=\u00a0\u00bbzoom-in\u00a0\u00bb _builder_version=\u00a0\u00bb4.25.0&Prime; _module_preset=\u00a0\u00bbdefault\u00a0\u00bb border_color_all=\u00a0\u00bb#009CA6&Prime; box_shadow_style=\u00a0\u00bbpreset1&Prime; box_shadow_color=\u00a0\u00bbrgba(0,0,0,0.22)\u00a0\u00bb global_colors_info=\u00a0\u00bb{}\u00a0\u00bb][\/et_pb_image][\/et_pb_column][et_pb_column type=\u00a0\u00bb1_2&Prime; _builder_version=\u00a0\u00bb4.24.0&Prime; _module_preset=\u00a0\u00bbdefault\u00a0\u00bb global_colors_info=\u00a0\u00bb{}\u00a0\u00bb][et_pb_text admin_label=\u00a0\u00bbTitre H3&Prime; _builder_version=\u00a0\u00bb4.24.0&Prime; _module_preset=\u00a0\u00bbdefault\u00a0\u00bb text_font=\u00a0\u00bb||||||||\u00a0\u00bb link_font=\u00a0\u00bb|700|||on||||\u00a0\u00bb link_text_color=\u00a0\u00bb#009CA6&Prime; header_font=\u00a0\u00bb||||||||\u00a0\u00bb header_text_color=\u00a0\u00bbgcid-a9d8e14e-2f78-408a-a83c-506939196b52&Prime; custom_margin=\u00a0\u00bb0px||20px||false|false\u00a0\u00bb custom_padding=\u00a0\u00bb0px||0px||false|false\u00a0\u00bb global_colors_info=\u00a0\u00bb{%22gcid-a9d8e14e-2f78-408a-a83c-506939196b52%22:%91%22header_text_color%22%93}\u00a0\u00bb link_text_color__hover=\u00a0\u00bb#A9C23F\u00a0\u00bb link_text_color__hover_enabled=\u00a0\u00bbon|hover\u00a0\u00bb]<\/p>\n<p>Le Sundgau se distingue en tant que territoire o\u00f9 l&rsquo;eau, sous toutes ses formes, joue un r\u00f4le pr\u00e9pond\u00e9rant, gr\u00e2ce \u00e0 ses cours d&rsquo;eau, \u00e9tangs et milieux humides. La pr\u00e9servation de cette ressource s&rsquo;av\u00e8re cruciale pour le d\u00e9veloppement durable du territoire, la sant\u00e9 publique et la biodiversit\u00e9. Cette importance prend une dimension accrue dans le contexte actuel du r\u00e9chauffement climatique, qui accentue la vuln\u00e9rabilit\u00e9 du Sundgau \u00e0 travers des signes tels que la baisse du niveau et des d\u00e9bits des cours d&rsquo;eau, le d\u00e9clin des nappes phr\u00e9atiques, les pressions sur l&rsquo;eau potable, la concentration de la pollution, la disparition d&rsquo;habitats, l&rsquo;augmentation des risques d&rsquo;\u00e9rosion et de coul\u00e9es de boue, entre autres.<\/p>\n<p>[\/et_pb_text][\/et_pb_column][\/et_pb_row][et_pb_row _builder_version=\u00a0\u00bb4.24.0&Prime; _module_preset=\u00a0\u00bbdefault\u00a0\u00bb width=\u00a0\u00bb75%\u00a0\u00bb width_tablet=\u00a0\u00bb75%\u00a0\u00bb width_phone=\u00a0\u00bb100%\u00a0\u00bb width_last_edited=\u00a0\u00bbon|phone\u00a0\u00bb custom_margin=\u00a0\u00bb40px||||false|false\u00a0\u00bb global_colors_info=\u00a0\u00bb{}\u00a0\u00bb][et_pb_column type=\u00a0\u00bb4_4&Prime; _builder_version=\u00a0\u00bb4.24.0&Prime; _module_preset=\u00a0\u00bbdefault\u00a0\u00bb global_colors_info=\u00a0\u00bb{}\u00a0\u00bb][et_pb_text admin_label=\u00a0\u00bbTitre H3&Prime; _builder_version=\u00a0\u00bb4.24.0&Prime; _module_preset=\u00a0\u00bbdefault\u00a0\u00bb text_font=\u00a0\u00bb||||||||\u00a0\u00bb link_font=\u00a0\u00bb|700|||on||||\u00a0\u00bb link_text_color=\u00a0\u00bb#009CA6&Prime; header_font=\u00a0\u00bb||||||||\u00a0\u00bb header_text_color=\u00a0\u00bbgcid-a9d8e14e-2f78-408a-a83c-506939196b52&Prime; custom_margin=\u00a0\u00bb0px||20px||false|false\u00a0\u00bb custom_padding=\u00a0\u00bb0px||0px||false|false\u00a0\u00bb global_colors_info=\u00a0\u00bb{%22gcid-a9d8e14e-2f78-408a-a83c-506939196b52%22:%91%22header_text_color%22%93}\u00a0\u00bb link_text_color__hover=\u00a0\u00bb#A9C23F\u00a0\u00bb link_text_color__hover_enabled=\u00a0\u00bbon|hover\u00a0\u00bb]<\/p>\n<p>Conscient de ces d\u00e9fis, la Communaut\u00e9 de Communes Sundgau, en collaboration avec l&rsquo;Agence de l&rsquo;eau Rhin Meuse, s&rsquo;est engag\u00e9e dans un premier Contrat de Territoire Eau et Climat articul\u00e9 autour de quatre axes majeurs :<\/p>\n<p><strong>EAU, CLIMAT, BIODIVERSIT\u00c9 :<\/strong> Les fondements d&rsquo;un am\u00e9nagement de territoire durable et r\u00e9silient.<\/p>\n<p><strong>QUALIT\u00c9 DE L&rsquo;EAU :<\/strong> Un enjeu crucial pour la sant\u00e9 publique et la biodiversit\u00e9.<\/p>\n<p><strong>EAU, UNE RESSOURCE \u00c0 \u00c9CONOMISER :<\/strong> Promouvoir une gestion \u00e9conome de l&rsquo;eau.<\/p>\n<p><strong>EAU, CLIMAT :<\/strong> Des enjeux \u00e0 partager.<\/p>\n<p>[\/et_pb_text][et_pb_text admin_label=\u00a0\u00bbObjectifs \u00a0\u00bb _builder_version=\u00a0\u00bb4.24.0&Prime; _module_preset=\u00a0\u00bbdefault\u00a0\u00bb text_font=\u00a0\u00bb||||||||\u00a0\u00bb link_font=\u00a0\u00bb|700|||on||||\u00a0\u00bb link_text_color=\u00a0\u00bb#009CA6&Prime; header_font=\u00a0\u00bb||||||||\u00a0\u00bb header_text_color=\u00a0\u00bbgcid-a9d8e14e-2f78-408a-a83c-506939196b52&Prime; custom_margin=\u00a0\u00bb0px||20px||false|false\u00a0\u00bb custom_padding=\u00a0\u00bb0px||0px||false|false\u00a0\u00bb global_colors_info=\u00a0\u00bb{%22gcid-a9d8e14e-2f78-408a-a83c-506939196b52%22:%91%22header_text_color%22%93}\u00a0\u00bb link_text_color__hover=\u00a0\u00bb#A9C23F\u00a0\u00bb link_text_color__hover_enabled=\u00a0\u00bbon|hover\u00a0\u00bb]<\/p>\n<h3><strong>Objectifs\u00a0<\/strong><\/h3>\n<p>[\/et_pb_text][et_pb_text admin_label=\u00a0\u00bbTitre H3&Prime; _builder_version=\u00a0\u00bb4.24.0&Prime; _module_preset=\u00a0\u00bbdefault\u00a0\u00bb text_font=\u00a0\u00bb||||||||\u00a0\u00bb link_font=\u00a0\u00bb|700|||on||||\u00a0\u00bb link_text_color=\u00a0\u00bb#009CA6&Prime; ul_font_size=\u00a0\u00bb18px\u00a0\u00bb header_font=\u00a0\u00bb||||||||\u00a0\u00bb header_text_color=\u00a0\u00bbgcid-a9d8e14e-2f78-408a-a83c-506939196b52&Prime; custom_margin=\u00a0\u00bb0px||20px||false|false\u00a0\u00bb custom_padding=\u00a0\u00bb0px||0px||false|false\u00a0\u00bb global_colors_info=\u00a0\u00bb{%22gcid-a9d8e14e-2f78-408a-a83c-506939196b52%22:%91%22header_text_color%22%93}\u00a0\u00bb link_text_color__hover=\u00a0\u00bb#A9C23F\u00a0\u00bb link_text_color__hover_enabled=\u00a0\u00bbon|hover\u00a0\u00bb]<\/p>\n<ul>\n<li>Restaurer les fonctionnalit\u00e9s \u00e9cologiques de l&rsquo;Ill et de la Largue en r\u00e9tablissant la continuit\u00e9 \u00e9cologique et en favorisant la r\u00e9novation des processus hydromorphologiques.<\/li>\n<li>Pr\u00e9server les milieux naturels et les paysages en maintenant les ceintures vertes des vergers, en prot\u00e9geant les paysages embl\u00e9matiques (vergers, prairies, etc.) et en renfor\u00e7ant les r\u00e9seaux \u00e9cologiques.<\/li>\n<li>D\u00e9velopper une agriculture r\u00e9siliente et favorable \u00e0 la qualit\u00e9 de l&rsquo;eau en pr\u00e9servant les milieux prairiaux, en luttant contre l&rsquo;\u00e9rosion et les coul\u00e9es de boue, en encourageant les fili\u00e8res courtes et les fili\u00e8res agricoles locales.<\/li>\n<li>Poursuivre la mise en conformit\u00e9 de l&rsquo;assainissement par temps sec, mettre en \u0153uvre une strat\u00e9gie de gestion int\u00e9gr\u00e9e des eaux pluviales et entreprendre des actions concr\u00e8tes de d\u00e9simperm\u00e9abilisation et de lutte contre les \u00eelots de chaleur.<\/li>\n<li>Reconqu\u00e9rir la qualit\u00e9 de la ressource en eau par le d\u00e9veloppement de cultures \u00e0 faible impact, l&rsquo;encouragement de l&rsquo;agriculture biologique et la promotion de d\u00e9marches fonci\u00e8res.<\/li>\n<li>\u00c9tudier les opportunit\u00e9s de s\u00e9curisation de la distribution de l&rsquo;eau potable sur le territoire, en favorisant les \u00e9conomies d&rsquo;eau.<\/li>\n<li>Optimiser la gestion des inondations par la reconqu\u00eate de zones naturelles d&rsquo;expansion des crues.<\/li>\n<\/ul>\n<p>[\/et_pb_text][\/et_pb_column][\/et_pb_row][et_pb_row _builder_version=\u00a0\u00bb4.24.0&Prime; _module_preset=\u00a0\u00bbdefault\u00a0\u00bb width=\u00a0\u00bb75%\u00a0\u00bb width_tablet=\u00a0\u00bb75%\u00a0\u00bb width_phone=\u00a0\u00bb100%\u00a0\u00bb width_last_edited=\u00a0\u00bbon|phone\u00a0\u00bb custom_margin=\u00a0\u00bb65px||||false|false\u00a0\u00bb global_colors_info=\u00a0\u00bb{}\u00a0\u00bb][et_pb_column type=\u00a0\u00bb4_4&Prime; _builder_version=\u00a0\u00bb4.24.0&Prime; _module_preset=\u00a0\u00bbdefault\u00a0\u00bb global_colors_info=\u00a0\u00bb{}\u00a0\u00bb][et_pb_text admin_label=\u00a0\u00bbProgramme GERPLAN \/ Trame verte et bleue\u00a0\u00bb _builder_version=\u00a0\u00bb4.24.0&Prime; _module_preset=\u00a0\u00bbdefault\u00a0\u00bb text_font=\u00a0\u00bb||||||||\u00a0\u00bb link_font=\u00a0\u00bb|700|||on||||\u00a0\u00bb link_text_color=\u00a0\u00bb#009CA6&Prime; header_font=\u00a0\u00bb||||||||\u00a0\u00bb header_text_color=\u00a0\u00bbgcid-a9d8e14e-2f78-408a-a83c-506939196b52&Prime; custom_margin=\u00a0\u00bb0px||20px||false|false\u00a0\u00bb custom_padding=\u00a0\u00bb0px||0px||false|false\u00a0\u00bb global_colors_info=\u00a0\u00bb{%22gcid-a9d8e14e-2f78-408a-a83c-506939196b52%22:%91%22header_text_color%22%93}\u00a0\u00bb link_text_color__hover=\u00a0\u00bb#A9C23F\u00a0\u00bb link_text_color__hover_enabled=\u00a0\u00bbon|hover\u00a0\u00bb]<\/p>\n<h2>Programme GERPLAN \/ Trame verte et bleue<\/h2>\n<p>[\/et_pb_text][et_pb_text admin_label=\u00a0\u00bbTitre H3&Prime; _builder_version=\u00a0\u00bb4.24.0&Prime; _module_preset=\u00a0\u00bbdefault\u00a0\u00bb text_font=\u00a0\u00bb||||||||\u00a0\u00bb link_font=\u00a0\u00bb|700|||on||||\u00a0\u00bb link_text_color=\u00a0\u00bb#009CA6&Prime; header_font=\u00a0\u00bb||||||||\u00a0\u00bb header_text_color=\u00a0\u00bbgcid-a9d8e14e-2f78-408a-a83c-506939196b52&Prime; custom_margin=\u00a0\u00bb0px||20px||false|false\u00a0\u00bb custom_padding=\u00a0\u00bb0px||0px||false|false\u00a0\u00bb global_colors_info=\u00a0\u00bb{%22gcid-a9d8e14e-2f78-408a-a83c-506939196b52%22:%91%22header_text_color%22%93}\u00a0\u00bb link_text_color__hover_enabled=\u00a0\u00bbon|hover\u00a0\u00bb link_text_color__hover=\u00a0\u00bb#A9C23F\u00a0\u00bb]<\/p>\n<p>Le Plan de Gestion de l\u2019Espace Rural et P\u00e9riurbain (GERPLAN) vise \u00e0 construire <strong>une politique locale d\u2019am\u00e9nagement du territoire<\/strong> conciliant les diff\u00e9rents usages de l\u2019espace rural comme l\u2019activit\u00e9 agricole, le d\u00e9veloppement urbain et la pr\u00e9servation des milieux naturels et des ressources.<\/p>\n<p>Chaque ann\u00e9e, la Communaut\u00e9 de Communes Sundgau recense les projets et \u00e9labore un programme d\u2019actions transmis \u00e0 la Collectivit\u00e9 Europ\u00e9enne d&rsquo;Alsace qui apporte un appui technique et financier \u00e0 la d\u00e9marche.<\/p>\n<p>Plus d&rsquo;informations sur les actions issues du Gerplan : <a href=\"https:\/\/www.alsace.eu\/aides-et-services\/environnement\/plan-gestion-l-espace-rural-et-periurbain-gerplan\/\">Plan de gestion de l\u2019espace rural et p\u00e9riurbain (GERPLAN) &#8211; Collectivit\u00e9 europ\u00e9enne d&rsquo;Alsace | CeA<\/a><\/p>\n<p>[\/et_pb_text][et_pb_gallery gallery_ids=\u00a0\u00bb987523764,987523765,987523763,987527476&Prime; show_title_and_caption=\u00a0\u00bboff\u00a0\u00bb show_pagination=\u00a0\u00bboff\u00a0\u00bb _builder_version=\u00a0\u00bb4.24.0&Prime; _module_preset=\u00a0\u00bbdefault\u00a0\u00bb custom_margin=\u00a0\u00bb0px|0px|0px|0px|true|true\u00a0\u00bb custom_padding=\u00a0\u00bb0px|0px|0px|0px|true|true\u00a0\u00bb locked=\u00a0\u00bboff\u00a0\u00bb global_colors_info=\u00a0\u00bb{}\u00a0\u00bb][\/et_pb_gallery][et_pb_text admin_label=\u00a0\u00bbTitre H3&Prime; _builder_version=\u00a0\u00bb4.24.0&Prime; _module_preset=\u00a0\u00bbdefault\u00a0\u00bb text_font=\u00a0\u00bb||||||||\u00a0\u00bb link_font=\u00a0\u00bb|700|||on||||\u00a0\u00bb link_text_color=\u00a0\u00bb#009CA6&Prime; ul_font_size=\u00a0\u00bb18px\u00a0\u00bb header_font=\u00a0\u00bb||||||||\u00a0\u00bb header_text_color=\u00a0\u00bbgcid-a9d8e14e-2f78-408a-a83c-506939196b52&Prime; custom_margin=\u00a0\u00bb0px||20px||false|false\u00a0\u00bb custom_padding=\u00a0\u00bb0px||0px||false|false\u00a0\u00bb global_colors_info=\u00a0\u00bb{%22gcid-a9d8e14e-2f78-408a-a83c-506939196b52%22:%91%22header_text_color%22%93}\u00a0\u00bb link_text_color__hover=\u00a0\u00bb#A9C23F\u00a0\u00bb link_text_color__hover_enabled=\u00a0\u00bbon|hover\u00a0\u00bb]<\/p>\n<p>La Communaut\u00e9 de communes Sundgau est \u00e9galement engag\u00e9e dans un programme d\u2019actions pour<strong> la pr\u00e9servation et la restauration de la Trame Verte et Bleue<\/strong> (TVB) en ayant r\u00e9pondu en septembre 2022 \u00e0 l\u2019<a href=\"https:\/\/www.grand-est.developpement-durable.gouv.fr\/trame-verte-et-bleue-r203.html\">appel \u00e0 projets trame verte et bleue Grand Est<\/a>.<\/p>\n<p>Le projet s\u2019articule autour des objectifs suivants :<\/p>\n<ul>\n<li>Identifier et comprendre les enjeux li\u00e9s aux trames vertes, bleues et noires \u00e0 l\u2019\u00e9chelle du territoire intercommunal ;<\/li>\n<li>D\u00e9ployer des actions op\u00e9rationnelles d\u2019am\u00e9lioration des continuit\u00e9s \u00e9cologiques en liens \u00e9troits avec les communes ;<\/li>\n<li>Cr\u00e9er une coh\u00e9rence dans le territoire entre le zonage de la TVB et les 3 p\u00e9rim\u00e8tres Natura 2000 couverts par la Communaut\u00e9 de Communes du Sundgau ;<\/li>\n<li>Renforcer l\u2019animation et la coop\u00e9ration entre les acteurs du territoire engag\u00e9s pour la pr\u00e9servation de la biodiversit\u00e9 (collectivit\u00e9s territoriales, gestionnaires des milieux humides, aquatiques, agricoles et forestiers, associations naturalistes) ;<\/li>\n<li>Poursuivre la dynamique de sensibilisation des citoyens autour de la pr\u00e9servation des milieux, \u00e9cosyst\u00e8mes et des continuit\u00e9s \u00e9cologiques.<\/li>\n<\/ul>\n<p>[\/et_pb_text][\/et_pb_column][\/et_pb_row][et_pb_row _builder_version=\u00a0\u00bb4.24.0&Prime; _module_preset=\u00a0\u00bbdefault\u00a0\u00bb width=\u00a0\u00bb75%\u00a0\u00bb width_tablet=\u00a0\u00bb75%\u00a0\u00bb width_phone=\u00a0\u00bb100%\u00a0\u00bb width_last_edited=\u00a0\u00bbon|phone\u00a0\u00bb custom_margin=\u00a0\u00bb65px||||false|false\u00a0\u00bb global_colors_info=\u00a0\u00bb{}\u00a0\u00bb][et_pb_column type=\u00a0\u00bb4_4&Prime; _builder_version=\u00a0\u00bb4.24.0&Prime; _module_preset=\u00a0\u00bbdefault\u00a0\u00bb global_colors_info=\u00a0\u00bb{}\u00a0\u00bb][et_pb_text admin_label=\u00a0\u00bbProgramme Natura2000&Prime; _builder_version=\u00a0\u00bb4.24.0&Prime; _module_preset=\u00a0\u00bbdefault\u00a0\u00bb text_font=\u00a0\u00bb||||||||\u00a0\u00bb link_font=\u00a0\u00bb|700|||on||||\u00a0\u00bb link_text_color=\u00a0\u00bb#009CA6&Prime; header_font=\u00a0\u00bb||||||||\u00a0\u00bb header_text_color=\u00a0\u00bbgcid-a9d8e14e-2f78-408a-a83c-506939196b52&Prime; custom_margin=\u00a0\u00bb0px||20px||false|false\u00a0\u00bb custom_padding=\u00a0\u00bb0px||0px||false|false\u00a0\u00bb global_colors_info=\u00a0\u00bb{%22gcid-a9d8e14e-2f78-408a-a83c-506939196b52%22:%91%22header_text_color%22%93}\u00a0\u00bb link_text_color__hover=\u00a0\u00bb#A9C23F\u00a0\u00bb link_text_color__hover_enabled=\u00a0\u00bbon|hover\u00a0\u00bb]<\/p>\n<h2>Programme Natura 2000<\/h2>\n<p>[\/et_pb_text][et_pb_text admin_label=\u00a0\u00bbTitre H3&Prime; _builder_version=\u00a0\u00bb4.24.0&Prime; _module_preset=\u00a0\u00bbdefault\u00a0\u00bb text_font=\u00a0\u00bb||||||||\u00a0\u00bb link_font=\u00a0\u00bb|700|||on||||\u00a0\u00bb link_text_color=\u00a0\u00bb#009CA6&Prime; header_font=\u00a0\u00bb||||||||\u00a0\u00bb header_text_color=\u00a0\u00bbgcid-a9d8e14e-2f78-408a-a83c-506939196b52&Prime; custom_margin=\u00a0\u00bb0px||20px||false|false\u00a0\u00bb custom_padding=\u00a0\u00bb0px||0px||false|false\u00a0\u00bb global_colors_info=\u00a0\u00bb{%22gcid-a9d8e14e-2f78-408a-a83c-506939196b52%22:%91%22header_text_color%22%93}\u00a0\u00bb link_text_color__hover=\u00a0\u00bb#A9C23F\u00a0\u00bb link_text_color__hover_enabled=\u00a0\u00bbon|hover\u00a0\u00bb]<\/p>\n<p>Le patrimoine naturel du territoire sundgauvien est tr\u00e8s riche sur le p\u00e9rim\u00e8tre de la CC Sundgau, il y a 3 sites class\u00e9s <a href=\"https:\/\/www.natura2000.fr\/carte-natura-2000\">Natura 2000\u00a0<\/a>: le site R\u00e9gion des \u00e9tangs, celui de la Vall\u00e9e de la Largue et celui du Jura Alsacien. Ces 3 sites permettent de concilier les enjeux faunistiques et floristiques et qualit\u00e9 de l&rsquo;eau avec les activit\u00e9s humaines.<\/p>\n<p>Les 2 premiers sites sont anim\u00e9s par <a href=\"https:\/\/www.epage-largue.eu\/riviere-largue\/\">l\u2019EPAGE de la Largue<\/a>, celui du Jura Alsacien, par la CC Sundgau.<\/p>\n<p>Le p\u00e9rim\u00e8tre Natura 2000 du Jura Alsacien s\u2019\u00e9tend sur 21 communes et concerne 55 esp\u00e8ces de faune et flore et 13 milieux.<\/p>\n<p>[\/et_pb_text][\/et_pb_column][\/et_pb_row][et_pb_row _builder_version=\u00a0\u00bb4.24.0&Prime; _module_preset=\u00a0\u00bbdefault\u00a0\u00bb width=\u00a0\u00bb75%\u00a0\u00bb width_tablet=\u00a0\u00bb75%\u00a0\u00bb width_phone=\u00a0\u00bb100%\u00a0\u00bb width_last_edited=\u00a0\u00bbon|phone\u00a0\u00bb custom_margin=\u00a0\u00bb24px||24px||true|false\u00a0\u00bb link_option_url=\u00a0\u00bbhttps:\/\/www.auctavia.fr\/aucta21\/wp-content\/uploads\/2024\/02\/roll-up-presentation-N2000-Jura-Alsacien.pdf\u00a0\u00bb locked=\u00a0\u00bboff\u00a0\u00bb global_colors_info=\u00a0\u00bb{}\u00a0\u00bb custom_css_main_element_last_edited=\u00a0\u00bbon|tablet\u00a0\u00bb][et_pb_column type=\u00a0\u00bb4_4&Prime; _builder_version=\u00a0\u00bb4.24.0&Prime; _module_preset=\u00a0\u00bbdefault\u00a0\u00bb background_color=\u00a0\u00bb#EFF5CB\u00a0\u00bb custom_css_main_element=\u00a0\u00bbdisplay:flex;||align-items:center;||justify-content:space-between;||padding:15px 15px 15px 35px;||border-radius:25px\u00a0\u00bb global_colors_info=\u00a0\u00bb{}\u00a0\u00bb][et_pb_blurb use_icon=\u00a0\u00bbon\u00a0\u00bb font_icon=\u00a0\u00bb&#x69;||divi||400&Prime; icon_color=\u00a0\u00bbgcid-a9d8e14e-2f78-408a-a83c-506939196b52&Prime; icon_placement=\u00a0\u00bbleft\u00a0\u00bb image_icon_width=\u00a0\u00bb40px\u00a0\u00bb content_max_width=\u00a0\u00bb754px\u00a0\u00bb admin_label=\u00a0\u00bb fichier \u00e0 t\u00e9l\u00e9charger\u00a0\u00bb _builder_version=\u00a0\u00bb4.25.0&Prime; _module_preset=\u00a0\u00bbdefault\u00a0\u00bb header_text_color=\u00a0\u00bb#000000&Prime; custom_margin=\u00a0\u00bb0px||0px||true|false\u00a0\u00bb custom_padding=\u00a0\u00bb0px||0px||true|false\u00a0\u00bb custom_css_main_element=\u00a0\u00bb||\u00a0\u00bb global_colors_info=\u00a0\u00bb{%22gcid-a9d8e14e-2f78-408a-a83c-506939196b52%22:%91%22icon_color%22%93}\u00a0\u00bb]<\/p>\n<p><strong>Roll-up-presentation N2000 Jura Alsacien<\/strong><\/p>\n<p>[\/et_pb_blurb][et_pb_icon font_icon=\u00a0\u00bb&#xe092;||divi||400&Prime; icon_width=\u00a0\u00bb25px\u00a0\u00bb _builder_version=\u00a0\u00bb4.24.0&Prime; _module_preset=\u00a0\u00bbdefault\u00a0\u00bb global_colors_info=\u00a0\u00bb{}\u00a0\u00bb][\/et_pb_icon][\/et_pb_column][\/et_pb_row][et_pb_row _builder_version=\u00a0\u00bb4.24.0&Prime; _module_preset=\u00a0\u00bbdefault\u00a0\u00bb width=\u00a0\u00bb75%\u00a0\u00bb width_tablet=\u00a0\u00bb75%\u00a0\u00bb width_phone=\u00a0\u00bb100%\u00a0\u00bb width_last_edited=\u00a0\u00bbon|phone\u00a0\u00bb custom_margin=\u00a0\u00bb65px||||false|false\u00a0\u00bb global_colors_info=\u00a0\u00bb{}\u00a0\u00bb][et_pb_column type=\u00a0\u00bb4_4&Prime; _builder_version=\u00a0\u00bb4.24.0&Prime; _module_preset=\u00a0\u00bbdefault\u00a0\u00bb global_colors_info=\u00a0\u00bb{}\u00a0\u00bb][et_pb_text admin_label=\u00a0\u00bbProgramme Synerg\u2019Eco\u00a0\u00bb _builder_version=\u00a0\u00bb4.24.0&Prime; _module_preset=\u00a0\u00bbdefault\u00a0\u00bb text_font=\u00a0\u00bb||||||||\u00a0\u00bb link_font=\u00a0\u00bb|700|||on||||\u00a0\u00bb link_text_color=\u00a0\u00bb#009CA6&Prime; header_font=\u00a0\u00bb||||||||\u00a0\u00bb header_text_color=\u00a0\u00bbgcid-a9d8e14e-2f78-408a-a83c-506939196b52&Prime; custom_margin=\u00a0\u00bb0px||20px||false|false\u00a0\u00bb custom_padding=\u00a0\u00bb0px||0px||false|false\u00a0\u00bb global_colors_info=\u00a0\u00bb{%22gcid-a9d8e14e-2f78-408a-a83c-506939196b52%22:%91%22header_text_color%22%93}\u00a0\u00bb link_text_color__hover=\u00a0\u00bb#A9C23F\u00a0\u00bb link_text_color__hover_enabled=\u00a0\u00bbon|hover\u00a0\u00bb]<\/p>\n<h2>Programme Synerg\u2019Eco<\/h2>\n<p>[\/et_pb_text][et_pb_text admin_label=\u00a0\u00bbTitre H3&Prime; _builder_version=\u00a0\u00bb4.24.0&Prime; _module_preset=\u00a0\u00bbdefault\u00a0\u00bb text_font=\u00a0\u00bb||||||||\u00a0\u00bb link_font=\u00a0\u00bb|700|||on||||\u00a0\u00bb link_text_color=\u00a0\u00bb#009CA6&Prime; header_font=\u00a0\u00bb||||||||\u00a0\u00bb header_text_color=\u00a0\u00bbgcid-a9d8e14e-2f78-408a-a83c-506939196b52&Prime; custom_margin=\u00a0\u00bb0px||20px||false|false\u00a0\u00bb custom_padding=\u00a0\u00bb0px||0px||false|false\u00a0\u00bb global_colors_info=\u00a0\u00bb{%22gcid-a9d8e14e-2f78-408a-a83c-506939196b52%22:%91%22header_text_color%22%93}\u00a0\u00bb link_text_color__hover=\u00a0\u00bb#A9C23F\u00a0\u00bb link_text_color__hover_enabled=\u00a0\u00bbon|hover\u00a0\u00bb]<\/p>\n<p><span style=\"color: #ff0000;\">Lorem ipsum dolor sit amet, consectetur adipiscing elit. Duis placerat nisi nec nisi scelerisque, at vehicula nisi lacinia. Mauris id felis sed magna vestibulum efficitur. Sed convallis dolor eget eros consequat, non vehicula elit scelerisque. Quisque suscipit neque id justo fringilla vehicula.<\/span><\/p>\n<p>[\/et_pb_text][\/et_pb_column][\/et_pb_row][et_pb_row _builder_version=\u00a0\u00bb4.24.0&Prime; _module_preset=\u00a0\u00bbdefault\u00a0\u00bb width=\u00a0\u00bb75%\u00a0\u00bb width_tablet=\u00a0\u00bb75%\u00a0\u00bb width_phone=\u00a0\u00bb100%\u00a0\u00bb width_last_edited=\u00a0\u00bbon|phone\u00a0\u00bb custom_margin=\u00a0\u00bb65px||||false|false\u00a0\u00bb global_colors_info=\u00a0\u00bb{}\u00a0\u00bb][et_pb_column type=\u00a0\u00bb4_4&Prime; _builder_version=\u00a0\u00bb4.24.0&Prime; _module_preset=\u00a0\u00bbdefault\u00a0\u00bb global_colors_info=\u00a0\u00bb{}\u00a0\u00bb][et_pb_text admin_label=\u00a0\u00bbConseiller en Energie Partag\u00e9e\u00a0\u00bb _builder_version=\u00a0\u00bb4.24.0&Prime; _module_preset=\u00a0\u00bbdefault\u00a0\u00bb text_font=\u00a0\u00bb||||||||\u00a0\u00bb link_font=\u00a0\u00bb|700|||on||||\u00a0\u00bb link_text_color=\u00a0\u00bb#009CA6&Prime; header_font=\u00a0\u00bb||||||||\u00a0\u00bb header_text_color=\u00a0\u00bbgcid-a9d8e14e-2f78-408a-a83c-506939196b52&Prime; custom_margin=\u00a0\u00bb0px||20px||false|false\u00a0\u00bb custom_padding=\u00a0\u00bb0px||0px||false|false\u00a0\u00bb global_colors_info=\u00a0\u00bb{%22gcid-a9d8e14e-2f78-408a-a83c-506939196b52%22:%91%22header_text_color%22%93}\u00a0\u00bb link_text_color__hover=\u00a0\u00bb#A9C23F\u00a0\u00bb link_text_color__hover_enabled=\u00a0\u00bbon|hover\u00a0\u00bb]<\/p>\n<h2>Conseiller en Energie Partag\u00e9e<\/h2>\n<p>[\/et_pb_text][et_pb_text admin_label=\u00a0\u00bbTitre H3&Prime; _builder_version=\u00a0\u00bb4.24.0&Prime; _module_preset=\u00a0\u00bbdefault\u00a0\u00bb text_font=\u00a0\u00bb||||||||\u00a0\u00bb link_font=\u00a0\u00bb|700|||on||||\u00a0\u00bb link_text_color=\u00a0\u00bb#009CA6&Prime; header_font=\u00a0\u00bb||||||||\u00a0\u00bb header_text_color=\u00a0\u00bbgcid-a9d8e14e-2f78-408a-a83c-506939196b52&Prime; custom_margin=\u00a0\u00bb0px||20px||false|false\u00a0\u00bb custom_padding=\u00a0\u00bb0px||0px||false|false\u00a0\u00bb global_colors_info=\u00a0\u00bb{%22gcid-a9d8e14e-2f78-408a-a83c-506939196b52%22:%91%22header_text_color%22%93}\u00a0\u00bb link_text_color__hover=\u00a0\u00bb#A9C23F\u00a0\u00bb link_text_color__hover_enabled=\u00a0\u00bbon|hover\u00a0\u00bb]<\/p>\n<p><span style=\"color: #ff0000;\">Lorem ipsum dolor sit amet, consectetur adipiscing elit. Duis placerat nisi nec nisi scelerisque, at vehicula nisi lacinia. Mauris id felis sed magna vestibulum efficitur. Sed convallis dolor eget eros consequat, non vehicula elit scelerisque. Quisque suscipit neque id justo fringilla vehicula.<\/span><\/p>\n<p>[\/et_pb_text][\/et_pb_column][\/et_pb_row][et_pb_row _builder_version=\u00a0\u00bb4.24.0&Prime; _module_preset=\u00a0\u00bbdefault\u00a0\u00bb width=\u00a0\u00bb75%\u00a0\u00bb width_tablet=\u00a0\u00bb75%\u00a0\u00bb width_phone=\u00a0\u00bb100%\u00a0\u00bb width_last_edited=\u00a0\u00bbon|phone\u00a0\u00bb custom_margin=\u00a0\u00bb65px||||false|false\u00a0\u00bb global_colors_info=\u00a0\u00bb{}\u00a0\u00bb][et_pb_column type=\u00a0\u00bb4_4&Prime; _builder_version=\u00a0\u00bb4.24.0&Prime; _module_preset=\u00a0\u00bbdefault\u00a0\u00bb global_colors_info=\u00a0\u00bb{}\u00a0\u00bb][et_pb_text admin_label=\u00a0\u00bbTerritoire engag\u00e9 dans la transition \u00e9cologique\u00a0\u00bb _builder_version=\u00a0\u00bb4.24.0&Prime; _module_preset=\u00a0\u00bbdefault\u00a0\u00bb text_font=\u00a0\u00bb||||||||\u00a0\u00bb link_font=\u00a0\u00bb|700|||on||||\u00a0\u00bb link_text_color=\u00a0\u00bb#009CA6&Prime; header_font=\u00a0\u00bb||||||||\u00a0\u00bb header_text_color=\u00a0\u00bbgcid-a9d8e14e-2f78-408a-a83c-506939196b52&Prime; custom_margin=\u00a0\u00bb0px||20px||false|false\u00a0\u00bb custom_padding=\u00a0\u00bb0px||0px||false|false\u00a0\u00bb global_colors_info=\u00a0\u00bb{%22gcid-a9d8e14e-2f78-408a-a83c-506939196b52%22:%91%22header_text_color%22%93}\u00a0\u00bb link_text_color__hover=\u00a0\u00bb#A9C23F\u00a0\u00bb link_text_color__hover_enabled=\u00a0\u00bbon|hover\u00a0\u00bb]<\/p>\n<h2>Territoire engag\u00e9 dans la transition \u00e9cologique<\/h2>\n<p>[\/et_pb_text][et_pb_text admin_label=\u00a0\u00bbTitre H3&Prime; _builder_version=\u00a0\u00bb4.24.0&Prime; _module_preset=\u00a0\u00bbdefault\u00a0\u00bb text_font=\u00a0\u00bb||||||||\u00a0\u00bb link_font=\u00a0\u00bb|700|||on||||\u00a0\u00bb link_text_color=\u00a0\u00bb#009CA6&Prime; header_font=\u00a0\u00bb||||||||\u00a0\u00bb header_text_color=\u00a0\u00bbgcid-a9d8e14e-2f78-408a-a83c-506939196b52&Prime; custom_margin=\u00a0\u00bb0px||20px||false|false\u00a0\u00bb custom_padding=\u00a0\u00bb0px||0px||false|false\u00a0\u00bb global_colors_info=\u00a0\u00bb{%22gcid-a9d8e14e-2f78-408a-a83c-506939196b52%22:%91%22header_text_color%22%93}\u00a0\u00bb link_text_color__hover=\u00a0\u00bb#A9C23F\u00a0\u00bb link_text_color__hover_enabled=\u00a0\u00bbon|hover\u00a0\u00bb]<\/p>\n<p><span style=\"color: #ff0000;\">Lorem ipsum dolor sit amet, consectetur adipiscing elit. Duis placerat nisi nec nisi scelerisque, at vehicula nisi lacinia. Mauris id felis sed magna vestibulum efficitur. Sed convallis dolor eget eros consequat, non vehicula elit scelerisque. Quisque suscipit neque id justo fringilla vehicula.<\/span><\/p>\n<p>[\/et_pb_text][\/et_pb_column][\/et_pb_row][et_pb_row _builder_version=\u00a0\u00bb4.24.0&Prime; _module_preset=\u00a0\u00bbdefault\u00a0\u00bb width=\u00a0\u00bb75%\u00a0\u00bb width_tablet=\u00a0\u00bb75%\u00a0\u00bb width_phone=\u00a0\u00bb100%\u00a0\u00bb width_last_edited=\u00a0\u00bbon|phone\u00a0\u00bb custom_margin=\u00a0\u00bb65px||||false|false\u00a0\u00bb global_colors_info=\u00a0\u00bb{}\u00a0\u00bb][et_pb_column type=\u00a0\u00bb4_4&Prime; _builder_version=\u00a0\u00bb4.24.0&Prime; _module_preset=\u00a0\u00bbdefault\u00a0\u00bb global_colors_info=\u00a0\u00bb{}\u00a0\u00bb][et_pb_text admin_label=\u00a0\u00bbProgramme mobilit\u00e9\u00a0\u00bb _builder_version=\u00a0\u00bb4.24.0&Prime; _module_preset=\u00a0\u00bbdefault\u00a0\u00bb text_font=\u00a0\u00bb||||||||\u00a0\u00bb link_font=\u00a0\u00bb|700|||on||||\u00a0\u00bb link_text_color=\u00a0\u00bb#009CA6&Prime; header_font=\u00a0\u00bb||||||||\u00a0\u00bb header_text_color=\u00a0\u00bbgcid-a9d8e14e-2f78-408a-a83c-506939196b52&Prime; custom_margin=\u00a0\u00bb0px||20px||false|false\u00a0\u00bb custom_padding=\u00a0\u00bb0px||0px||false|false\u00a0\u00bb global_colors_info=\u00a0\u00bb{%22gcid-a9d8e14e-2f78-408a-a83c-506939196b52%22:%91%22header_text_color%22%93}\u00a0\u00bb link_text_color__hover=\u00a0\u00bb#A9C23F\u00a0\u00bb link_text_color__hover_enabled=\u00a0\u00bbon|hover\u00a0\u00bb]<\/p>\n<h2>Programme mobilit\u00e9<\/h2>\n<p>[\/et_pb_text][et_pb_text admin_label=\u00a0\u00bbTitre H3&Prime; _builder_version=\u00a0\u00bb4.24.0&Prime; _module_preset=\u00a0\u00bbdefault\u00a0\u00bb text_font=\u00a0\u00bb||||||||\u00a0\u00bb link_font=\u00a0\u00bb|700|||on||||\u00a0\u00bb link_text_color=\u00a0\u00bb#009CA6&Prime; header_font=\u00a0\u00bb||||||||\u00a0\u00bb header_text_color=\u00a0\u00bbgcid-a9d8e14e-2f78-408a-a83c-506939196b52&Prime; custom_margin=\u00a0\u00bb0px||20px||false|false\u00a0\u00bb custom_padding=\u00a0\u00bb0px||0px||false|false\u00a0\u00bb global_colors_info=\u00a0\u00bb{%22gcid-a9d8e14e-2f78-408a-a83c-506939196b52%22:%91%22header_text_color%22%93}\u00a0\u00bb link_text_color__hover=\u00a0\u00bb#A9C23F\u00a0\u00bb link_text_color__hover_enabled=\u00a0\u00bbon|hover\u00a0\u00bb]<\/p>\n<p><span style=\"color: #ff0000;\">Lorem ipsum dolor sit amet, consectetur adipiscing elit. Duis placerat nisi nec nisi scelerisque, at vehicula nisi lacinia. Mauris id felis sed magna vestibulum efficitur. Sed convallis dolor eget eros consequat, non vehicula elit scelerisque. Quisque suscipit neque id justo fringilla vehicula.<\/span><\/p>\n<p>[\/et_pb_text][et_pb_button button_url=\u00a0\u00bb#\u00a0\u00bb button_text=\u00a0\u00bbLien vers Transport et d\u00e9placement\u201d  \u201cCovoiturage\u00a0\u00bb button_alignment=\u00a0\u00bbleft\u00a0\u00bb _builder_version=\u00a0\u00bb4.24.0&Prime; _module_preset=\u00a0\u00bbdefault\u00a0\u00bb custom_button=\u00a0\u00bbon\u00a0\u00bb button_text_color=\u00a0\u00bb#FFFFFF\u00a0\u00bb button_bg_color=\u00a0\u00bbgcid-a9d8e14e-2f78-408a-a83c-506939196b52&Prime; button_border_width=\u00a0\u00bb0px\u00a0\u00bb button_border_radius=\u00a0\u00bb50px\u00a0\u00bb button_font=\u00a0\u00bbAnek Odia|||on|||||\u00a0\u00bb button_icon=\u00a0\u00bb&#x24;||divi||400&Prime; button_icon_color=\u00a0\u00bb#FFFFFF\u00a0\u00bb button_on_hover=\u00a0\u00bboff\u00a0\u00bb position_origin_a=\u00a0\u00bbbottom_center\u00a0\u00bb custom_padding=\u00a0\u00bb15px||10px||false|false\u00a0\u00bb button_text_size_tablet=\u00a0\u00bb\u00a0\u00bb button_text_size_phone=\u00a0\u00bb17px\u00a0\u00bb button_text_size_last_edited=\u00a0\u00bbon|phone\u00a0\u00bb custom_css_main_element=\u00a0\u00bbtext-decoration:none!important;\u00a0\u00bb locked=\u00a0\u00bboff\u00a0\u00bb global_colors_info=\u00a0\u00bb{%22gcid-a9d8e14e-2f78-408a-a83c-506939196b52%22:%91%22button_bg_color%22,%22button_text_color__hover%22,%22button_icon_color__hover%22%93,%22gcid-cb91e05a-a65b-4604-a848-3eebeb47b543%22:%91%22button_bg_color__hover%22%93}\u00a0\u00bb button_bg_color__hover_enabled=\u00a0\u00bbon|hover\u00a0\u00bb button_bg_color__hover=\u00a0\u00bb#c0d82f\u00a0\u00bb button_bg_enable_color__hover=\u00a0\u00bbon\u00a0\u00bb button_text_color__hover_enabled=\u00a0\u00bbon|hover\u00a0\u00bb button_text_color__hover=\u00a0\u00bb#006071&Prime; button_icon_color__hover_enabled=\u00a0\u00bbon|hover\u00a0\u00bb button_icon_color__hover=\u00a0\u00bb#006071&Prime;][\/et_pb_button][\/et_pb_column][\/et_pb_row][\/et_pb_section][et_pb_section fb_built=\u00a0\u00bb1&Prime; module_id=\u00a0\u00bbplpd\u00a0\u00bb _builder_version=\u00a0\u00bb4.24.0&Prime; _module_preset=\u00a0\u00bbdefault\u00a0\u00bb background_enable_color=\u00a0\u00bboff\u00a0\u00bb locked=\u00a0\u00bboff\u00a0\u00bb global_colors_info=\u00a0\u00bb{%22gcid-a4870473-0ec3-40e3-b68b-386afbb8d1b5%22:%91%22background_color%22%93}\u00a0\u00bb][et_pb_row _builder_version=\u00a0\u00bb4.24.0&Prime; _module_preset=\u00a0\u00bbdefault\u00a0\u00bb width=\u00a0\u00bb75%\u00a0\u00bb width_tablet=\u00a0\u00bb75%\u00a0\u00bb width_phone=\u00a0\u00bb100%\u00a0\u00bb width_last_edited=\u00a0\u00bbon|phone\u00a0\u00bb custom_margin=\u00a0\u00bb40px||||false|false\u00a0\u00bb global_colors_info=\u00a0\u00bb{}\u00a0\u00bb][et_pb_column type=\u00a0\u00bb4_4&Prime; _builder_version=\u00a0\u00bb4.24.0&Prime; _module_preset=\u00a0\u00bbdefault\u00a0\u00bb global_colors_info=\u00a0\u00bb{}\u00a0\u00bb][et_pb_text admin_label=\u00a0\u00bbProgramme local de pr\u00e9vention des d\u00e9chets\u00a0\u00bb _builder_version=\u00a0\u00bb4.24.0&Prime; _module_preset=\u00a0\u00bbdefault\u00a0\u00bb text_font=\u00a0\u00bb||||||||\u00a0\u00bb header_font=\u00a0\u00bb||||||||\u00a0\u00bb header_text_color=\u00a0\u00bbgcid-a9d8e14e-2f78-408a-a83c-506939196b52&Prime; custom_margin=\u00a0\u00bb0px||0px||false|false\u00a0\u00bb custom_padding=\u00a0\u00bb0px||0px||true|false\u00a0\u00bb global_colors_info=\u00a0\u00bb{%22gcid-a9d8e14e-2f78-408a-a83c-506939196b52%22:%91%22header_text_color%22%93}\u00a0\u00bb]<\/p>\n<h2>Programme local de pr\u00e9vention des d\u00e9chets et assimil\u00e9s (PLPDMA)<\/h2>\n<p>[\/et_pb_text][et_pb_text _builder_version=\u00a0\u00bb4.24.0&Prime; _module_preset=\u00a0\u00bbdefault\u00a0\u00bb global_colors_info=\u00a0\u00bb{}\u00a0\u00bb]<\/p>\n<p><span data-contrast=\"none\"><\/span><span data-contrast=\"none\">La Communaut\u00e9 de Communes Sundgau s\u2019engage dans la r\u00e9duction \u00e0 la source des d\u00e9chets \u00e0 travers l\u2019\u00e9laboration d\u2019un Programme Local de Pr\u00e9vention des D\u00e9chets M\u00e9nagers et Assimil\u00e9s (PLPDMA) adapt\u00e9 aux sp\u00e9cificit\u00e9s du territoire. Le PLPDMA est la feuille de route pour travailler avec les acteurs du territoire \u00e0 la r\u00e9duction des d\u00e9chets d\u2019ici 2030. Cliquer sur le lien suivant pour conna\u00eetre les actions men\u00e9es dans le cadre du PLPDMA. <\/span><span data-ccp-props=\"{&quot;201341983&quot;:0,&quot;335551550&quot;:6,&quot;335551620&quot;:6,&quot;335557856&quot;:14277081,&quot;335559739&quot;:160,&quot;335559740&quot;:259,&quot;335572083&quot;:4,&quot;335572084&quot;:4,&quot;335572085&quot;:4278190080,&quot;469789810&quot;:&quot;single&quot;}\">\u00a0<\/span><\/p>\n<p>[\/et_pb_text][et_pb_button button_url=\u00a0\u00bbhttps:\/\/www.auctavia.fr\/aucta21\/vos-services\/dechets\/programme-local-de-prevention-des-dechets-menagers-et-assimiles\/\u00a0\u00bb button_text=\u00a0\u00bbD\u00e9couvrir le PLPDMA\u00a0\u00bb button_alignment=\u00a0\u00bbright\u00a0\u00bb button_alignment_tablet=\u00a0\u00bbleft\u00a0\u00bb button_alignment_phone=\u00a0\u00bbcenter\u00a0\u00bb button_alignment_last_edited=\u00a0\u00bbon|phone\u00a0\u00bb _builder_version=\u00a0\u00bb4.24.0&Prime; _module_preset=\u00a0\u00bbdefault\u00a0\u00bb custom_button=\u00a0\u00bbon\u00a0\u00bb button_text_color=\u00a0\u00bb#FFFFFF\u00a0\u00bb button_bg_color=\u00a0\u00bbgcid-a9d8e14e-2f78-408a-a83c-506939196b52&Prime; button_border_width=\u00a0\u00bb0px\u00a0\u00bb button_border_radius=\u00a0\u00bb50px\u00a0\u00bb button_font=\u00a0\u00bbAnek Odia|||on|||||\u00a0\u00bb button_icon=\u00a0\u00bb&#x24;||divi||400&Prime; button_icon_color=\u00a0\u00bb#FFFFFF\u00a0\u00bb button_on_hover=\u00a0\u00bboff\u00a0\u00bb position_origin_a=\u00a0\u00bbbottom_center\u00a0\u00bb custom_padding=\u00a0\u00bb15px||10px||false|false\u00a0\u00bb button_text_size_tablet=\u00a0\u00bb\u00a0\u00bb button_text_size_phone=\u00a0\u00bb17px\u00a0\u00bb button_text_size_last_edited=\u00a0\u00bbon|phone\u00a0\u00bb custom_css_main_element=\u00a0\u00bbtext-decoration: none!important;||\u00a0\u00bb locked=\u00a0\u00bboff\u00a0\u00bb global_colors_info=\u00a0\u00bb{%22gcid-a9d8e14e-2f78-408a-a83c-506939196b52%22:%91%22button_bg_color%22,%22button_text_color__hover%22,%22button_icon_color__hover%22%93,%22gcid-cb91e05a-a65b-4604-a848-3eebeb47b543%22:%91%22button_bg_color__hover%22%93}\u00a0\u00bb button_bg_color__hover_enabled=\u00a0\u00bbon|hover\u00a0\u00bb button_bg_color__hover=\u00a0\u00bb#c0d82f\u00a0\u00bb button_bg_enable_color__hover=\u00a0\u00bbon\u00a0\u00bb button_text_color__hover_enabled=\u00a0\u00bbon|hover\u00a0\u00bb button_text_color__hover=\u00a0\u00bb#006071&Prime; button_icon_color__hover_enabled=\u00a0\u00bbon|hover\u00a0\u00bb button_icon_color__hover=\u00a0\u00bb#006071&Prime;][\/et_pb_button][et_pb_code _builder_version=\u00a0\u00bb4.24.0&Prime; _module_preset=\u00a0\u00bbdefault\u00a0\u00bb background_color=\u00a0\u00bb#FA7921&Prime; global_colors_info=\u00a0\u00bb{}\u00a0\u00bb][\/et_pb_code][et_pb_code _builder_version=\u00a0\u00bb4.24.0&Prime; _module_preset=\u00a0\u00bbdefault\u00a0\u00bb background_color=\u00a0\u00bb#FA7921&Prime; global_colors_info=\u00a0\u00bb{}\u00a0\u00bb][\/et_pb_code][\/et_pb_column][\/et_pb_row][\/et_pb_section][et_pb_section fb_built=\u00a0\u00bb1&Prime; _builder_version=\u00a0\u00bb4.24.0&Prime; _module_preset=\u00a0\u00bbdefault\u00a0\u00bb global_colors_info=\u00a0\u00bb{}\u00a0\u00bb][et_pb_row _builder_version=\u00a0\u00bb4.24.0&Prime; _module_preset=\u00a0\u00bbdefault\u00a0\u00bb width=\u00a0\u00bb75%\u00a0\u00bb width_tablet=\u00a0\u00bb75%\u00a0\u00bb width_phone=\u00a0\u00bb100%\u00a0\u00bb width_last_edited=\u00a0\u00bbon|phone\u00a0\u00bb custom_margin=\u00a0\u00bb40px||||false|false\u00a0\u00bb global_colors_info=\u00a0\u00bb{}\u00a0\u00bb][et_pb_column type=\u00a0\u00bb4_4&Prime; _builder_version=\u00a0\u00bb4.24.0&Prime; _module_preset=\u00a0\u00bbdefault\u00a0\u00bb global_colors_info=\u00a0\u00bb{}\u00a0\u00bb][et_pb_text admin_label=\u00a0\u00bbContact\u00a0\u00bb _builder_version=\u00a0\u00bb4.24.0&Prime; _module_preset=\u00a0\u00bbdefault\u00a0\u00bb text_font=\u00a0\u00bb||||||||\u00a0\u00bb link_font=\u00a0\u00bb|700|||on||||\u00a0\u00bb link_text_color=\u00a0\u00bb#009CA6&Prime; header_font=\u00a0\u00bb||||||||\u00a0\u00bb header_text_color=\u00a0\u00bbgcid-a9d8e14e-2f78-408a-a83c-506939196b52&Prime; custom_margin=\u00a0\u00bb0px||20px||false|false\u00a0\u00bb custom_padding=\u00a0\u00bb0px||0px||false|false\u00a0\u00bb global_colors_info=\u00a0\u00bb{%22gcid-a9d8e14e-2f78-408a-a83c-506939196b52%22:%91%22header_text_color%22%93}\u00a0\u00bb link_text_color__hover=\u00a0\u00bb#A9C23F\u00a0\u00bb link_text_color__hover_enabled=\u00a0\u00bbon|hover\u00a0\u00bb]<\/p>\n<h2\n>Contact<\/h2>\n<p>[\/et_pb_text][\/et_pb_column][\/et_pb_row][et_pb_row column_structure=\u00a0\u00bb1_3,1_3,1_3&Prime; custom_padding_last_edited=\u00a0\u00bbon|phone\u00a0\u00bb admin_label=\u00a0\u00bbligne coordonn\u00e9s\u00a0\u00bb _builder_version=\u00a0\u00bb4.24.0&Prime; _module_preset=\u00a0\u00bbdefault\u00a0\u00bb background_color=\u00a0\u00bb#EFEFEF\u00a0\u00bb width=\u00a0\u00bb75%\u00a0\u00bb width_tablet=\u00a0\u00bb75%\u00a0\u00bb width_phone=\u00a0\u00bb100%\u00a0\u00bb width_last_edited=\u00a0\u00bbon|phone\u00a0\u00bb custom_padding=\u00a0\u00bb40px|80px|40px|40px|true|false\u00a0\u00bb custom_padding_tablet=\u00a0\u00bb20px||20px|20px|true|false\u00a0\u00bb custom_padding_phone=\u00a0\u00bb20px|20px|20px|20px|true|false\u00a0\u00bb border_radii=\u00a0\u00bbon|25px|25px|25px|25px\u00a0\u00bb locked=\u00a0\u00bboff\u00a0\u00bb global_colors_info=\u00a0\u00bb{}\u00a0\u00bb custom_css_main_element_last_edited=\u00a0\u00bbon|desktop\u00a0\u00bb custom_css_main_element_tablet=\u00a0\u00bbdisplay:flex;\u00a0\u00bb custom_css_main_element_phone=\u00a0\u00bbdisplay:block;\u00a0\u00bb][et_pb_column type=\u00a0\u00bb1_3&Prime; _builder_version=\u00a0\u00bb4.24.0&Prime; _module_preset=\u00a0\u00bbdefault\u00a0\u00bb global_colors_info=\u00a0\u00bb{}\u00a0\u00bb][et_pb_code _builder_version=\u00a0\u00bb4.24.0&Prime; _module_preset=\u00a0\u00bbdefault\u00a0\u00bb border_radii=\u00a0\u00bbon|25px|25px|25px|25px\u00a0\u00bb locked=\u00a0\u00bboff\u00a0\u00bb global_colors_info=\u00a0\u00bb{}\u00a0\u00bb]<iframe src=\"https:\/\/www.google.com\/maps\/embed?pb=!1m18!1m12!1m3!1d2689.0672863175328!2d7.226522099999999!3d47.62482329999999!2m3!1f0!2f0!3f0!3m2!1i1024!2i768!4f13.1!3m3!1m2!1s0x47918e71d8fbed9d%3A0x1b4bfa26877ce52f!2sCommunaut%C3%A9%20de%20Communes%20Sundgau!5e0!3m2!1sfr!2sfr!4v1707493282645!5m2!1sfr!2sfr\" width=\"400\" height=\"300\" style=\"border:0;\" allowfullscreen=\"\" loading=\"lazy\" referrerpolicy=\"no-referrer-when-downgrade\"><\/iframe>[\/et_pb_code][\/et_pb_column][et_pb_column type=\u00a0\u00bb1_3&Prime; _builder_version=\u00a0\u00bb4.24.0&Prime; _module_preset=\u00a0\u00bbdefault\u00a0\u00bb global_colors_info=\u00a0\u00bb{}\u00a0\u00bb][et_pb_text _builder_version=\u00a0\u00bb4.24.0&Prime; _module_preset=\u00a0\u00bbdefault\u00a0\u00bb text_font=\u00a0\u00bb||||||||\u00a0\u00bb link_font=\u00a0\u00bb|700|||on||||\u00a0\u00bb link_text_color=\u00a0\u00bb#009CA6&Prime; custom_css_free_form=\u00a0\u00bb.selector p{||font-size:25px;||}||@media (max-width:980px){selector p {font-size:20px!important;}}\u00a0\u00bb global_colors_info=\u00a0\u00bb{}\u00a0\u00bb link_text_color__hover=\u00a0\u00bb#A9C23F\u00a0\u00bb link_text_color__hover_enabled=\u00a0\u00bbon|hover\u00a0\u00bb]<\/p>\n<p><strong>Rachel Mandaglio<\/strong><\/p>\n<p>[\/et_pb_text][et_pb_blurb title=\u00a0\u00bb03 89 08 36 20 \u00a0\u00bb use_icon=\u00a0\u00bbon\u00a0\u00bb font_icon=\u00a0\u00bb&#xe090;||divi||400&Prime; icon_placement=\u00a0\u00bbleft\u00a0\u00bb image_icon_width=\u00a0\u00bb31px\u00a0\u00bb content_max_width=\u00a0\u00bb100%\u00a0\u00bb admin_label=\u00a0\u00bbT\u00e9l\u00e9phone \u00a0\u00bb _builder_version=\u00a0\u00bb4.24.0&Prime; _module_preset=\u00a0\u00bbdefault\u00a0\u00bb header_level=\u00a0\u00bbh6&Prime; header_text_color=\u00a0\u00bb#000000&Prime; header_font_size=\u00a0\u00bb18px\u00a0\u00bb custom_margin=\u00a0\u00bb0px||15px||false|false\u00a0\u00bb custom_padding=\u00a0\u00bb0px||0px||true|false\u00a0\u00bb link_option_url=\u00a0\u00bbTel:03 89 08 36 20 \u00a0\u00bb custom_css_main_element=\u00a0\u00bb||\u00a0\u00bb custom_css_free_form=\u00a0\u00bbselector h6{|| padding-top:10px;||}\u00a0\u00bb locked=\u00a0\u00bboff\u00a0\u00bb global_colors_info=\u00a0\u00bb{%22gcid-a9d8e14e-2f78-408a-a83c-506939196b52%22:%91%22icon_color%22,%22icon_color%22%93}\u00a0\u00bb][\/et_pb_blurb][\/et_pb_column][et_pb_column type=\u00a0\u00bb1_3&Prime; _builder_version=\u00a0\u00bb4.24.0&Prime; _module_preset=\u00a0\u00bbdefault\u00a0\u00bb global_colors_info=\u00a0\u00bb{}\u00a0\u00bb][et_pb_text _builder_version=\u00a0\u00bb4.24.0&Prime; _module_preset=\u00a0\u00bbdefault\u00a0\u00bb text_font=\u00a0\u00bb||||||||\u00a0\u00bb link_font=\u00a0\u00bb|700|||on||||\u00a0\u00bb link_text_color=\u00a0\u00bb#009CA6&Prime; custom_css_free_form=\u00a0\u00bb.selector p{||font-size:25px;||}||@media (max-width:980px){selector p {font-size:20px!important;}}\u00a0\u00bb global_colors_info=\u00a0\u00bb{}\u00a0\u00bb link_text_color__hover=\u00a0\u00bb#A9C23F\u00a0\u00bb link_text_color__hover_enabled=\u00a0\u00bbon|hover\u00a0\u00bb]<\/p>\n<p><strong>Nous contacter<\/strong><\/p>\n<p>[\/et_pb_text][et_pb_contact_form captcha=\u00a0\u00bboff\u00a0\u00bb email=\u00a0\u00bbnatura2000ja@cc-sundgau.fr \u00a0\u00bb _builder_version=\u00a0\u00bb4.24.0&Prime; _module_preset=\u00a0\u00bbdefault\u00a0\u00bb _unique_id=\u00a0\u00bb4536c032-e40c-4cff-afab-fb5190467c07&Prime; form_field_background_color=\u00a0\u00bbrgba(0,96,113,0.04)\u00a0\u00bb custom_button=\u00a0\u00bbon\u00a0\u00bb button_text_color=\u00a0\u00bb#FFFFFF\u00a0\u00bb button_bg_color=\u00a0\u00bb#006071&Prime; button_border_width=\u00a0\u00bb0px\u00a0\u00bb button_border_radius=\u00a0\u00bb15px\u00a0\u00bb button_icon=\u00a0\u00bb&#x24;||divi||400&Prime; button_on_hover=\u00a0\u00bboff\u00a0\u00bb global_colors_info=\u00a0\u00bb{}\u00a0\u00bb button_bg_color__hover_enabled=\u00a0\u00bbon|desktop\u00a0\u00bb button_bg_color__hover=\u00a0\u00bb#A9C23F\u00a0\u00bb button_bg_enable_color__hover=\u00a0\u00bbon\u00a0\u00bb][et_pb_contact_field field_id=\u00a0\u00bbName\u00a0\u00bb field_title=\u00a0\u00bbNom\u00a0\u00bb _builder_version=\u00a0\u00bb4.16&Prime; global_colors_info=\u00a0\u00bb{}\u00a0\u00bb button_text_size__hover_enabled=\u00a0\u00bboff\u00a0\u00bb button_one_text_size__hover_enabled=\u00a0\u00bboff\u00a0\u00bb button_two_text_size__hover_enabled=\u00a0\u00bboff\u00a0\u00bb button_text_color__hover_enabled=\u00a0\u00bboff\u00a0\u00bb button_one_text_color__hover_enabled=\u00a0\u00bboff\u00a0\u00bb button_two_text_color__hover_enabled=\u00a0\u00bboff\u00a0\u00bb button_border_width__hover_enabled=\u00a0\u00bboff\u00a0\u00bb button_one_border_width__hover_enabled=\u00a0\u00bboff\u00a0\u00bb button_two_border_width__hover_enabled=\u00a0\u00bboff\u00a0\u00bb button_border_color__hover_enabled=\u00a0\u00bboff\u00a0\u00bb button_one_border_color__hover_enabled=\u00a0\u00bboff\u00a0\u00bb button_two_border_color__hover_enabled=\u00a0\u00bboff\u00a0\u00bb button_border_radius__hover_enabled=\u00a0\u00bboff\u00a0\u00bb button_one_border_radius__hover_enabled=\u00a0\u00bboff\u00a0\u00bb button_two_border_radius__hover_enabled=\u00a0\u00bboff\u00a0\u00bb button_letter_spacing__hover_enabled=\u00a0\u00bboff\u00a0\u00bb button_one_letter_spacing__hover_enabled=\u00a0\u00bboff\u00a0\u00bb button_two_letter_spacing__hover_enabled=\u00a0\u00bboff\u00a0\u00bb button_bg_color__hover_enabled=\u00a0\u00bboff\u00a0\u00bb button_one_bg_color__hover_enabled=\u00a0\u00bboff\u00a0\u00bb button_two_bg_color__hover_enabled=\u00a0\u00bboff\u00a0\u00bb][\/et_pb_contact_field][et_pb_contact_field field_id=\u00a0\u00bbEmail\u00a0\u00bb field_title=\u00a0\u00bbAdresse e-mail\u00a0\u00bb field_type=\u00a0\u00bbemail\u00a0\u00bb _builder_version=\u00a0\u00bb4.24.0&Prime; global_colors_info=\u00a0\u00bb{}\u00a0\u00bb button_text_size__hover_enabled=\u00a0\u00bboff\u00a0\u00bb button_one_text_size__hover_enabled=\u00a0\u00bboff\u00a0\u00bb button_two_text_size__hover_enabled=\u00a0\u00bboff\u00a0\u00bb button_text_color__hover_enabled=\u00a0\u00bboff\u00a0\u00bb button_one_text_color__hover_enabled=\u00a0\u00bboff\u00a0\u00bb button_two_text_color__hover_enabled=\u00a0\u00bboff\u00a0\u00bb button_border_width__hover_enabled=\u00a0\u00bboff\u00a0\u00bb button_one_border_width__hover_enabled=\u00a0\u00bboff\u00a0\u00bb button_two_border_width__hover_enabled=\u00a0\u00bboff\u00a0\u00bb button_border_color__hover_enabled=\u00a0\u00bboff\u00a0\u00bb button_one_border_color__hover_enabled=\u00a0\u00bboff\u00a0\u00bb button_two_border_color__hover_enabled=\u00a0\u00bboff\u00a0\u00bb button_border_radius__hover_enabled=\u00a0\u00bboff\u00a0\u00bb button_one_border_radius__hover_enabled=\u00a0\u00bboff\u00a0\u00bb button_two_border_radius__hover_enabled=\u00a0\u00bboff\u00a0\u00bb button_letter_spacing__hover_enabled=\u00a0\u00bboff\u00a0\u00bb button_one_letter_spacing__hover_enabled=\u00a0\u00bboff\u00a0\u00bb button_two_letter_spacing__hover_enabled=\u00a0\u00bboff\u00a0\u00bb button_bg_color__hover_enabled=\u00a0\u00bboff\u00a0\u00bb button_one_bg_color__hover_enabled=\u00a0\u00bboff\u00a0\u00bb button_two_bg_color__hover_enabled=\u00a0\u00bboff\u00a0\u00bb][\/et_pb_contact_field][et_pb_contact_field field_id=\u00a0\u00bbMessage\u00a0\u00bb field_title=\u00a0\u00bbMessage\u00a0\u00bb field_type=\u00a0\u00bbtext\u00a0\u00bb fullwidth_field=\u00a0\u00bbon\u00a0\u00bb _builder_version=\u00a0\u00bb4.16&Prime; global_colors_info=\u00a0\u00bb{}\u00a0\u00bb button_text_size__hover_enabled=\u00a0\u00bboff\u00a0\u00bb button_one_text_size__hover_enabled=\u00a0\u00bboff\u00a0\u00bb button_two_text_size__hover_enabled=\u00a0\u00bboff\u00a0\u00bb button_text_color__hover_enabled=\u00a0\u00bboff\u00a0\u00bb button_one_text_color__hover_enabled=\u00a0\u00bboff\u00a0\u00bb button_two_text_color__hover_enabled=\u00a0\u00bboff\u00a0\u00bb button_border_width__hover_enabled=\u00a0\u00bboff\u00a0\u00bb button_one_border_width__hover_enabled=\u00a0\u00bboff\u00a0\u00bb button_two_border_width__hover_enabled=\u00a0\u00bboff\u00a0\u00bb button_border_color__hover_enabled=\u00a0\u00bboff\u00a0\u00bb button_one_border_color__hover_enabled=\u00a0\u00bboff\u00a0\u00bb button_two_border_color__hover_enabled=\u00a0\u00bboff\u00a0\u00bb button_border_radius__hover_enabled=\u00a0\u00bboff\u00a0\u00bb button_one_border_radius__hover_enabled=\u00a0\u00bboff\u00a0\u00bb button_two_border_radius__hover_enabled=\u00a0\u00bboff\u00a0\u00bb button_letter_spacing__hover_enabled=\u00a0\u00bboff\u00a0\u00bb button_one_letter_spacing__hover_enabled=\u00a0\u00bboff\u00a0\u00bb button_two_letter_spacing__hover_enabled=\u00a0\u00bboff\u00a0\u00bb button_bg_color__hover_enabled=\u00a0\u00bboff\u00a0\u00bb button_one_bg_color__hover_enabled=\u00a0\u00bboff\u00a0\u00bb button_two_bg_color__hover_enabled=\u00a0\u00bboff\u00a0\u00bb][\/et_pb_contact_field][\/et_pb_contact_form][\/et_pb_column][\/et_pb_row][\/et_pb_section]<\/p>\n","protected":false},"excerpt":{"rendered":"<p>Plans et programmes d\u2019actions[wpseo_breadcrumb]Plans et programmes d&rsquo;actions mis en \u0153uvre sur le territoire SundgauL\u2019action environnementale de la Communaut\u00e9 de Communes Sundgau s\u2019appuie sur diff\u00e9rents programmes et plans d&rsquo;actions.Plan Climat Air \u00c9nergie Territorial &#8211; document cadre de la CCSContrat Territorial Eau et ClimatLe Sundgau se distingue en tant que territoire o\u00f9 l&rsquo;eau, sous toutes ses formes, [&hellip;]<\/p>\n","protected":false},"author":1,"featured_media":0,"parent":987526495,"menu_order":0,"comment_status":"closed","ping_status":"closed","template":"","meta":{"_acf_changed":false,"_et_pb_use_builder":"on","_et_pb_old_content":"","_et_gb_content_width":"","footnotes":""},"class_list":["post-987521811","page","type-page","status-publish","hentry"],"acf":[],"_links":{"self":[{"href":"https:\/\/www.auctavia.fr\/aucta21\/wp-json\/wp\/v2\/pages\/987521811","targetHints":{"allow":["GET"]}}],"collection":[{"href":"https:\/\/www.auctavia.fr\/aucta21\/wp-json\/wp\/v2\/pages"}],"about":[{"href":"https:\/\/www.auctavia.fr\/aucta21\/wp-json\/wp\/v2\/types\/page"}],"author":[{"embeddable":true,"href":"https:\/\/www.auctavia.fr\/aucta21\/wp-json\/wp\/v2\/users\/1"}],"replies":[{"embeddable":true,"href":"https:\/\/www.auctavia.fr\/aucta21\/wp-json\/wp\/v2\/comments?post=987521811"}],"version-history":[{"count":46,"href":"https:\/\/www.auctavia.fr\/aucta21\/wp-json\/wp\/v2\/pages\/987521811\/revisions"}],"predecessor-version":[{"id":987528332,"href":"https:\/\/www.auctavia.fr\/aucta21\/wp-json\/wp\/v2\/pages\/987521811\/revisions\/987528332"}],"up":[{"embeddable":true,"href":"https:\/\/www.auctavia.fr\/aucta21\/wp-json\/wp\/v2\/pages\/987526495"}],"wp:attachment":[{"href":"https:\/\/www.auctavia.fr\/aucta21\/wp-json\/wp\/v2\/media?parent=987521811"}],"curies":[{"name":"wp","href":"https:\/\/api.w.org\/{rel}","templated":true}]}}