{"id":987521587,"date":"2024-01-15T16:30:46","date_gmt":"2024-01-15T15:30:46","guid":{"rendered":"https:\/\/www.auctavia.fr\/aucta21\/?page_id=987521587"},"modified":"2024-07-05T16:02:15","modified_gmt":"2024-07-05T14:02:15","slug":"conseil","status":"publish","type":"page","link":"https:\/\/www.auctavia.fr\/aucta21\/la-ccs-vous\/instances-communautaires\/conseil\/","title":{"rendered":"Conseil de communaut\u00e9"},"content":{"rendered":"<p>[et_pb_section fb_built=\u00a0\u00bb1&Prime; module_class=\u00a0\u00bbpa-custom-background-mask-1 margin\u00a0\u00bb _builder_version=\u00a0\u00bb4.24.0&Prime; _module_preset=\u00a0\u00bbdefault\u00a0\u00bb use_background_color_gradient=\u00a0\u00bbon\u00a0\u00bb background_color_gradient_direction=\u00a0\u00bb90deg\u00a0\u00bb background_color_gradient_stops=\u00a0\u00bbrgba(0,0,0,0.75) 0%|rgba(255,255,255,0) 75%\u00a0\u00bb background_color_gradient_overlays_image=\u00a0\u00bbon\u00a0\u00bb background_image=\u00a0\u00bbhttps:\/\/www.auctavia.fr\/aucta21\/wp-content\/uploads\/2024\/04\/Le-conseil.jpg\u00a0\u00bb background_enable_mask_style=\u00a0\u00bbon\u00a0\u00bb background_mask_size=\u00a0\u00bbcustom\u00a0\u00bb background_mask_position=\u00a0\u00bbcenter_right\u00a0\u00bb min_height=\u00a0\u00bb768px\u00a0\u00bb custom_margin=\u00a0\u00bb0px||0px||true|false\u00a0\u00bb custom_padding=\u00a0\u00bb0px||0px||true|false\u00a0\u00bb custom_css_main_element=\u00a0\u00bbmargin-top:0px !important;\u00a0\u00bb global_colors_info=\u00a0\u00bb{}\u00a0\u00bb][et_pb_row _builder_version=\u00a0\u00bb4.24.0&Prime; _module_preset=\u00a0\u00bbdefault\u00a0\u00bb module_alignment=\u00a0\u00bbcenter\u00a0\u00bb custom_margin=\u00a0\u00bb||||false|false\u00a0\u00bb custom_padding=\u00a0\u00bb0px|0px|0px|0px|true|true\u00a0\u00bb global_colors_info=\u00a0\u00bb{}\u00a0\u00bb][et_pb_column type=\u00a0\u00bb4_4&Prime; _builder_version=\u00a0\u00bb4.24.0&Prime; _module_preset=\u00a0\u00bbdefault\u00a0\u00bb global_colors_info=\u00a0\u00bb{}\u00a0\u00bb][et_pb_text admin_label=\u00a0\u00bbTitre de la page H1&Prime; _builder_version=\u00a0\u00bb4.24.0&Prime; _module_preset=\u00a0\u00bbdefault\u00a0\u00bb width=\u00a0\u00bb550px\u00a0\u00bb width_tablet=\u00a0\u00bbauto\u00a0\u00bb width_phone=\u00a0\u00bbauto\u00a0\u00bb width_last_edited=\u00a0\u00bbon|phone\u00a0\u00bb max_width=\u00a0\u00bb100%\u00a0\u00bb max_width_tablet=\u00a0\u00bb100%\u00a0\u00bb max_width_phone=\u00a0\u00bb100%\u00a0\u00bb max_width_last_edited=\u00a0\u00bbon|tablet\u00a0\u00bb custom_margin=\u00a0\u00bb300px||0px|0px|false|false\u00a0\u00bb custom_margin_tablet=\u00a0\u00bb|||40px|false|false\u00a0\u00bb custom_margin_phone=\u00a0\u00bb|||40px|false|false\u00a0\u00bb custom_margin_last_edited=\u00a0\u00bbon|phone\u00a0\u00bb custom_padding=\u00a0\u00bb0px||0px||true|false\u00a0\u00bb global_colors_info=\u00a0\u00bb{}\u00a0\u00bb]<\/p>\n<h1>Conseil communautaire<\/h1>\n<p>[\/et_pb_text][et_pb_text admin_label=\u00a0\u00bbChapo introductif\u00a0\u00bb module_class=\u00a0\u00bbdescription\u00a0\u00bb _builder_version=\u00a0\u00bb4.24.0&Prime; _module_preset=\u00a0\u00bbdefault\u00a0\u00bb text_font=\u00a0\u00bb||||||||\u00a0\u00bb text_text_color=\u00a0\u00bb#FFFFFF\u00a0\u00bb width=\u00a0\u00bb588px\u00a0\u00bb width_tablet=\u00a0\u00bbauto\u00a0\u00bb width_phone=\u00a0\u00bbauto\u00a0\u00bb width_last_edited=\u00a0\u00bbon|phone\u00a0\u00bb max_width=\u00a0\u00bb100%\u00a0\u00bb max_width_tablet=\u00a0\u00bb100%\u00a0\u00bb max_width_phone=\u00a0\u00bb100%\u00a0\u00bb max_width_last_edited=\u00a0\u00bbon|tablet\u00a0\u00bb custom_margin=\u00a0\u00bb0px|||0px|false|false\u00a0\u00bb custom_margin_tablet=\u00a0\u00bb|||40px|true|false\u00a0\u00bb custom_margin_phone=\u00a0\u00bb|||40px|true|false\u00a0\u00bb custom_margin_last_edited=\u00a0\u00bbon|phone\u00a0\u00bb custom_padding=\u00a0\u00bb0px||20px||false|false\u00a0\u00bb global_colors_info=\u00a0\u00bb{}\u00a0\u00bb]<\/p>\n<p>La Communaut\u00e9 de Communes Sundgau \u00a0compte 89 conseillers communautaires, issus des 64 communes membres. Ces derniers ont d\u00e9sign\u00e9 le 16 juillet 2020 le pr\u00e9sident de la CC Sundgau, M. Gilles FREMIOT, Maire de Heidwiller ainsi que les vice-pr\u00e9sidents, les d\u00e9l\u00e9gu\u00e9s communautaires et les membres du Bureau.<\/p>\n<p>[\/et_pb_text][\/et_pb_column][\/et_pb_row][\/et_pb_section][et_pb_section fb_built=\u00a0\u00bb1&Prime; _builder_version=\u00a0\u00bb4.25.0&Prime; background_color=\u00a0\u00bbrgba(239,245,203,0.47)\u00a0\u00bb background_enable_color=\u00a0\u00bboff\u00a0\u00bb custom_margin=\u00a0\u00bb0px||0px||false|false\u00a0\u00bb custom_padding=\u00a0\u00bb0px||0px||false|false\u00a0\u00bb global_module=\u00a0\u00bb987527892&Prime; saved_tabs=\u00a0\u00bball\u00a0\u00bb global_colors_info=\u00a0\u00bb{}\u00a0\u00bb][et_pb_row _builder_version=\u00a0\u00bb4.24.0&Prime; width=\u00a0\u00bb75%\u00a0\u00bb width_tablet=\u00a0\u00bb75%\u00a0\u00bb width_phone=\u00a0\u00bb100%\u00a0\u00bb width_last_edited=\u00a0\u00bbon|phone\u00a0\u00bb custom_margin=\u00a0\u00bb-50px||0px||false|false\u00a0\u00bb custom_margin_tablet=\u00a0\u00bb-30px||||false|false\u00a0\u00bb custom_margin_phone=\u00a0\u00bb-32px||||false|false\u00a0\u00bb custom_margin_last_edited=\u00a0\u00bbon|tablet\u00a0\u00bb custom_padding=\u00a0\u00bb0px||0px||false|false\u00a0\u00bb global_colors_info=\u00a0\u00bb{}\u00a0\u00bb][et_pb_column type=\u00a0\u00bb4_4&Prime; _builder_version=\u00a0\u00bb4.24.0&Prime; _module_preset=\u00a0\u00bbdefault\u00a0\u00bb global_colors_info=\u00a0\u00bb{}\u00a0\u00bb][et_pb_text module_class=\u00a0\u00bbauctariane\u00a0\u00bb _builder_version=\u00a0\u00bb4.24.0&Prime; _module_preset=\u00a0\u00bbdefault\u00a0\u00bb global_colors_info=\u00a0\u00bb{}\u00a0\u00bb]<\/p>\n<p style=\"font-size: 20px; font-weight: 300!important;\">[wpseo_breadcrumb]<\/p>\n<p>[\/et_pb_text][\/et_pb_column][\/et_pb_row][\/et_pb_section][et_pb_section fb_built=\u00a0\u00bb1&Prime; _builder_version=\u00a0\u00bb4.24.0&Prime; _module_preset=\u00a0\u00bbdefault\u00a0\u00bb background_enable_color=\u00a0\u00bboff\u00a0\u00bb global_colors_info=\u00a0\u00bb{%22gcid-a4870473-0ec3-40e3-b68b-386afbb8d1b5%22:%91%22background_color%22%93}\u00a0\u00bb][et_pb_row _builder_version=\u00a0\u00bb4.24.0&Prime; _module_preset=\u00a0\u00bbdefault\u00a0\u00bb width=\u00a0\u00bb75%\u00a0\u00bb width_tablet=\u00a0\u00bb75%\u00a0\u00bb width_phone=\u00a0\u00bb100%\u00a0\u00bb width_last_edited=\u00a0\u00bbon|phone\u00a0\u00bb custom_margin=\u00a0\u00bb40px||||false|false\u00a0\u00bb global_colors_info=\u00a0\u00bb{}\u00a0\u00bb][et_pb_column type=\u00a0\u00bb4_4&Prime; _builder_version=\u00a0\u00bb4.24.0&Prime; _module_preset=\u00a0\u00bbdefault\u00a0\u00bb global_colors_info=\u00a0\u00bb{}\u00a0\u00bb][et_pb_text admin_label=\u00a0\u00bbTitre H2&Prime; _builder_version=\u00a0\u00bb4.24.0&Prime; _module_preset=\u00a0\u00bbdefault\u00a0\u00bb text_font=\u00a0\u00bb||||||||\u00a0\u00bb header_font=\u00a0\u00bb||||||||\u00a0\u00bb header_text_color=\u00a0\u00bbgcid-a9d8e14e-2f78-408a-a83c-506939196b52&Prime; custom_margin=\u00a0\u00bb0px||0px||false|false\u00a0\u00bb custom_padding=\u00a0\u00bb0px||0px||true|false\u00a0\u00bb global_colors_info=\u00a0\u00bb{%22gcid-a9d8e14e-2f78-408a-a83c-506939196b52%22:%91%22header_text_color%22%93}\u00a0\u00bb]<\/p>\n<h2>R\u00f4le et missions du Conseil communautaire<\/h2>\n<p>[\/et_pb_text][et_pb_text _builder_version=\u00a0\u00bb4.24.0&Prime; _module_preset=\u00a0\u00bbdefault\u00a0\u00bb global_colors_info=\u00a0\u00bb{}\u00a0\u00bb]<\/p>\n<p>Le Conseil communautaire a un r\u00f4le analogue \u00e0 celui du Conseil municipal dans une commune. Il prend les d\u00e9cisions essentielles et strat\u00e9giques de la Communaut\u00e9 de communes : vote le budget, lance les projets d\u2019envergure, suit aussi les affaires courantes tout en contr\u00f4lant l&rsquo;action de la collectivit\u00e9.<\/p>\n<p>Son mandat court jusqu\u2019aux \u00e9lections municipales de 2026.<\/p>\n<p>Il se r\u00e9unit environ tous les trois mois et ses s\u00e9ances sont ouvertes au public.<\/p>\n<p>Les 89 conseillers communautaires coordonnent l\u2019action de la CC Sundgau visant \u00e0 favoriser le d\u00e9veloppement du territoire, selon les comp\u00e9tences de la collectivit\u00e9, inscrites dans ses statuts.<\/p>\n<p>Pour r\u00e9ussir leurs missions, ils peuvent compter sur le volontarisme des 200 agents de la collectivit\u00e9.<\/p>\n<p>[\/et_pb_text][\/et_pb_column][\/et_pb_row][et_pb_row column_structure=\u00a0\u00bb1_2,1_2&Prime; _builder_version=\u00a0\u00bb4.24.0&Prime; _module_preset=\u00a0\u00bbdefault\u00a0\u00bb width=\u00a0\u00bb75%\u00a0\u00bb width_tablet=\u00a0\u00bb75%\u00a0\u00bb width_phone=\u00a0\u00bb100%\u00a0\u00bb width_last_edited=\u00a0\u00bbon|phone\u00a0\u00bb custom_margin=\u00a0\u00bb40px||40px||true|false\u00a0\u00bb locked=\u00a0\u00bboff\u00a0\u00bb global_colors_info=\u00a0\u00bb{}\u00a0\u00bb][et_pb_column type=\u00a0\u00bb1_2&Prime; _builder_version=\u00a0\u00bb4.24.0&Prime; _module_preset=\u00a0\u00bbdefault\u00a0\u00bb background_color=\u00a0\u00bb#EFF5CB\u00a0\u00bb custom_css_main_element=\u00a0\u00bbdisplay:flex;||align-items:center;||justify-content:space-between;||padding:15px 15px 15px 35px;||border-radius:25px\u00a0\u00bb global_colors_info=\u00a0\u00bb{}\u00a0\u00bb][et_pb_blurb use_icon=\u00a0\u00bbon\u00a0\u00bb font_icon=\u00a0\u00bb&#x69;||divi||400&Prime; icon_color=\u00a0\u00bbgcid-a9d8e14e-2f78-408a-a83c-506939196b52&Prime; icon_placement=\u00a0\u00bbleft\u00a0\u00bb image_icon_width=\u00a0\u00bb40px\u00a0\u00bb content_max_width=\u00a0\u00bb785px\u00a0\u00bb image_icon_width_tablet=\u00a0\u00bb\u00a0\u00bb image_icon_width_phone=\u00a0\u00bb35px\u00a0\u00bb image_icon_width_last_edited=\u00a0\u00bbon|phone\u00a0\u00bb admin_label=\u00a0\u00bb fichier \u00e0 t\u00e9l\u00e9charger Retrouvez ici les statuts de la CC Sundgau\u00a0\u00bb _builder_version=\u00a0\u00bb4.24.0&Prime; _module_preset=\u00a0\u00bbdefault\u00a0\u00bb header_level=\u00a0\u00bbh3&Prime; header_text_color=\u00a0\u00bb#000000&Prime; body_link_text_color=\u00a0\u00bb#009CA6&Prime; custom_margin=\u00a0\u00bb0px||0px||true|false\u00a0\u00bb custom_padding=\u00a0\u00bb0px||0px||true|false\u00a0\u00bb link_option_url=\u00a0\u00bbhttps:\/\/www.auctavia.fr\/aucta21\/wp-content\/uploads\/2024\/02\/Statuts-a-jour.p\u00a0\u00bb custom_css_main_element=\u00a0\u00bb||\u00a0\u00bb global_colors_info=\u00a0\u00bb{%22gcid-a9d8e14e-2f78-408a-a83c-506939196b52%22:%91%22icon_color%22%93}\u00a0\u00bb body_link_text_color__hover=\u00a0\u00bb#A9C23F\u00a0\u00bb body_link_text_color__hover_enabled=\u00a0\u00bbon|hover\u00a0\u00bb]<\/p>\n<p><strong>Retrouvez ici les statuts de la CC Sundgau<br \/><\/strong><\/p>\n<p>[\/et_pb_blurb][et_pb_icon font_icon=\u00a0\u00bb&#xe092;||divi||400&Prime; icon_width=\u00a0\u00bb25px\u00a0\u00bb url=\u00a0\u00bbhttps:\/\/www.auctavia.fr\/aucta21\/wp-content\/uploads\/2024\/02\/Statuts-a-jour.pdf\u00a0\u00bb _builder_version=\u00a0\u00bb4.24.0&Prime; _module_preset=\u00a0\u00bbdefault\u00a0\u00bb global_colors_info=\u00a0\u00bb{}\u00a0\u00bb][\/et_pb_icon][\/et_pb_column][et_pb_column type=\u00a0\u00bb1_2&Prime; _builder_version=\u00a0\u00bb4.24.0&Prime; _module_preset=\u00a0\u00bbdefault\u00a0\u00bb background_color=\u00a0\u00bb#EFF5CB\u00a0\u00bb custom_css_main_element=\u00a0\u00bbdisplay:flex;||align-items:center;||justify-content:space-between;||padding:15px 15px 15px 35px;||border-radius:25px\u00a0\u00bb global_colors_info=\u00a0\u00bb{}\u00a0\u00bb][et_pb_blurb use_icon=\u00a0\u00bbon\u00a0\u00bb font_icon=\u00a0\u00bb&#x69;||divi||400&Prime; icon_color=\u00a0\u00bbgcid-a9d8e14e-2f78-408a-a83c-506939196b52&Prime; icon_placement=\u00a0\u00bbleft\u00a0\u00bb image_icon_width=\u00a0\u00bb40px\u00a0\u00bb content_max_width=\u00a0\u00bb785px\u00a0\u00bb image_icon_width_tablet=\u00a0\u00bb\u00a0\u00bb image_icon_width_phone=\u00a0\u00bb35px\u00a0\u00bb image_icon_width_last_edited=\u00a0\u00bbon|phone\u00a0\u00bb admin_label=\u00a0\u00bb fichier \u00e0 t\u00e9l\u00e9charger Retrouvez ici le rapport de bilan \u00e0 mi-parcours\u00a0\u00bb _builder_version=\u00a0\u00bb4.24.0&Prime; _module_preset=\u00a0\u00bbdefault\u00a0\u00bb header_level=\u00a0\u00bbh3&Prime; header_text_color=\u00a0\u00bb#000000&Prime; body_link_text_color=\u00a0\u00bb#009CA6&Prime; custom_margin=\u00a0\u00bb0px||0px||true|false\u00a0\u00bb custom_padding=\u00a0\u00bb0px||0px||true|false\u00a0\u00bb link_option_url=\u00a0\u00bbhttps:\/\/www.auctavia.fr\/aucta21\/wp-content\/uploads\/2024\/02\/DEL_59_2020-Delegation-dattributions-du-conseil-au-President-et-au-Bureau.pdf\u00a0\u00bb custom_css_main_element=\u00a0\u00bb||\u00a0\u00bb global_colors_info=\u00a0\u00bb{%22gcid-a9d8e14e-2f78-408a-a83c-506939196b52%22:%91%22icon_color%22%93}\u00a0\u00bb body_link_text_color__hover=\u00a0\u00bb#A9C23F\u00a0\u00bb body_link_text_color__hover_enabled=\u00a0\u00bbon|hover\u00a0\u00bb]<\/p>\n<p><strong>Retrouvez ici la d\u00e9lib\u00e9ration d&rsquo;installation de la CC Sundgau<br \/><\/strong><\/p>\n<p>[\/et_pb_blurb][et_pb_icon font_icon=\u00a0\u00bb&#xe092;||divi||400&Prime; icon_width=\u00a0\u00bb25px\u00a0\u00bb url=\u00a0\u00bbhttps:\/\/www.auctavia.fr\/aucta21\/wp-content\/uploads\/2024\/02\/DEL_59_2020-Delegation-dattributions-du-conseil-au-President-et-au-Bureau.pdf\u00a0\u00bb _builder_version=\u00a0\u00bb4.24.0&Prime; _module_preset=\u00a0\u00bbdefault\u00a0\u00bb global_colors_info=\u00a0\u00bb{}\u00a0\u00bb][\/et_pb_icon][\/et_pb_column][\/et_pb_row][et_pb_row _builder_version=\u00a0\u00bb4.24.0&Prime; _module_preset=\u00a0\u00bbdefault\u00a0\u00bb width=\u00a0\u00bb75%\u00a0\u00bb width_tablet=\u00a0\u00bb75%\u00a0\u00bb width_phone=\u00a0\u00bb100%\u00a0\u00bb width_last_edited=\u00a0\u00bbon|phone\u00a0\u00bb custom_margin=\u00a0\u00bb40px||||false|false\u00a0\u00bb global_colors_info=\u00a0\u00bb{}\u00a0\u00bb][et_pb_column type=\u00a0\u00bb4_4&Prime; _builder_version=\u00a0\u00bb4.24.0&Prime; _module_preset=\u00a0\u00bbdefault\u00a0\u00bb global_colors_info=\u00a0\u00bb{}\u00a0\u00bb][et_pb_text admin_label=\u00a0\u00bbTitre H2&Prime; _builder_version=\u00a0\u00bb4.24.0&Prime; _module_preset=\u00a0\u00bbdefault\u00a0\u00bb text_font=\u00a0\u00bb||||||||\u00a0\u00bb header_font=\u00a0\u00bb||||||||\u00a0\u00bb header_text_color=\u00a0\u00bbgcid-a9d8e14e-2f78-408a-a83c-506939196b52&Prime; custom_margin=\u00a0\u00bb0px||0px||false|false\u00a0\u00bb custom_padding=\u00a0\u00bb0px||0px||true|false\u00a0\u00bb global_colors_info=\u00a0\u00bb{%22gcid-a9d8e14e-2f78-408a-a83c-506939196b52%22:%91%22header_text_color%22%93}\u00a0\u00bb]<\/p>\n<h2>Composition du Conseil communautaire<\/h2>\n<p>[\/et_pb_text][et_pb_text _builder_version=\u00a0\u00bb4.24.0&Prime; _module_preset=\u00a0\u00bbdefault\u00a0\u00bb global_colors_info=\u00a0\u00bb{}\u00a0\u00bb]<\/p>\n<p>Les 89 conseillers communautaires travaillent ensemble au d\u00e9veloppement de leur territoire tout en d\u00e9fendant les int\u00e9r\u00eats de leur commune. D\u00e9couvrez les conseillers communautaires de chaque commune.<\/p>\n<p>[\/et_pb_text][\/et_pb_column][\/et_pb_row][\/et_pb_section][et_pb_section fb_built=\u00a0\u00bb1&Prime; _builder_version=\u00a0\u00bb4.24.0&Prime; _module_preset=\u00a0\u00bbdefault\u00a0\u00bb min_height=\u00a0\u00bb4581.5px\u00a0\u00bb global_colors_info=\u00a0\u00bb{}\u00a0\u00bb][et_pb_row column_structure=\u00a0\u00bb1_2,1_2&Prime; _builder_version=\u00a0\u00bb4.24.0&Prime; _module_preset=\u00a0\u00bbdefault\u00a0\u00bb width=\u00a0\u00bb75%\u00a0\u00bb width_tablet=\u00a0\u00bb75%\u00a0\u00bb width_phone=\u00a0\u00bb100%\u00a0\u00bb width_last_edited=\u00a0\u00bbon|phone\u00a0\u00bb min_height=\u00a0\u00bb4394.5px\u00a0\u00bb custom_margin=\u00a0\u00bb0px||||false|false\u00a0\u00bb global_colors_info=\u00a0\u00bb{}\u00a0\u00bb][et_pb_column type=\u00a0\u00bb1_2&Prime; _builder_version=\u00a0\u00bb4.24.0&Prime; _module_preset=\u00a0\u00bbdefault\u00a0\u00bb global_colors_info=\u00a0\u00bb{}\u00a0\u00bb][et_pb_toggle title=\u00a0\u00bbAltkirch\u00a0\u00bb toggle_icon=\u00a0\u00bb&#x4c;||divi||400&Prime; open_icon_color=\u00a0\u00bb#FFFFFF\u00a0\u00bb open_toggle_icon=\u00a0\u00bb&#x4b;||divi||400&Prime; admin_label=\u00a0\u00bbTitre onglet \u00a0\u00bb _builder_version=\u00a0\u00bb4.24.0&Prime; _module_preset=\u00a0\u00bbdefault\u00a0\u00bb title_level=\u00a0\u00bbh3&Prime; body_ul_font_size=\u00a0\u00bb18px\u00a0\u00bb body_ul_font_size_tablet=\u00a0\u00bb18px\u00a0\u00bb body_ul_font_size_phone=\u00a0\u00bb16px\u00a0\u00bb body_ul_font_size_last_edited=\u00a0\u00bbon|phone\u00a0\u00bb global_colors_info=\u00a0\u00bb{}\u00a0\u00bb]<\/p>\n<p>M. Bertrand AITA<\/p>\n<p>M. Bernard BUBENDORF<\/p>\n<p>Mme Delphine FELLMANN<\/p>\n<p>M. Fabien ITTY<\/p>\n<p>M. Nicolas JANDER<\/p>\n<p>M. Didier LEMAIRE<\/p>\n<p>Mme Estelle MIRANDA<\/p>\n<p>Mme Isabelle PI-JOCQUEL<\/p>\n<p>Mme Nathalie SINGHOFF<\/p>\n<p>Mme Marielle THOMANN<\/p>\n<p>[\/et_pb_toggle][et_pb_toggle title=\u00a0\u00bbAspach\u00a0\u00bb icon_color=\u00a0\u00bb#FFFFFF\u00a0\u00bb open_icon_color=\u00a0\u00bb#FFFFFF\u00a0\u00bb admin_label=\u00a0\u00bbTitre onglet \u00a0\u00bb _builder_version=\u00a0\u00bb4.24.0&Prime; _module_preset=\u00a0\u00bbdefault\u00a0\u00bb title_level=\u00a0\u00bbh3&Prime; global_colors_info=\u00a0\u00bb{}\u00a0\u00bb]<\/p>\n<p>M. Fabien SCHOENIG<\/p>\n<p>Mme C\u00e9line STEVANOVIC<\/p>\n<p>[\/et_pb_toggle][et_pb_toggle title=\u00a0\u00bbBendorf\u00a0\u00bb icon_color=\u00a0\u00bb#FFFFFF\u00a0\u00bb open_icon_color=\u00a0\u00bb#FFFFFF\u00a0\u00bb admin_label=\u00a0\u00bbTitre onglet \u00a0\u00bb _builder_version=\u00a0\u00bb4.24.0&Prime; _module_preset=\u00a0\u00bbdefault\u00a0\u00bb title_level=\u00a0\u00bbh3&Prime; global_colors_info=\u00a0\u00bb{}\u00a0\u00bb]<\/p>\n<p>M. Antoine ANTONY<\/p>\n<p>[\/et_pb_toggle][et_pb_toggle title=\u00a0\u00bbBerentzwiller\u00a0\u00bb icon_color=\u00a0\u00bb#FFFFFF\u00a0\u00bb open_icon_color=\u00a0\u00bb#FFFFFF\u00a0\u00bb admin_label=\u00a0\u00bbTitre onglet \u00a0\u00bb _builder_version=\u00a0\u00bb4.24.0&Prime; _module_preset=\u00a0\u00bbdefault\u00a0\u00bb title_level=\u00a0\u00bbh3&Prime; global_colors_info=\u00a0\u00bb{}\u00a0\u00bb]<\/p>\n<p>M. G\u00e9rard GROELLY<\/p>\n<p>[\/et_pb_toggle][et_pb_toggle title=\u00a0\u00bbBettendorf\u00a0\u00bb icon_color=\u00a0\u00bb#FFFFFF\u00a0\u00bb open_icon_color=\u00a0\u00bb#FFFFFF\u00a0\u00bb admin_label=\u00a0\u00bbTitre onglet \u00a0\u00bb _builder_version=\u00a0\u00bb4.24.0&Prime; _module_preset=\u00a0\u00bbdefault\u00a0\u00bb title_level=\u00a0\u00bbh3&Prime; global_colors_info=\u00a0\u00bb{}\u00a0\u00bb]<\/p>\n<p>M. Jean ZURBACH<\/p>\n<p>[\/et_pb_toggle][et_pb_toggle title=\u00a0\u00bbBettlach\u00a0\u00bb icon_color=\u00a0\u00bb#FFFFFF\u00a0\u00bb open_icon_color=\u00a0\u00bb#FFFFFF\u00a0\u00bb admin_label=\u00a0\u00bbTitre onglet \u00a0\u00bb _builder_version=\u00a0\u00bb4.24.0&Prime; _module_preset=\u00a0\u00bbdefault\u00a0\u00bb title_level=\u00a0\u00bbh3&Prime; global_colors_info=\u00a0\u00bb{}\u00a0\u00bb]<\/p>\n<p>Mme Anne-Marie BIANCOTTI<\/p>\n<p>[\/et_pb_toggle][et_pb_toggle title=\u00a0\u00bbBiederthal\u00a0\u00bb icon_color=\u00a0\u00bb#FFFFFF\u00a0\u00bb open_icon_color=\u00a0\u00bb#FFFFFF\u00a0\u00bb admin_label=\u00a0\u00bbTitre onglet \u00a0\u00bb _builder_version=\u00a0\u00bb4.24.0&Prime; _module_preset=\u00a0\u00bbdefault\u00a0\u00bb title_level=\u00a0\u00bbh3&Prime; global_colors_info=\u00a0\u00bb{}\u00a0\u00bb]<\/p>\n<p>Mme Danielle CORDIER<\/p>\n<p>[\/et_pb_toggle][et_pb_toggle title=\u00a0\u00bbBisel\u00a0\u00bb icon_color=\u00a0\u00bb#FFFFFF\u00a0\u00bb open_icon_color=\u00a0\u00bb#FFFFFF\u00a0\u00bb admin_label=\u00a0\u00bbTitre onglet \u00a0\u00bb _builder_version=\u00a0\u00bb4.24.0&Prime; _module_preset=\u00a0\u00bbdefault\u00a0\u00bb title_level=\u00a0\u00bbh3&Prime; global_colors_info=\u00a0\u00bb{}\u00a0\u00bb]<\/p>\n<p>M. Joseph BERBETT<\/p>\n<p>[\/et_pb_toggle][et_pb_toggle title=\u00a0\u00bbBouxwiller\u00a0\u00bb icon_color=\u00a0\u00bb#FFFFFF\u00a0\u00bb open_icon_color=\u00a0\u00bb#FFFFFF\u00a0\u00bb admin_label=\u00a0\u00bbTitre onglet \u00a0\u00bb _builder_version=\u00a0\u00bb4.24.0&Prime; _module_preset=\u00a0\u00bbdefault\u00a0\u00bb title_level=\u00a0\u00bbh3&Prime; global_colors_info=\u00a0\u00bb{}\u00a0\u00bb]<\/p>\n<p>M. Jean-Luc HEUDECKER<\/p>\n<p>[\/et_pb_toggle][et_pb_toggle title=\u00a0\u00bbCarspach\u00a0\u00bb icon_color=\u00a0\u00bb#FFFFFF\u00a0\u00bb open_icon_color=\u00a0\u00bb#FFFFFF\u00a0\u00bb admin_label=\u00a0\u00bbTitre onglet \u00a0\u00bb _builder_version=\u00a0\u00bb4.24.0&Prime; _module_preset=\u00a0\u00bbdefault\u00a0\u00bb title_level=\u00a0\u00bbh3&Prime; global_colors_info=\u00a0\u00bb{}\u00a0\u00bb]<\/p>\n<p>Mme Agn\u00e8s HARNIST<\/p>\n<p>Mme V\u00e9ronique LIDIN<\/p>\n<p>M. R\u00e9mi SPILLMANN<\/p>\n<p>[\/et_pb_toggle][et_pb_toggle title=\u00a0\u00bbCourtavon\u00a0\u00bb icon_color=\u00a0\u00bb#FFFFFF\u00a0\u00bb open_icon_color=\u00a0\u00bb#FFFFFF\u00a0\u00bb admin_label=\u00a0\u00bbTitre onglet \u00a0\u00bb _builder_version=\u00a0\u00bb4.24.0&Prime; _module_preset=\u00a0\u00bbdefault\u00a0\u00bb title_level=\u00a0\u00bbh3&Prime; global_colors_info=\u00a0\u00bb{}\u00a0\u00bb]<\/p>\n<p>M. Fran\u00e7ois WALCH<\/p>\n<p>[\/et_pb_toggle][et_pb_toggle title=\u00a0\u00bbDurlinsdorf\u00a0\u00bb icon_color=\u00a0\u00bb#FFFFFF\u00a0\u00bb open_icon_color=\u00a0\u00bb#FFFFFF\u00a0\u00bb admin_label=\u00a0\u00bbTitre onglet \u00a0\u00bb _builder_version=\u00a0\u00bb4.24.0&Prime; _module_preset=\u00a0\u00bbdefault\u00a0\u00bb title_level=\u00a0\u00bbh3&Prime; global_colors_info=\u00a0\u00bb{}\u00a0\u00bb]<\/p>\n<p>M. Georges SCHOLL\u00a0<\/p>\n<p>[\/et_pb_toggle][et_pb_toggle title=\u00a0\u00bbDurmenach\u00a0\u00bb icon_color=\u00a0\u00bb#FFFFFF\u00a0\u00bb open_icon_color=\u00a0\u00bb#FFFFFF\u00a0\u00bb admin_label=\u00a0\u00bbTitre onglet \u00a0\u00bb _builder_version=\u00a0\u00bb4.24.0&Prime; _module_preset=\u00a0\u00bbdefault\u00a0\u00bb title_level=\u00a0\u00bbh3&Prime; global_colors_info=\u00a0\u00bb{}\u00a0\u00bb]<\/p>\n<p>M. Dominique SPRINGINSFELD<\/p>\n<p>[\/et_pb_toggle][et_pb_toggle title=\u00a0\u00bbEmlingen\u00a0\u00bb icon_color=\u00a0\u00bb#FFFFFF\u00a0\u00bb open_icon_color=\u00a0\u00bb#FFFFFF\u00a0\u00bb admin_label=\u00a0\u00bbTitre onglet \u00a0\u00bb _builder_version=\u00a0\u00bb4.24.0&Prime; _module_preset=\u00a0\u00bbdefault\u00a0\u00bb title_level=\u00a0\u00bbh3&Prime; global_colors_info=\u00a0\u00bb{}\u00a0\u00bb]<\/p>\n<p>Mme Isabelle STEFFAN<\/p>\n<p>[\/et_pb_toggle][et_pb_toggle title=\u00a0\u00bbFeldbach\u00a0\u00bb icon_color=\u00a0\u00bb#FFFFFF\u00a0\u00bb open_icon_color=\u00a0\u00bb#FFFFFF\u00a0\u00bb admin_label=\u00a0\u00bbTitre onglet \u00a0\u00bb _builder_version=\u00a0\u00bb4.24.0&Prime; _module_preset=\u00a0\u00bbdefault\u00a0\u00bb title_level=\u00a0\u00bbh3&Prime; global_colors_info=\u00a0\u00bb{}\u00a0\u00bb]<\/p>\n<p>M. Christophe SENGELIN<\/p>\n<p>[\/et_pb_toggle][et_pb_toggle title=\u00a0\u00bbFerrette\u00a0\u00bb icon_color=\u00a0\u00bb#FFFFFF\u00a0\u00bb open_icon_color=\u00a0\u00bb#FFFFFF\u00a0\u00bb admin_label=\u00a0\u00bbTitre onglet \u00a0\u00bb _builder_version=\u00a0\u00bb4.24.0&Prime; _module_preset=\u00a0\u00bbdefault\u00a0\u00bb title_level=\u00a0\u00bbh3&Prime; global_colors_info=\u00a0\u00bb{}\u00a0\u00bb]<\/p>\n<p>M. Fran\u00e7ois COHENDET<\/p>\n<p>[\/et_pb_toggle][et_pb_toggle title=\u00a0\u00bbFislis\u00a0\u00bb icon_color=\u00a0\u00bb#FFFFFF\u00a0\u00bb open_icon_color=\u00a0\u00bb#FFFFFF\u00a0\u00bb admin_label=\u00a0\u00bbTitre onglet \u00a0\u00bb _builder_version=\u00a0\u00bb4.24.0&Prime; _module_preset=\u00a0\u00bbdefault\u00a0\u00bb title_level=\u00a0\u00bbh3&Prime; global_colors_info=\u00a0\u00bb{}\u00a0\u00bb]<\/p>\n<p>M. Cl\u00e9ment LIBIS<\/p>\n<p>[\/et_pb_toggle][et_pb_toggle title=\u00a0\u00bbFranken\u00a0\u00bb icon_color=\u00a0\u00bb#FFFFFF\u00a0\u00bb open_icon_color=\u00a0\u00bb#FFFFFF\u00a0\u00bb admin_label=\u00a0\u00bbTitre onglet \u00a0\u00bb _builder_version=\u00a0\u00bb4.24.0&Prime; _module_preset=\u00a0\u00bbdefault\u00a0\u00bb title_level=\u00a0\u00bbh3&Prime; global_colors_info=\u00a0\u00bb{}\u00a0\u00bb]<\/p>\n<p>M. Raphael SCHMIDLIN<\/p>\n<p>[\/et_pb_toggle][et_pb_toggle title=\u00a0\u00bbFroeningen\u00a0\u00bb icon_color=\u00a0\u00bb#FFFFFF\u00a0\u00bb open_icon_color=\u00a0\u00bb#FFFFFF\u00a0\u00bb admin_label=\u00a0\u00bbTitre onglet \u00a0\u00bb _builder_version=\u00a0\u00bb4.24.0&Prime; _module_preset=\u00a0\u00bbdefault\u00a0\u00bb title_level=\u00a0\u00bbh3&Prime; global_colors_info=\u00a0\u00bb{}\u00a0\u00bb]<\/p>\n<p>M. Georges HEIM<\/p>\n<p>[\/et_pb_toggle][et_pb_toggle title=\u00a0\u00bbHausgauen\u00a0\u00bb icon_color=\u00a0\u00bb#FFFFFF\u00a0\u00bb open_icon_color=\u00a0\u00bb#FFFFFF\u00a0\u00bb admin_label=\u00a0\u00bbTitre onglet \u00a0\u00bb _builder_version=\u00a0\u00bb4.24.0&Prime; _module_preset=\u00a0\u00bbdefault\u00a0\u00bb title_level=\u00a0\u00bbh3&Prime; global_colors_info=\u00a0\u00bb{}\u00a0\u00bb]<\/p>\n<p>M. Joseph-Maurice WISS<\/p>\n<p>[\/et_pb_toggle][et_pb_toggle title=\u00a0\u00bbHeidwiller\u00a0\u00bb icon_color=\u00a0\u00bb#FFFFFF\u00a0\u00bb open_icon_color=\u00a0\u00bb#FFFFFF\u00a0\u00bb admin_label=\u00a0\u00bbTitre onglet \u00a0\u00bb _builder_version=\u00a0\u00bb4.24.0&Prime; _module_preset=\u00a0\u00bbdefault\u00a0\u00bb title_level=\u00a0\u00bbh3&Prime; global_colors_info=\u00a0\u00bb{}\u00a0\u00bb]<\/p>\n<p>M. Gilles FREMIOT<\/p>\n<p>[\/et_pb_toggle][et_pb_toggle title=\u00a0\u00bbHeimersdorf\u00a0\u00bb icon_color=\u00a0\u00bb#FFFFFF\u00a0\u00bb open_icon_color=\u00a0\u00bb#FFFFFF\u00a0\u00bb admin_label=\u00a0\u00bbTitre onglet \u00a0\u00bb _builder_version=\u00a0\u00bb4.24.0&Prime; _module_preset=\u00a0\u00bbdefault\u00a0\u00bb title_level=\u00a0\u00bbh3&Prime; global_colors_info=\u00a0\u00bb{}\u00a0\u00bb]<\/p>\n<p>M. Michel DESSERICH<\/p>\n<p>[\/et_pb_toggle][et_pb_toggle title=\u00a0\u00bbHeiwiller\u00a0\u00bb icon_color=\u00a0\u00bb#FFFFFF\u00a0\u00bb open_icon_color=\u00a0\u00bb#FFFFFF\u00a0\u00bb admin_label=\u00a0\u00bbTitre onglet \u00a0\u00bb _builder_version=\u00a0\u00bb4.24.0&Prime; _module_preset=\u00a0\u00bbdefault\u00a0\u00bb title_level=\u00a0\u00bbh3&Prime; global_colors_info=\u00a0\u00bb{}\u00a0\u00bb]<\/p>\n<p>Mme Chantal WISS\u00a0\u00a0\u00a0\u00a0\u00a0\u00a0\u00a0\u00a0\u00a0\u00a0\u00a0\u00a0<\/p>\n<p>[\/et_pb_toggle][et_pb_toggle title=\u00a0\u00bbHirsingue\u00a0\u00bb icon_color=\u00a0\u00bb#FFFFFF\u00a0\u00bb open_icon_color=\u00a0\u00bb#FFFFFF\u00a0\u00bb admin_label=\u00a0\u00bbTitre onglet \u00a0\u00bb _builder_version=\u00a0\u00bb4.25.0&Prime; _module_preset=\u00a0\u00bbdefault\u00a0\u00bb title_level=\u00a0\u00bbh3&Prime; global_colors_info=\u00a0\u00bb{}\u00a0\u00bb]<\/p>\n<p>M. Christian GRIENENBERGER<\/p>\n<p>Mme Annick \u00a0 GROELLY<\/p>\n<p>M. Christophe LOUYOT<\/p>\n<p>Mme \u00a0St\u00e9phanie \u00a0KELLER<\/p>\n<p>&nbsp;<\/p>\n<p>[\/et_pb_toggle][et_pb_toggle title=\u00a0\u00bbHirtzbach\u00a0\u00bb icon_color=\u00a0\u00bb#FFFFFF\u00a0\u00bb open_icon_color=\u00a0\u00bb#FFFFFF\u00a0\u00bb admin_label=\u00a0\u00bbTitre onglet \u00a0\u00bb _builder_version=\u00a0\u00bb4.24.0&Prime; _module_preset=\u00a0\u00bbdefault\u00a0\u00bb title_level=\u00a0\u00bbh3&Prime; global_colors_info=\u00a0\u00bb{}\u00a0\u00bb]<\/p>\n<p>Mme \u00a0Sabine\u00a0 HATTSTATT<\/p>\n<p>M. Olivier PFLIEGER<\/p>\n<p>[\/et_pb_toggle][et_pb_toggle title=\u00a0\u00bbHochstatt\u00a0\u00bb icon_color=\u00a0\u00bb#FFFFFF\u00a0\u00bb open_icon_color=\u00a0\u00bb#FFFFFF\u00a0\u00bb admin_label=\u00a0\u00bbTitre onglet \u00a0\u00bb _builder_version=\u00a0\u00bb4.24.0&Prime; _module_preset=\u00a0\u00bbdefault\u00a0\u00bb title_level=\u00a0\u00bbh3&Prime; global_colors_info=\u00a0\u00bb{}\u00a0\u00bb]<\/p>\n<p>Mme \u00a0Dani\u00e8le BACH<\/p>\n<p>M. Yann DILLMANN<\/p>\n<p>M. Matthieu HECKLEN<\/p>\n<p>[\/et_pb_toggle][et_pb_toggle title=\u00a0\u00bbHundsbach\u00a0\u00bb icon_color=\u00a0\u00bb#FFFFFF\u00a0\u00bb open_icon_color=\u00a0\u00bb#FFFFFF\u00a0\u00bb admin_label=\u00a0\u00bbTitre onglet \u00a0\u00bb _builder_version=\u00a0\u00bb4.24.0&Prime; _module_preset=\u00a0\u00bbdefault\u00a0\u00bb title_level=\u00a0\u00bbh3&Prime; global_colors_info=\u00a0\u00bb{}\u00a0\u00bb]<\/p>\n<p>M. Philippe RUFI<\/p>\n<p>[\/et_pb_toggle][et_pb_toggle title=\u00a0\u00bbIllfurth\u00a0\u00bb icon_color=\u00a0\u00bb#FFFFFF\u00a0\u00bb open_icon_color=\u00a0\u00bb#FFFFFF\u00a0\u00bb admin_label=\u00a0\u00bbTitre onglet \u00a0\u00bb _builder_version=\u00a0\u00bb4.24.0&Prime; _module_preset=\u00a0\u00bbdefault\u00a0\u00bb title_level=\u00a0\u00bbh3&Prime; global_colors_info=\u00a0\u00bb{}\u00a0\u00bb]<\/p>\n<p>Mme \u00a0Fabienne BAMOND<\/p>\n<p>Mme \u00a0Danielle \u00a0BUHLER<\/p>\n<p>M. Christian SUTTER<\/p>\n<p>M. Jean WEISENHORN\u00a0<\/p>\n<p>[\/et_pb_toggle][et_pb_toggle title=\u00a0\u00bbIlltal\u00a0\u00bb icon_color=\u00a0\u00bb#FFFFFF\u00a0\u00bb open_icon_color=\u00a0\u00bb#FFFFFF\u00a0\u00bb admin_label=\u00a0\u00bbTitre onglet \u00a0\u00bb _builder_version=\u00a0\u00bb4.24.0&Prime; _module_preset=\u00a0\u00bbdefault\u00a0\u00bb title_level=\u00a0\u00bbh3&Prime; global_colors_info=\u00a0\u00bb{}\u00a0\u00bb]<\/p>\n<p>Mme Ginette\u00a0 HELL<\/p>\n<p>M. Christian LERDUNG<\/p>\n<p>[\/et_pb_toggle][et_pb_toggle title=\u00a0\u00bbJettingen\u00a0\u00bb icon_color=\u00a0\u00bb#FFFFFF\u00a0\u00bb open_icon_color=\u00a0\u00bb#FFFFFF\u00a0\u00bb admin_label=\u00a0\u00bbTitre onglet \u00a0\u00bb _builder_version=\u00a0\u00bb4.24.0&Prime; _module_preset=\u00a0\u00bbdefault\u00a0\u00bb title_level=\u00a0\u00bbh3&Prime; global_colors_info=\u00a0\u00bb{}\u00a0\u00bb]<\/p>\n<p>M. Jean-Claude COLIN\u00a0\u00a0\u00a0\u00a0\u00a0\u00a0\u00a0 \u00a0\u00a0\u00a0\u00a0\u00a0\u00a0\u00a0\u00a0\u00a0\u00a0\u00a0\u00a0\u00a0\u00a0\u00a0\u00a0\u00a0\u00a0\u00a0\u00a0<\/p>\n<p>[\/et_pb_toggle][et_pb_toggle title=\u00a0\u00bbKiffis\u00a0\u00bb icon_color=\u00a0\u00bb#FFFFFF\u00a0\u00bb open_icon_color=\u00a0\u00bb#FFFFFF\u00a0\u00bb admin_label=\u00a0\u00bbTitre onglet \u00a0\u00bb _builder_version=\u00a0\u00bb4.24.0&Prime; _module_preset=\u00a0\u00bbdefault\u00a0\u00bb title_level=\u00a0\u00bbh3&Prime; global_colors_info=\u00a0\u00bb{}\u00a0\u00bb]<\/p>\n<p>M. Michel LERCH\u00a0\u00a0\u00a0\u00a0\u00a0\u00a0\u00a0\u00a0\u00a0\u00a0\u00a0\u00a0\u00a0\u00a0\u00a0\u00a0\u00a0\u00a0\u00a0\u00a0\u00a0\u00a0\u00a0\u00a0\u00a0\u00a0\u00a0<\/p>\n<p>[\/et_pb_toggle][et_pb_toggle title=\u00a0\u00bbKoestlach\u00a0\u00bb icon_color=\u00a0\u00bb#FFFFFF\u00a0\u00bb open_icon_color=\u00a0\u00bb#FFFFFF\u00a0\u00bb admin_label=\u00a0\u00bbTitre onglet \u00a0\u00bb _builder_version=\u00a0\u00bb4.24.0&Prime; _module_preset=\u00a0\u00bbdefault\u00a0\u00bb title_level=\u00a0\u00bbh3&Prime; global_colors_info=\u00a0\u00bb{}\u00a0\u00bb]<\/p>\n<p>M. Andr\u00e9 LEHMES\u00a0\u00a0\u00a0\u00a0\u00a0\u00a0\u00a0\u00a0\u00a0\u00a0\u00a0\u00a0\u00a0\u00a0\u00a0\u00a0\u00a0\u00a0\u00a0\u00a0\u00a0\u00a0\u00a0\u00a0\u00a0\u00a0\u00a0\u00a0\u00a0\u00a0\u00a0\u00a0\u00a0\u00a0<\/p>\n<p>[\/et_pb_toggle][\/et_pb_column][et_pb_column type=\u00a0\u00bb1_2&Prime; _builder_version=\u00a0\u00bb4.24.0&Prime; _module_preset=\u00a0\u00bbdefault\u00a0\u00bb global_colors_info=\u00a0\u00bb{}\u00a0\u00bb][et_pb_toggle title=\u00a0\u00bbLevoncourt\u00a0\u00bb toggle_icon=\u00a0\u00bb&#x4c;||divi||400&Prime; open_icon_color=\u00a0\u00bb#FFFFFF\u00a0\u00bb open_toggle_icon=\u00a0\u00bb&#x4b;||divi||400&Prime; admin_label=\u00a0\u00bbTitre onglet \u00a0\u00bb _builder_version=\u00a0\u00bb4.24.0&Prime; _module_preset=\u00a0\u00bbdefault\u00a0\u00bb title_level=\u00a0\u00bbh3&Prime; global_colors_info=\u00a0\u00bb{}\u00a0\u00bb]<\/p>\n<p>M. \u00a0Herv\u00e9 WALTER\u00a0\u00a0\u00a0\u00a0\u00a0\u00a0\u00a0\u00a0\u00a0\u00a0\u00a0\u00a0\u00a0\u00a0\u00a0\u00a0\u00a0\u00a0\u00a0\u00a0\u00a0\u00a0\u00a0\u00a0\u00a0\u00a0\u00a0\u00a0\u00a0\u00a0\u00a0\u00a0\u00a0 <\/p>\n<p>[\/et_pb_toggle][et_pb_toggle title=\u00a0\u00bbLiebsdorf\u00a0\u00bb toggle_icon=\u00a0\u00bb&#x4c;||divi||400&Prime; open_icon_color=\u00a0\u00bb#FFFFFF\u00a0\u00bb open_toggle_icon=\u00a0\u00bb&#x4b;||divi||400&Prime; admin_label=\u00a0\u00bbTitre onglet \u00a0\u00bb _builder_version=\u00a0\u00bb4.24.0&Prime; _module_preset=\u00a0\u00bbdefault\u00a0\u00bb title_level=\u00a0\u00bbh3&Prime; global_colors_info=\u00a0\u00bb{}\u00a0\u00bb]<\/p>\n<p>M. Hugues \u00a0DURAND\u00a0\u00a0\u00a0\u00a0\u00a0\u00a0\u00a0\u00a0\u00a0\u00a0\u00a0\u00a0\u00a0\u00a0\u00a0\u00a0\u00a0\u00a0\u00a0\u00a0\u00a0\u00a0\u00a0\u00a0\u00a0\u00a0\u00a0\u00a0<\/p>\n<p>[\/et_pb_toggle][et_pb_toggle title=\u00a0\u00bbLigsdorf\u00a0\u00bb toggle_icon=\u00a0\u00bb&#x4c;||divi||400&Prime; open_icon_color=\u00a0\u00bb#FFFFFF\u00a0\u00bb open_toggle_icon=\u00a0\u00bb&#x4b;||divi||400&Prime; admin_label=\u00a0\u00bbTitre onglet \u00a0\u00bb _builder_version=\u00a0\u00bb4.24.0&Prime; _module_preset=\u00a0\u00bbdefault\u00a0\u00bb title_level=\u00a0\u00bbh3&Prime; global_colors_info=\u00a0\u00bb{}\u00a0\u00bb]<\/p>\n<p>Mme Doris \u00a0BRUGGER\u00a0\u00a0\u00a0\u00a0\u00a0\u00a0\u00a0\u00a0\u00a0\u00a0\u00a0\u00a0\u00a0\u00a0\u00a0\u00a0\u00a0\u00a0\u00a0\u00a0\u00a0\u00a0\u00a0\u00a0\u00a0\u00a0<\/p>\n<p>[\/et_pb_toggle][et_pb_toggle title=\u00a0\u00bbLinsdorf\u00a0\u00bb toggle_icon=\u00a0\u00bb&#x4c;||divi||400&Prime; open_icon_color=\u00a0\u00bb#FFFFFF\u00a0\u00bb open_toggle_icon=\u00a0\u00bb&#x4b;||divi||400&Prime; admin_label=\u00a0\u00bbTitre onglet \u00a0\u00bb _builder_version=\u00a0\u00bb4.24.0&Prime; _module_preset=\u00a0\u00bbdefault\u00a0\u00bb title_level=\u00a0\u00bbh3&Prime; global_colors_info=\u00a0\u00bb{}\u00a0\u00bb]<\/p>\n<p>M. Serge GAISSER\u00a0\u00a0\u00a0\u00a0\u00a0\u00a0\u00a0\u00a0\u00a0\u00a0<\/p>\n<p>[\/et_pb_toggle][et_pb_toggle title=\u00a0\u00bbLucelle\u00a0\u00bb toggle_icon=\u00a0\u00bb&#x4c;||divi||400&Prime; open_icon_color=\u00a0\u00bb#FFFFFF\u00a0\u00bb open_toggle_icon=\u00a0\u00bb&#x4b;||divi||400&Prime; admin_label=\u00a0\u00bbTitre onglet \u00a0\u00bb _builder_version=\u00a0\u00bb4.24.0&Prime; _module_preset=\u00a0\u00bbdefault\u00a0\u00bb title_level=\u00a0\u00bbh3&Prime; global_colors_info=\u00a0\u00bb{}\u00a0\u00bb]<\/p>\n<p>M. Bernard FANKHAUSER\u00a0\u00a0\u00a0\u00a0\u00a0\u00a0\u00a0\u00a0<\/p>\n<p>[\/et_pb_toggle][et_pb_toggle title=\u00a0\u00bbLuemschwiller\u00a0\u00bb toggle_icon=\u00a0\u00bb&#x4c;||divi||400&Prime; open_icon_color=\u00a0\u00bb#FFFFFF\u00a0\u00bb open_toggle_icon=\u00a0\u00bb&#x4b;||divi||400&Prime; admin_label=\u00a0\u00bbTitre onglet \u00a0\u00bb _builder_version=\u00a0\u00bb4.24.0&Prime; _module_preset=\u00a0\u00bbdefault\u00a0\u00bb title_level=\u00a0\u00bbh3&Prime; global_colors_info=\u00a0\u00bb{}\u00a0\u00bb]<\/p>\n<p>M. Germain GOEPFERT\u00a0\u00a0\u00a0\u00a0\u00a0\u00a0\u00a0\u00a0\u00a0\u00a0<\/p>\n<p>[\/et_pb_toggle][et_pb_toggle title=\u00a0\u00bbLutter\u00a0\u00bb toggle_icon=\u00a0\u00bb&#x4c;||divi||400&Prime; open_icon_color=\u00a0\u00bb#FFFFFF\u00a0\u00bb open_toggle_icon=\u00a0\u00bb&#x4b;||divi||400&Prime; admin_label=\u00a0\u00bbTitre onglet \u00a0\u00bb _builder_version=\u00a0\u00bb4.24.0&Prime; _module_preset=\u00a0\u00bbdefault\u00a0\u00bb title_level=\u00a0\u00bbh3&Prime; global_colors_info=\u00a0\u00bb{}\u00a0\u00bb]<\/p>\n<p>M. Thierry DOLL\u00a0\u00a0\u00a0\u00a0\u00a0\u00a0\u00a0\u00a0\u00a0\u00a0\u00a0\u00a0\u00a0\u00a0\u00a0\u00a0\u00a0\u00a0\u00a0\u00a0\u00a0\u00a0<\/p>\n<p>[\/et_pb_toggle][et_pb_toggle title=\u00a0\u00bbMoernach\u00a0\u00bb toggle_icon=\u00a0\u00bb&#x4c;||divi||400&Prime; open_icon_color=\u00a0\u00bb#FFFFFF\u00a0\u00bb open_toggle_icon=\u00a0\u00bb&#x4b;||divi||400&Prime; admin_label=\u00a0\u00bbTitre onglet \u00a0\u00bb _builder_version=\u00a0\u00bb4.24.0&Prime; _module_preset=\u00a0\u00bbdefault\u00a0\u00bb title_level=\u00a0\u00bbh3&Prime; global_colors_info=\u00a0\u00bb{}\u00a0\u00bb]<\/p>\n<p>M. Patrick\u00a0 STEMMELIN\u00a0\u00a0\u00a0\u00a0\u00a0\u00a0\u00a0\u00a0\u00a0\u00a0\u00a0\u00a0\u00a0\u00a0\u00a0\u00a0\u00a0\u00a0\u00a0\u00a0\u00a0<\/p>\n<p>[\/et_pb_toggle][et_pb_toggle title=\u00a0\u00bbMuespach\u00a0\u00bb toggle_icon=\u00a0\u00bb&#x4c;||divi||400&Prime; open_icon_color=\u00a0\u00bb#FFFFFF\u00a0\u00bb open_toggle_icon=\u00a0\u00bb&#x4b;||divi||400&Prime; admin_label=\u00a0\u00bbTitre onglet \u00a0\u00bb _builder_version=\u00a0\u00bb4.24.0&Prime; _module_preset=\u00a0\u00bbdefault\u00a0\u00bb title_level=\u00a0\u00bbh3&Prime; global_colors_info=\u00a0\u00bb{}\u00a0\u00bb]<\/p>\n<p>Mme R\u00e9gine RENTZ\u00a0\u00a0\u00a0\u00a0\u00a0\u00a0\u00a0\u00a0\u00a0\u00a0\u00a0\u00a0\u00a0\u00a0\u00a0\u00a0\u00a0\u00a0\u00a0\u00a0\u00a0<\/p>\n<p>[\/et_pb_toggle][et_pb_toggle title=\u00a0\u00bbMuespach-le-Haut\u00a0\u00bb toggle_icon=\u00a0\u00bb&#x4c;||divi||400&Prime; open_icon_color=\u00a0\u00bb#FFFFFF\u00a0\u00bb open_toggle_icon=\u00a0\u00bb&#x4b;||divi||400&Prime; admin_label=\u00a0\u00bbTitre onglet \u00a0\u00bb _builder_version=\u00a0\u00bb4.24.0&Prime; _module_preset=\u00a0\u00bbdefault\u00a0\u00bb title_level=\u00a0\u00bbh3&Prime; global_colors_info=\u00a0\u00bb{}\u00a0\u00bb]<\/p>\n<p>Mme \u00a0Fabienne REY<\/p>\n<p>M. Fernand \u00a0WIEDER<\/p>\n<p>[\/et_pb_toggle][et_pb_toggle title=\u00a0\u00bbOberlarg\u00a0\u00bb toggle_icon=\u00a0\u00bb&#x4c;||divi||400&Prime; open_icon_color=\u00a0\u00bb#FFFFFF\u00a0\u00bb open_toggle_icon=\u00a0\u00bb&#x4b;||divi||400&Prime; admin_label=\u00a0\u00bbTitre onglet \u00a0\u00bb _builder_version=\u00a0\u00bb4.24.0&Prime; _module_preset=\u00a0\u00bbdefault\u00a0\u00bb title_level=\u00a0\u00bbh3&Prime; global_colors_info=\u00a0\u00bb{}\u00a0\u00bb]<\/p>\n<p>M. Jean-Luc WAECKERLI\u00a0\u00a0\u00a0\u00a0\u00a0\u00a0\u00a0\u00a0\u00a0\u00a0\u00a0\u00a0\u00a0\u00a0\u00a0\u00a0\u00a0\u00a0\u00a0\u00a0\u00a0\u00a0\u00a0\u00a0\u00a0\u00a0\u00a0\u00a0\u00a0\u00a0\u00a0<\/p>\n<p>[\/et_pb_toggle][et_pb_toggle title=\u00a0\u00bbObermorschwiller\u00a0\u00bb toggle_icon=\u00a0\u00bb&#x4c;||divi||400&Prime; open_icon_color=\u00a0\u00bb#FFFFFF\u00a0\u00bb open_toggle_icon=\u00a0\u00bb&#x4b;||divi||400&Prime; admin_label=\u00a0\u00bbTitre onglet \u00a0\u00bb _builder_version=\u00a0\u00bb4.24.0&Prime; _module_preset=\u00a0\u00bbdefault\u00a0\u00bb title_level=\u00a0\u00bbh3&Prime; global_colors_info=\u00a0\u00bb{}\u00a0\u00bb]<\/p>\n<p>M. Georges RISS\u00a0\u00a0\u00a0\u00a0\u00a0\u00a0\u00a0\u00a0\u00a0\u00a0\u00a0\u00a0\u00a0\u00a0\u00a0\u00a0\u00a0\u00a0\u00a0\u00a0\u00a0\u00a0\u00a0\u00a0\u00a0\u00a0\u00a0\u00a0<\/p>\n<p>[\/et_pb_toggle][et_pb_toggle title=\u00a0\u00bbOltingue\u00a0\u00bb toggle_icon=\u00a0\u00bb&#x4c;||divi||400&Prime; open_icon_color=\u00a0\u00bb#FFFFFF\u00a0\u00bb open_toggle_icon=\u00a0\u00bb&#x4b;||divi||400&Prime; admin_label=\u00a0\u00bbTitre onglet \u00a0\u00bb _builder_version=\u00a0\u00bb4.24.0&Prime; _module_preset=\u00a0\u00bbdefault\u00a0\u00bb title_level=\u00a0\u00bbh3&Prime; global_colors_info=\u00a0\u00bb{}\u00a0\u00bb]<\/p>\n<p>M. Philippe WAHL\u00a0\u00a0\u00a0\u00a0\u00a0\u00a0\u00a0\u00a0\u00a0\u00a0\u00a0\u00a0\u00a0\u00a0\u00a0\u00a0\u00a0\u00a0\u00a0\u00a0\u00a0\u00a0\u00a0\u00a0\u00a0\u00a0<\/p>\n<p>[\/et_pb_toggle][et_pb_toggle title=\u00a0\u00bbRaedersdorf\u00a0\u00bb toggle_icon=\u00a0\u00bb&#x4c;||divi||400&Prime; open_icon_color=\u00a0\u00bb#FFFFFF\u00a0\u00bb open_toggle_icon=\u00a0\u00bb&#x4b;||divi||400&Prime; admin_label=\u00a0\u00bbTitre onglet \u00a0\u00bb _builder_version=\u00a0\u00bb4.24.0&Prime; _module_preset=\u00a0\u00bbdefault\u00a0\u00bb title_level=\u00a0\u00bbh3&Prime; global_colors_info=\u00a0\u00bb{}\u00a0\u00bb]<\/p>\n<p>M. Jean-Marc METZ\u00a0\u00a0\u00a0\u00a0\u00a0\u00a0\u00a0\u00a0\u00a0\u00a0\u00a0\u00a0\u00a0\u00a0\u00a0\u00a0\u00a0\u00a0\u00a0\u00a0\u00a0\u00a0\u00a0<\/p>\n<p>[\/et_pb_toggle][et_pb_toggle title=\u00a0\u00bbRiespach\u00a0\u00bb toggle_icon=\u00a0\u00bb&#x4c;||divi||400&Prime; open_icon_color=\u00a0\u00bb#FFFFFF\u00a0\u00bb open_toggle_icon=\u00a0\u00bb&#x4b;||divi||400&Prime; admin_label=\u00a0\u00bbTitre onglet \u00a0\u00bb _builder_version=\u00a0\u00bb4.24.0&Prime; _module_preset=\u00a0\u00bbdefault\u00a0\u00bb title_level=\u00a0\u00bbh3&Prime; global_colors_info=\u00a0\u00bb{}\u00a0\u00bb]<\/p>\n<p>M. Aur\u00e9lio TOLOSA\u00a0\u00a0\u00a0\u00a0\u00a0\u00a0\u00a0\u00a0\u00a0\u00a0\u00a0\u00a0\u00a0\u00a0\u00a0\u00a0\u00a0\u00a0\u00a0\u00a0\u00a0\u00a0\u00a0\u00a0<\/p>\n<p>[\/et_pb_toggle][et_pb_toggle title=\u00a0\u00bbRoppentzwiller\u00a0\u00bb toggle_icon=\u00a0\u00bb&#x4c;||divi||400&Prime; open_icon_color=\u00a0\u00bb#FFFFFF\u00a0\u00bb open_toggle_icon=\u00a0\u00bb&#x4b;||divi||400&Prime; admin_label=\u00a0\u00bbTitre onglet \u00a0\u00bb _builder_version=\u00a0\u00bb4.24.0&Prime; _module_preset=\u00a0\u00bbdefault\u00a0\u00bb title_level=\u00a0\u00bbh3&Prime; global_colors_info=\u00a0\u00bb{}\u00a0\u00bb]<\/p>\n<p>M. Jean-Claude EGGENSPILLER\u00a0\u00a0\u00a0\u00a0\u00a0\u00a0\u00a0\u00a0\u00a0\u00a0\u00a0\u00a0<\/p>\n<p>[\/et_pb_toggle][et_pb_toggle title=\u00a0\u00bbRuederbach\u00a0\u00bb toggle_icon=\u00a0\u00bb&#x4c;||divi||400&Prime; open_icon_color=\u00a0\u00bb#FFFFFF\u00a0\u00bb open_toggle_icon=\u00a0\u00bb&#x4b;||divi||400&Prime; admin_label=\u00a0\u00bbTitre onglet \u00a0\u00bb _builder_version=\u00a0\u00bb4.24.0&Prime; _module_preset=\u00a0\u00bbdefault\u00a0\u00bb title_level=\u00a0\u00bbh3&Prime; global_colors_info=\u00a0\u00bb{}\u00a0\u00bb]<\/p>\n<p>M. Jean-Pierre BUISSON\u00a0\u00a0\u00a0\u00a0\u00a0\u00a0\u00a0\u00a0 \u00a0<\/p>\n<p>[\/et_pb_toggle][et_pb_toggle title=\u00a0\u00bbSaint-Bernard\u00a0\u00bb toggle_icon=\u00a0\u00bb&#x4c;||divi||400&Prime; open_icon_color=\u00a0\u00bb#FFFFFF\u00a0\u00bb open_toggle_icon=\u00a0\u00bb&#x4b;||divi||400&Prime; admin_label=\u00a0\u00bbTitre onglet \u00a0\u00bb _builder_version=\u00a0\u00bb4.24.0&Prime; _module_preset=\u00a0\u00bbdefault\u00a0\u00bb title_level=\u00a0\u00bbh3&Prime; global_colors_info=\u00a0\u00bb{}\u00a0\u00bb]<\/p>\n<p>M. Bertrand IVAIN \u00a0\u00a0\u00a0\u00a0\u00a0\u00a0\u00a0\u00a0\u00a0\u00a0\u00a0\u00a0\u00a0\u00a0\u00a0\u00a0\u00a0<\/p>\n<p>[\/et_pb_toggle][et_pb_toggle title=\u00a0\u00bbSchwoben\u00a0\u00bb toggle_icon=\u00a0\u00bb&#x4c;||divi||400&Prime; open_icon_color=\u00a0\u00bb#FFFFFF\u00a0\u00bb open_toggle_icon=\u00a0\u00bb&#x4b;||divi||400&Prime; admin_label=\u00a0\u00bbTitre onglet \u00a0\u00bb _builder_version=\u00a0\u00bb4.25.0&Prime; _module_preset=\u00a0\u00bbdefault\u00a0\u00bb title_level=\u00a0\u00bbh3&Prime; global_colors_info=\u00a0\u00bb{}\u00a0\u00bb]<\/p>\n<p>M. Jean-Fran\u00e7ois FOERNBACHER<\/p>\n<p>[\/et_pb_toggle][et_pb_toggle title=\u00a0\u00bbSondersdorf\u00a0\u00bb toggle_icon=\u00a0\u00bb&#x4c;||divi||400&Prime; open_icon_color=\u00a0\u00bb#FFFFFF\u00a0\u00bb open_toggle_icon=\u00a0\u00bb&#x4b;||divi||400&Prime; admin_label=\u00a0\u00bbTitre onglet \u00a0\u00bb _builder_version=\u00a0\u00bb4.24.0&Prime; _module_preset=\u00a0\u00bbdefault\u00a0\u00bb title_level=\u00a0\u00bbh3&Prime; global_colors_info=\u00a0\u00bb{}\u00a0\u00bb]<\/p>\n<p>M. Pierre BLIND\u00a0\u00a0\u00a0\u00a0\u00a0\u00a0\u00a0\u00a0\u00a0\u00a0\u00a0\u00a0\u00a0\u00a0\u00a0\u00a0 \u00a0<\/p>\n<p>[\/et_pb_toggle][et_pb_toggle title=\u00a0\u00bbSpechbach\u00a0\u00bb toggle_icon=\u00a0\u00bb&#x4c;||divi||400&Prime; open_icon_color=\u00a0\u00bb#FFFFFF\u00a0\u00bb open_toggle_icon=\u00a0\u00bb&#x4b;||divi||400&Prime; admin_label=\u00a0\u00bbTitre onglet \u00a0\u00bb _builder_version=\u00a0\u00bb4.24.0&Prime; _module_preset=\u00a0\u00bbdefault\u00a0\u00bb title_level=\u00a0\u00bbh3&Prime; global_colors_info=\u00a0\u00bb{}\u00a0\u00bb]<\/p>\n<p>Mme Nathalie BUCHER<\/p>\n<p>M. Paul STOFFEL\u00a0\u00a0\u00a0\u00a0\u00a0\u00a0\u00a0\u00a0\u00a0\u00a0\u00a0\u00a0\u00a0<\/p>\n<p>[\/et_pb_toggle][et_pb_toggle title=\u00a0\u00bbSteinsoultz\u00a0\u00bb toggle_icon=\u00a0\u00bb&#x4c;||divi||400&Prime; open_icon_color=\u00a0\u00bb#FFFFFF\u00a0\u00bb open_toggle_icon=\u00a0\u00bb&#x4b;||divi||400&Prime; admin_label=\u00a0\u00bbTitre onglet \u00a0\u00bb _builder_version=\u00a0\u00bb4.24.0&Prime; _module_preset=\u00a0\u00bbdefault\u00a0\u00bb title_level=\u00a0\u00bbh3&Prime; global_colors_info=\u00a0\u00bb{}\u00a0\u00bb]<\/p>\n<p>M. St\u00e9phane STALLINI\u00a0\u00a0\u00a0\u00a0\u00a0\u00a0\u00a0\u00a0\u00a0\u00a0\u00a0\u00a0\u00a0\u00a0\u00a0\u00a0\u00a0\u00a0\u00a0\u00a0\u00a0\u00a0\u00a0\u00a0\u00a0\u00a0\u00a0<\/p>\n<p>[\/et_pb_toggle][et_pb_toggle title=\u00a0\u00bbTagolsheim\u00a0\u00bb toggle_icon=\u00a0\u00bb&#x4c;||divi||400&Prime; open_icon_color=\u00a0\u00bb#FFFFFF\u00a0\u00bb open_toggle_icon=\u00a0\u00bb&#x4b;||divi||400&Prime; admin_label=\u00a0\u00bbTitre onglet \u00a0\u00bb _builder_version=\u00a0\u00bb4.24.0&Prime; _module_preset=\u00a0\u00bbdefault\u00a0\u00bb title_level=\u00a0\u00bbh3&Prime; global_colors_info=\u00a0\u00bb{}\u00a0\u00bb]<\/p>\n<p>M. Herv\u00e9 WERMUTH\u00a0\u00a0\u00a0\u00a0\u00a0\u00a0\u00a0\u00a0\u00a0\u00a0\u00a0\u00a0\u00a0\u00a0\u00a0\u00a0\u00a0\u00a0\u00a0\u00a0\u00a0\u00a0\u00a0\u00a0\u00a0\u00a0\u00a0\u00a0\u00a0\u00a0\u00a0\u00a0\u00a0<\/p>\n<p>[\/et_pb_toggle][et_pb_toggle title=\u00a0\u00bbTagsdorf\u00a0\u00bb toggle_icon=\u00a0\u00bb&#x4c;||divi||400&Prime; open_icon_color=\u00a0\u00bb#FFFFFF\u00a0\u00bb open_toggle_icon=\u00a0\u00bb&#x4b;||divi||400&Prime; admin_label=\u00a0\u00bbTitre onglet \u00a0\u00bb _builder_version=\u00a0\u00bb4.24.0&Prime; _module_preset=\u00a0\u00bbdefault\u00a0\u00bb title_level=\u00a0\u00bbh3&Prime; global_colors_info=\u00a0\u00bb{}\u00a0\u00bb]<\/p>\n<p>Mme Madeleine GOETZ\u00a0\u00a0\u00a0\u00a0\u00a0\u00a0\u00a0\u00a0\u00a0\u00a0\u00a0\u00a0\u00a0\u00a0\u00a0\u00a0\u00a0\u00a0\u00a0\u00a0\u00a0<\/p>\n<p>[\/et_pb_toggle][et_pb_toggle title=\u00a0\u00bbVieux-Ferrette\u00a0\u00bb toggle_icon=\u00a0\u00bb&#x4c;||divi||400&Prime; open_icon_color=\u00a0\u00bb#FFFFFF\u00a0\u00bb open_toggle_icon=\u00a0\u00bb&#x4b;||divi||400&Prime; admin_label=\u00a0\u00bbTitre onglet \u00a0\u00bb _builder_version=\u00a0\u00bb4.24.0&Prime; _module_preset=\u00a0\u00bbdefault\u00a0\u00bb title_level=\u00a0\u00bbh3&Prime; global_colors_info=\u00a0\u00bb{}\u00a0\u00bb]<\/p>\n<p>M. Gilbert SORROLDONI<\/p>\n<p>[\/et_pb_toggle][et_pb_toggle title=\u00a0\u00bbWaldighoffen\u00a0\u00bb toggle_icon=\u00a0\u00bb&#x4c;||divi||400&Prime; open_icon_color=\u00a0\u00bb#FFFFFF\u00a0\u00bb open_toggle_icon=\u00a0\u00bb&#x4b;||divi||400&Prime; admin_label=\u00a0\u00bbTitre onglet \u00a0\u00bb _builder_version=\u00a0\u00bb4.24.0&Prime; _module_preset=\u00a0\u00bbdefault\u00a0\u00bb title_level=\u00a0\u00bbh3&Prime; global_colors_info=\u00a0\u00bb{}\u00a0\u00bb]<\/p>\n<p>Mme Eliane OSINSKI<\/p>\n<p>M. Jean-Claude SCHIELIN<\/p>\n<p>[\/et_pb_toggle][et_pb_toggle title=\u00a0\u00bbWalheim\u00a0\u00bb toggle_icon=\u00a0\u00bb&#x4c;||divi||400&Prime; open_icon_color=\u00a0\u00bb#FFFFFF\u00a0\u00bb open_toggle_icon=\u00a0\u00bb&#x4b;||divi||400&Prime; admin_label=\u00a0\u00bbTitre onglet \u00a0\u00bb _builder_version=\u00a0\u00bb4.24.0&Prime; _module_preset=\u00a0\u00bbdefault\u00a0\u00bb title_level=\u00a0\u00bbh3&Prime; global_colors_info=\u00a0\u00bb{}\u00a0\u00bb]<\/p>\n<p>M. Michel PFLIEGER \u00a0\u00a0\u00a0\u00a0\u00a0\u00a0\u00a0\u00a0\u00a0\u00a0\u00a0\u00a0\u00a0\u00a0\u00a0<\/p>\n<p>[\/et_pb_toggle][et_pb_toggle title=\u00a0\u00bbWerentzhouse\u00a0\u00bb toggle_icon=\u00a0\u00bb&#x4c;||divi||400&Prime; open_icon_color=\u00a0\u00bb#FFFFFF\u00a0\u00bb open_toggle_icon=\u00a0\u00bb&#x4b;||divi||400&Prime; admin_label=\u00a0\u00bbTitre onglet \u00a0\u00bb _builder_version=\u00a0\u00bb4.24.0&Prime; _module_preset=\u00a0\u00bbdefault\u00a0\u00bb title_level=\u00a0\u00bbh3&Prime; global_colors_info=\u00a0\u00bb{}\u00a0\u00bb]<\/p>\n<p>M. Eric GUTZWILLER\u00a0\u00a0\u00a0\u00a0\u00a0\u00a0\u00a0\u00a0\u00a0\u00a0\u00a0\u00a0\u00a0\u00a0\u00a0\u00a0\u00a0\u00a0<\/p>\n<p>[\/et_pb_toggle][et_pb_toggle title=\u00a0\u00bbWiller\u00a0\u00bb toggle_icon=\u00a0\u00bb&#x4c;||divi||400&Prime; open_icon_color=\u00a0\u00bb#FFFFFF\u00a0\u00bb open_toggle_icon=\u00a0\u00bb&#x4b;||divi||400&Prime; admin_label=\u00a0\u00bbTitre onglet \u00a0\u00bb _builder_version=\u00a0\u00bb4.24.0&Prime; _module_preset=\u00a0\u00bbdefault\u00a0\u00bb title_level=\u00a0\u00bbh3&Prime; global_colors_info=\u00a0\u00bb{}\u00a0\u00bb]<\/p>\n<p>Mme Rita HELL\u00a0\u00a0\u00a0\u00a0\u00a0\u00a0\u00a0\u00a0\u00a0\u00a0\u00a0\u00a0\u00a0\u00a0\u00a0\u00a0\u00a0\u00a0\u00a0\u00a0\u00a0\u00a0\u00a0\u00a0\u00a0\u00a0\u00a0\u00a0\u00a0\u00a0<\/p>\n<p>[\/et_pb_toggle][et_pb_toggle title=\u00a0\u00bbWinkel\u00a0\u00bb toggle_icon=\u00a0\u00bb&#x4c;||divi||400&Prime; open_icon_color=\u00a0\u00bb#FFFFFF\u00a0\u00bb open_toggle_icon=\u00a0\u00bb&#x4b;||divi||400&Prime; admin_label=\u00a0\u00bbTitre onglet \u00a0\u00bb _builder_version=\u00a0\u00bb4.24.0&Prime; _module_preset=\u00a0\u00bbdefault\u00a0\u00bb title_level=\u00a0\u00bbh3&Prime; global_colors_info=\u00a0\u00bb{}\u00a0\u00bb]<\/p>\n<p>Mme Agn\u00e8s LORENTZ\u00a0\u00a0\u00a0\u00a0\u00a0\u00a0\u00a0\u00a0\u00a0\u00a0\u00a0\u00a0\u00a0\u00a0\u00a0\u00a0<\/p>\n<p>[\/et_pb_toggle][et_pb_toggle title=\u00a0\u00bbWittersdorf\u00a0\u00bb toggle_icon=\u00a0\u00bb&#x4c;||divi||400&Prime; open_icon_color=\u00a0\u00bb#FFFFFF\u00a0\u00bb open_toggle_icon=\u00a0\u00bb&#x4b;||divi||400&Prime; admin_label=\u00a0\u00bbTitre onglet \u00a0\u00bb _builder_version=\u00a0\u00bb4.24.0&Prime; _module_preset=\u00a0\u00bbdefault\u00a0\u00bb title_level=\u00a0\u00bbh3&Prime; global_colors_info=\u00a0\u00bb{}\u00a0\u00bb]<\/p>\n<p>M. Jean-Marie FREUDENBERGER\u00a0\u00a0\u00a0\u00a0\u00a0\u00a0\u00a0\u00a0\u00a0\u00a0\u00a0\u00a0\u00a0\u00a0\u00a0\u00a0\u00a0\u00a0\u00a0\u00a0\u00a0\u00a0<\/p>\n<p>[\/et_pb_toggle][et_pb_toggle title=\u00a0\u00bbWolschwiller\u00a0\u00bb toggle_icon=\u00a0\u00bb&#x4c;||divi||400&Prime; open_icon_color=\u00a0\u00bb#FFFFFF\u00a0\u00bb open_toggle_icon=\u00a0\u00bb&#x4b;||divi||400&Prime; admin_label=\u00a0\u00bbTitre onglet \u00a0\u00bb _builder_version=\u00a0\u00bb4.24.0&Prime; _module_preset=\u00a0\u00bbdefault\u00a0\u00bb title_level=\u00a0\u00bbh3&Prime; global_colors_info=\u00a0\u00bb{}\u00a0\u00bb]<\/p>\n<p>M. Sylvain GABRIEL<\/p>\n<p>[\/et_pb_toggle][\/et_pb_column][\/et_pb_row][\/et_pb_section][et_pb_section fb_built=\u00a0\u00bb1&Prime; _builder_version=\u00a0\u00bb4.24.0&Prime; _module_preset=\u00a0\u00bbdefault\u00a0\u00bb custom_margin=\u00a0\u00bb-159px|||||\u00a0\u00bb global_colors_info=\u00a0\u00bb{}\u00a0\u00bb][et_pb_row _builder_version=\u00a0\u00bb4.24.0&Prime; _module_preset=\u00a0\u00bbdefault\u00a0\u00bb width=\u00a0\u00bb75%\u00a0\u00bb width_tablet=\u00a0\u00bb75%\u00a0\u00bb width_phone=\u00a0\u00bb100%\u00a0\u00bb width_last_edited=\u00a0\u00bbon|phone\u00a0\u00bb custom_margin=\u00a0\u00bb24px||24px||true|false\u00a0\u00bb custom_padding=\u00a0\u00bb0px|||||\u00a0\u00bb locked=\u00a0\u00bboff\u00a0\u00bb global_colors_info=\u00a0\u00bb{}\u00a0\u00bb][et_pb_column type=\u00a0\u00bb4_4&Prime; _builder_version=\u00a0\u00bb4.24.0&Prime; _module_preset=\u00a0\u00bbdefault\u00a0\u00bb background_color=\u00a0\u00bb#EFF5CB\u00a0\u00bb custom_css_main_element=\u00a0\u00bbdisplay:flex;||align-items:center;||justify-content:space-between;||padding:15px 15px 15px 35px;||border-radius:25px\u00a0\u00bb global_colors_info=\u00a0\u00bb{}\u00a0\u00bb][et_pb_blurb use_icon=\u00a0\u00bbon\u00a0\u00bb font_icon=\u00a0\u00bb&#x69;||divi||400&Prime; icon_color=\u00a0\u00bbgcid-a9d8e14e-2f78-408a-a83c-506939196b52&Prime; icon_placement=\u00a0\u00bbleft\u00a0\u00bb image_icon_width=\u00a0\u00bb40px\u00a0\u00bb content_max_width=\u00a0\u00bb785px\u00a0\u00bb image_icon_width_tablet=\u00a0\u00bb\u00a0\u00bb image_icon_width_phone=\u00a0\u00bb35px\u00a0\u00bb image_icon_width_last_edited=\u00a0\u00bbon|phone\u00a0\u00bb admin_label=\u00a0\u00bb fichier \u00e0 t\u00e9l\u00e9charger Retrouvez ici le rapport de bilan \u00e0 mi-parcours\u00a0\u00bb _builder_version=\u00a0\u00bb4.24.0&Prime; _module_preset=\u00a0\u00bbdefault\u00a0\u00bb header_level=\u00a0\u00bbh3&Prime; header_text_color=\u00a0\u00bb#000000&Prime; body_link_text_color=\u00a0\u00bb#009CA6&Prime; custom_margin=\u00a0\u00bb0px||0px||true|false\u00a0\u00bb custom_padding=\u00a0\u00bb0px||0px||true|false\u00a0\u00bb link_option_url=\u00a0\u00bbhttps:\/\/www.auctavia.fr\/aucta21\/wp-content\/uploads\/2024\/04\/Conseillers-communautaires.pdf\u00a0\u00bb custom_css_main_element=\u00a0\u00bb||\u00a0\u00bb global_colors_info=\u00a0\u00bb{%22gcid-a9d8e14e-2f78-408a-a83c-506939196b52%22:%91%22icon_color%22%93}\u00a0\u00bb body_link_text_color__hover=\u00a0\u00bb#A9C23F\u00a0\u00bb body_link_text_color__hover_enabled=\u00a0\u00bbon|hover\u00a0\u00bb]<\/p>\n<p><strong>Retrouvez ici la liste compl\u00e8te des 89 conseillers communautaires<br \/><\/strong><\/p>\n<p>[\/et_pb_blurb][et_pb_icon font_icon=\u00a0\u00bb&#xe092;||divi||400&Prime; icon_width=\u00a0\u00bb25px\u00a0\u00bb url=\u00a0\u00bbhttps:\/\/www.auctavia.fr\/aucta21\/wp-content\/uploads\/2024\/05\/Liste-conseillers-communautaires.pdf\u00a0\u00bb _builder_version=\u00a0\u00bb4.25.0&Prime; _module_preset=\u00a0\u00bbdefault\u00a0\u00bb global_colors_info=\u00a0\u00bb{}\u00a0\u00bb][\/et_pb_icon][\/et_pb_column][\/et_pb_row][\/et_pb_section]<\/p>\n","protected":false},"excerpt":{"rendered":"<p>Conseil communautaireLa Communaut\u00e9 de Communes Sundgau \u00a0compte 89 conseillers communautaires, issus des 64 communes membres. Ces derniers ont d\u00e9sign\u00e9 le 16 juillet 2020 le pr\u00e9sident de la CC Sundgau, M. Gilles FREMIOT, Maire de Heidwiller ainsi que les vice-pr\u00e9sidents, les d\u00e9l\u00e9gu\u00e9s communautaires et les membres du Bureau.[wpseo_breadcrumb]R\u00f4le et missions du Conseil communautaireLe Conseil communautaire a [&hellip;]<\/p>\n","protected":false},"author":1,"featured_media":0,"parent":987521579,"menu_order":0,"comment_status":"closed","ping_status":"closed","template":"","meta":{"_acf_changed":false,"_et_pb_use_builder":"on","_et_pb_old_content":"","_et_gb_content_width":"","footnotes":""},"class_list":["post-987521587","page","type-page","status-publish","hentry"],"acf":[],"_links":{"self":[{"href":"https:\/\/www.auctavia.fr\/aucta21\/wp-json\/wp\/v2\/pages\/987521587","targetHints":{"allow":["GET"]}}],"collection":[{"href":"https:\/\/www.auctavia.fr\/aucta21\/wp-json\/wp\/v2\/pages"}],"about":[{"href":"https:\/\/www.auctavia.fr\/aucta21\/wp-json\/wp\/v2\/types\/page"}],"author":[{"embeddable":true,"href":"https:\/\/www.auctavia.fr\/aucta21\/wp-json\/wp\/v2\/users\/1"}],"replies":[{"embeddable":true,"href":"https:\/\/www.auctavia.fr\/aucta21\/wp-json\/wp\/v2\/comments?post=987521587"}],"version-history":[{"count":43,"href":"https:\/\/www.auctavia.fr\/aucta21\/wp-json\/wp\/v2\/pages\/987521587\/revisions"}],"predecessor-version":[{"id":987529253,"href":"https:\/\/www.auctavia.fr\/aucta21\/wp-json\/wp\/v2\/pages\/987521587\/revisions\/987529253"}],"up":[{"embeddable":true,"href":"https:\/\/www.auctavia.fr\/aucta21\/wp-json\/wp\/v2\/pages\/987521579"}],"wp:attachment":[{"href":"https:\/\/www.auctavia.fr\/aucta21\/wp-json\/wp\/v2\/media?parent=987521587"}],"curies":[{"name":"wp","href":"https:\/\/api.w.org\/{rel}","templated":true}]}}