{"id":987521577,"date":"2024-01-15T15:03:14","date_gmt":"2024-01-15T14:03:14","guid":{"rendered":"https:\/\/www.auctavia.fr\/aucta21\/?page_id=987521577"},"modified":"2024-05-14T15:09:25","modified_gmt":"2024-05-14T13:09:25","slug":"le-territoire","status":"publish","type":"page","link":"https:\/\/www.auctavia.fr\/aucta21\/la-ccs-vous\/le-territoire\/","title":{"rendered":"Le territoire"},"content":{"rendered":"<p>[et_pb_section fb_built=\u00a0\u00bb1&Prime; module_class=\u00a0\u00bbpa-custom-background-mask-1 margin\u00a0\u00bb _builder_version=\u00a0\u00bb4.24.0&Prime; _module_preset=\u00a0\u00bbdefault\u00a0\u00bb use_background_color_gradient=\u00a0\u00bbon\u00a0\u00bb background_color_gradient_direction=\u00a0\u00bb90deg\u00a0\u00bb background_color_gradient_stops=\u00a0\u00bbrgba(0,0,0,0.75) 0%|rgba(255,255,255,0) 75%\u00a0\u00bb background_color_gradient_overlays_image=\u00a0\u00bbon\u00a0\u00bb background_image=\u00a0\u00bbhttps:\/\/www.auctavia.fr\/aucta21\/wp-content\/uploads\/2024\/02\/Raemelsberg-Wolschwiller.jpg\u00a0\u00bb background_enable_mask_style=\u00a0\u00bbon\u00a0\u00bb background_mask_size=\u00a0\u00bbcustom\u00a0\u00bb background_mask_position=\u00a0\u00bbcenter_right\u00a0\u00bb min_height=\u00a0\u00bb768px\u00a0\u00bb custom_margin=\u00a0\u00bb0px||0px||true|false\u00a0\u00bb custom_padding=\u00a0\u00bb0px||0px||true|false\u00a0\u00bb custom_css_main_element=\u00a0\u00bbmargin-top:0px !important;\u00a0\u00bb global_colors_info=\u00a0\u00bb{}\u00a0\u00bb][et_pb_row _builder_version=\u00a0\u00bb4.24.0&Prime; _module_preset=\u00a0\u00bbdefault\u00a0\u00bb module_alignment=\u00a0\u00bbcenter\u00a0\u00bb custom_margin=\u00a0\u00bb||||false|false\u00a0\u00bb custom_padding=\u00a0\u00bb0px|0px|0px|0px|true|true\u00a0\u00bb global_colors_info=\u00a0\u00bb{}\u00a0\u00bb][et_pb_column type=\u00a0\u00bb4_4&Prime; _builder_version=\u00a0\u00bb4.24.0&Prime; _module_preset=\u00a0\u00bbdefault\u00a0\u00bb global_colors_info=\u00a0\u00bb{}\u00a0\u00bb][et_pb_text admin_label=\u00a0\u00bbLe Territoire\u00a0\u00bb _builder_version=\u00a0\u00bb4.24.0&Prime; _module_preset=\u00a0\u00bbdefault\u00a0\u00bb width=\u00a0\u00bb550px\u00a0\u00bb width_tablet=\u00a0\u00bbauto\u00a0\u00bb width_phone=\u00a0\u00bbauto\u00a0\u00bb width_last_edited=\u00a0\u00bbon|phone\u00a0\u00bb max_width=\u00a0\u00bb100%\u00a0\u00bb max_width_tablet=\u00a0\u00bb100%\u00a0\u00bb max_width_phone=\u00a0\u00bb100%\u00a0\u00bb max_width_last_edited=\u00a0\u00bbon|tablet\u00a0\u00bb custom_margin=\u00a0\u00bb300px||0px|0px|false|false\u00a0\u00bb custom_margin_tablet=\u00a0\u00bb|||40px|false|false\u00a0\u00bb custom_margin_phone=\u00a0\u00bb|||40px|false|false\u00a0\u00bb custom_margin_last_edited=\u00a0\u00bbon|phone\u00a0\u00bb custom_padding=\u00a0\u00bb0px||0px||true|false\u00a0\u00bb global_colors_info=\u00a0\u00bb{}\u00a0\u00bb]<\/p>\n<h1>Le Territoire<\/h1>\n<p>[\/et_pb_text][et_pb_text admin_label=\u00a0\u00bbChapo introductif\u00a0\u00bb module_class=\u00a0\u00bbdescription\u00a0\u00bb _builder_version=\u00a0\u00bb4.25.0&Prime; _module_preset=\u00a0\u00bbdefault\u00a0\u00bb text_font=\u00a0\u00bb||||||||\u00a0\u00bb text_text_color=\u00a0\u00bb#FFFFFF\u00a0\u00bb width=\u00a0\u00bb588px\u00a0\u00bb width_tablet=\u00a0\u00bbauto\u00a0\u00bb width_phone=\u00a0\u00bbauto\u00a0\u00bb width_last_edited=\u00a0\u00bbon|phone\u00a0\u00bb max_width=\u00a0\u00bb100%\u00a0\u00bb max_width_tablet=\u00a0\u00bb100%\u00a0\u00bb max_width_phone=\u00a0\u00bb100%\u00a0\u00bb max_width_last_edited=\u00a0\u00bbon|tablet\u00a0\u00bb custom_margin=\u00a0\u00bb0px||0px|0px|true|false\u00a0\u00bb custom_margin_tablet=\u00a0\u00bb|||40px|true|false\u00a0\u00bb custom_margin_phone=\u00a0\u00bb|||40px|true|false\u00a0\u00bb custom_margin_last_edited=\u00a0\u00bbon|phone\u00a0\u00bb custom_padding=\u00a0\u00bb0px||0px||true|false\u00a0\u00bb hover_enabled=\u00a0\u00bb0&Prime; global_colors_info=\u00a0\u00bb{}\u00a0\u00bb sticky_enabled=\u00a0\u00bb0&Prime;]<\/p>\n<p>La Communaut\u00e9 de Communes Sundgau est le r\u00e9sultat d&rsquo;une fusion de 5 structures intercommunales : les Communaut\u00e9s de Communes d\u2019Altkirch, du Jura Alsacien, d\u2019Ill et Gersbach, du Secteur d\u2019Illfurth et de la Vall\u00e9e de Hundsbach.<\/p>\n<p>[\/et_pb_text][\/et_pb_column][\/et_pb_row][\/et_pb_section][et_pb_section fb_built=\u00a0\u00bb1&Prime; _builder_version=\u00a0\u00bb4.25.0&Prime; background_color=\u00a0\u00bbrgba(239,245,203,0.47)\u00a0\u00bb custom_margin=\u00a0\u00bb0px||0px||false|false\u00a0\u00bb custom_padding=\u00a0\u00bb0px||0px||false|false\u00a0\u00bb global_module=\u00a0\u00bb987527892&Prime; saved_tabs=\u00a0\u00bball\u00a0\u00bb global_colors_info=\u00a0\u00bb{}\u00a0\u00bb][et_pb_row _builder_version=\u00a0\u00bb4.24.0&Prime; width=\u00a0\u00bb75%\u00a0\u00bb width_tablet=\u00a0\u00bb75%\u00a0\u00bb width_phone=\u00a0\u00bb100%\u00a0\u00bb width_last_edited=\u00a0\u00bbon|phone\u00a0\u00bb custom_margin=\u00a0\u00bb-50px||0px||false|false\u00a0\u00bb custom_margin_tablet=\u00a0\u00bb-30px||||false|false\u00a0\u00bb custom_margin_phone=\u00a0\u00bb-32px||||false|false\u00a0\u00bb custom_margin_last_edited=\u00a0\u00bbon|tablet\u00a0\u00bb custom_padding=\u00a0\u00bb0px||0px||false|false\u00a0\u00bb global_colors_info=\u00a0\u00bb{}\u00a0\u00bb][et_pb_column type=\u00a0\u00bb4_4&Prime; _builder_version=\u00a0\u00bb4.24.0&Prime; _module_preset=\u00a0\u00bbdefault\u00a0\u00bb global_colors_info=\u00a0\u00bb{}\u00a0\u00bb][et_pb_text module_class=\u00a0\u00bbauctariane\u00a0\u00bb _builder_version=\u00a0\u00bb4.24.0&Prime; _module_preset=\u00a0\u00bbdefault\u00a0\u00bb global_colors_info=\u00a0\u00bb{}\u00a0\u00bb]<\/p>\n<p style=\"font-size: 20px; font-weight: 300!important;\">[wpseo_breadcrumb]<\/p>\n<p>[\/et_pb_text][\/et_pb_column][\/et_pb_row][\/et_pb_section][et_pb_section fb_built=\u00a0\u00bb1&Prime; _builder_version=\u00a0\u00bb4.24.0&Prime; _module_preset=\u00a0\u00bbdefault\u00a0\u00bb background_enable_color=\u00a0\u00bboff\u00a0\u00bb global_colors_info=\u00a0\u00bb{%22gcid-a4870473-0ec3-40e3-b68b-386afbb8d1b5%22:%91%22background_color%22%93}\u00a0\u00bb][et_pb_row _builder_version=\u00a0\u00bb4.24.0&Prime; _module_preset=\u00a0\u00bbdefault\u00a0\u00bb width=\u00a0\u00bb75%\u00a0\u00bb width_tablet=\u00a0\u00bb75%\u00a0\u00bb width_phone=\u00a0\u00bb100%\u00a0\u00bb width_last_edited=\u00a0\u00bbon|phone\u00a0\u00bb custom_margin=\u00a0\u00bb40px||||false|false\u00a0\u00bb global_colors_info=\u00a0\u00bb{}\u00a0\u00bb][et_pb_column type=\u00a0\u00bb4_4&Prime; _builder_version=\u00a0\u00bb4.24.0&Prime; _module_preset=\u00a0\u00bbdefault\u00a0\u00bb global_colors_info=\u00a0\u00bb{}\u00a0\u00bb][et_pb_text admin_label=\u00a0\u00bbPr\u00e9sentation\u00a0\u00bb _builder_version=\u00a0\u00bb4.24.0&Prime; _module_preset=\u00a0\u00bbdefault\u00a0\u00bb text_font=\u00a0\u00bb||||||||\u00a0\u00bb header_font=\u00a0\u00bb||||||||\u00a0\u00bb header_text_color=\u00a0\u00bbgcid-a9d8e14e-2f78-408a-a83c-506939196b52&Prime; custom_margin=\u00a0\u00bb0px||0px||false|false\u00a0\u00bb custom_padding=\u00a0\u00bb0px||0px||true|false\u00a0\u00bb global_colors_info=\u00a0\u00bb{%22gcid-a9d8e14e-2f78-408a-a83c-506939196b52%22:%91%22header_text_color%22%93}\u00a0\u00bb]<\/p>\n<h2>Pr\u00e9sentation du Territoire<\/h2>\n<p>[\/et_pb_text][\/et_pb_column][\/et_pb_row][et_pb_row column_structure=\u00a0\u00bb1_2,1_2&Prime; _builder_version=\u00a0\u00bb4.24.0&Prime; _module_preset=\u00a0\u00bbdefault\u00a0\u00bb width=\u00a0\u00bb75%\u00a0\u00bb width_tablet=\u00a0\u00bb75%\u00a0\u00bb width_phone=\u00a0\u00bb100%\u00a0\u00bb width_last_edited=\u00a0\u00bbon|phone\u00a0\u00bb min_height=\u00a0\u00bb270.3px\u00a0\u00bb custom_margin=\u00a0\u00bb40px||||false|false\u00a0\u00bb custom_padding=\u00a0\u00bb||0px|||\u00a0\u00bb global_colors_info=\u00a0\u00bb{}\u00a0\u00bb][et_pb_column type=\u00a0\u00bb1_2&Prime; _builder_version=\u00a0\u00bb4.24.0&Prime; _module_preset=\u00a0\u00bbdefault\u00a0\u00bb global_colors_info=\u00a0\u00bb{}\u00a0\u00bb][et_pb_text admin_label=\u00a0\u00bbTitre H2&Prime; _builder_version=\u00a0\u00bb4.24.0&Prime; _module_preset=\u00a0\u00bbdefault\u00a0\u00bb text_font=\u00a0\u00bb||||||||\u00a0\u00bb header_font=\u00a0\u00bb||||||||\u00a0\u00bb header_text_color=\u00a0\u00bbgcid-a9d8e14e-2f78-408a-a83c-506939196b52&Prime; custom_margin=\u00a0\u00bb0px||0px||false|false\u00a0\u00bb custom_padding=\u00a0\u00bb0px||0px||true|false\u00a0\u00bb global_colors_info=\u00a0\u00bb{%22gcid-a9d8e14e-2f78-408a-a83c-506939196b52%22:%91%22header_text_color%22%93}\u00a0\u00bb]<\/p>\n<p>La Communaut\u00e9 de Communes Sundgau est le fruit du rassemblement des Communaut\u00e9s de Communes d\u2019Altkirch, du Jura Alsacien, d\u2019Ill et Gersbach, du Secteur d\u2019Illfurth et de la Vall\u00e9e de Hundsbach.<br \/>Ensemble, elles forment un Etablissement Public de Coop\u00e9ration Intercommunal (EPCI) de 64 communes, le plus nombreux d\u2019Alsace.<br \/>En terme de positionnement g\u00e9ographique, la Communaut\u00e9 de Communes Sundgau se situe au sud de l\u2019Alsace, \u00e0 la confluence de 3 grands p\u00f4les urbains que sont B\u00e2le, Belfort et Mulhouse. Un territoire dynamique, riche de ses associations, de son tissu \u00e9conomique, de sa vitalit\u00e9 culturelle et de sa nature pr\u00e9serv\u00e9e. <\/p>\n<p>[\/et_pb_text][\/et_pb_column][et_pb_column type=\u00a0\u00bb1_2&Prime; _builder_version=\u00a0\u00bb4.24.0&Prime; _module_preset=\u00a0\u00bbdefault\u00a0\u00bb global_colors_info=\u00a0\u00bb{}\u00a0\u00bb][et_pb_image src=\u00a0\u00bbhttps:\/\/www.auctavia.fr\/aucta21\/wp-content\/uploads\/2024\/02\/La-foret-enchantee-Altkirch.jpg\u00a0\u00bb title_text=\u00a0\u00bbLa for\u00eat enchant\u00e9e Altkirch\u00a0\u00bb _builder_version=\u00a0\u00bb4.24.0&Prime; _module_preset=\u00a0\u00bbdefault\u00a0\u00bb global_colors_info=\u00a0\u00bb{}\u00a0\u00bb][\/et_pb_image][\/et_pb_column][\/et_pb_row][et_pb_row _builder_version=\u00a0\u00bb4.24.0&Prime; _module_preset=\u00a0\u00bbdefault\u00a0\u00bb custom_margin=\u00a0\u00bb107px|auto||auto||\u00a0\u00bb global_colors_info=\u00a0\u00bb{}\u00a0\u00bb][et_pb_column type=\u00a0\u00bb4_4&Prime; _builder_version=\u00a0\u00bb4.24.0&Prime; _module_preset=\u00a0\u00bbdefault\u00a0\u00bb global_colors_info=\u00a0\u00bb{}\u00a0\u00bb][et_pb_text _builder_version=\u00a0\u00bb4.24.0&Prime; _module_preset=\u00a0\u00bbdefault\u00a0\u00bb min_height=\u00a0\u00bb91px\u00a0\u00bb custom_margin=\u00a0\u00bb-84px|||||\u00a0\u00bb global_colors_info=\u00a0\u00bb{}\u00a0\u00bb]<\/p>\n<p>Le si\u00e8ge de la Communaut\u00e9 de Communes est localis\u00e9 \u00e0 Altkirch, une ville de 6000 habitants. Le bourg centre de la CC Sundgau occupe une place strat\u00e9gique par sa localisation et sa liaison avec son environnement, en plein c\u0153ur d\u2019un territoire rural authentique, le Sundgau.\u00a0 La Communaut\u00e9 de Communes se situe \u00e0 15 km de Mulhouse et de l\u2019A36 ainsi qu\u2019\u00e0 30 km de l\u2019a\u00e9roport international B\u00e2le-Mulhouse.<\/p>\n<p>[\/et_pb_text][\/et_pb_column][\/et_pb_row][\/et_pb_section]<\/p>\n","protected":false},"excerpt":{"rendered":"<p>Le TerritoireLa Communaut\u00e9 de Communes Sundgau est le r\u00e9sultat d&rsquo;une fusion de 5 structures intercommunales : les Communaut\u00e9s de Communes d\u2019Altkirch, du Jura Alsacien, d\u2019Ill et Gersbach, du Secteur d\u2019Illfurth et de la Vall\u00e9e de Hundsbach.[wpseo_breadcrumb]Pr\u00e9sentation du TerritoireLa Communaut\u00e9 de Communes Sundgau est le fruit du rassemblement des Communaut\u00e9s de Communes d\u2019Altkirch, du Jura Alsacien, [&hellip;]<\/p>\n","protected":false},"author":1,"featured_media":0,"parent":987521575,"menu_order":0,"comment_status":"closed","ping_status":"closed","template":"","meta":{"_acf_changed":false,"_et_pb_use_builder":"on","_et_pb_old_content":"","_et_gb_content_width":"","footnotes":""},"class_list":["post-987521577","page","type-page","status-publish","hentry"],"acf":[],"_links":{"self":[{"href":"https:\/\/www.auctavia.fr\/aucta21\/wp-json\/wp\/v2\/pages\/987521577","targetHints":{"allow":["GET"]}}],"collection":[{"href":"https:\/\/www.auctavia.fr\/aucta21\/wp-json\/wp\/v2\/pages"}],"about":[{"href":"https:\/\/www.auctavia.fr\/aucta21\/wp-json\/wp\/v2\/types\/page"}],"author":[{"embeddable":true,"href":"https:\/\/www.auctavia.fr\/aucta21\/wp-json\/wp\/v2\/users\/1"}],"replies":[{"embeddable":true,"href":"https:\/\/www.auctavia.fr\/aucta21\/wp-json\/wp\/v2\/comments?post=987521577"}],"version-history":[{"count":15,"href":"https:\/\/www.auctavia.fr\/aucta21\/wp-json\/wp\/v2\/pages\/987521577\/revisions"}],"predecessor-version":[{"id":987528676,"href":"https:\/\/www.auctavia.fr\/aucta21\/wp-json\/wp\/v2\/pages\/987521577\/revisions\/987528676"}],"up":[{"embeddable":true,"href":"https:\/\/www.auctavia.fr\/aucta21\/wp-json\/wp\/v2\/pages\/987521575"}],"wp:attachment":[{"href":"https:\/\/www.auctavia.fr\/aucta21\/wp-json\/wp\/v2\/media?parent=987521577"}],"curies":[{"name":"wp","href":"https:\/\/api.w.org\/{rel}","templated":true}]}}